{"id":2540,"date":"2026-03-23T10:35:27","date_gmt":"2026-03-23T10:35:27","guid":{"rendered":"https:\/\/moulindecharrier.com\/willkommen-beim-radfahren\/"},"modified":"2026-04-28T13:37:04","modified_gmt":"2026-04-28T13:37:04","slug":"willkommen-beim-radfahren","status":"publish","type":"page","link":"https:\/\/moulindecharrier.com\/de\/willkommen-beim-radfahren\/","title":{"rendered":"Willkommen beim Radfahren"},"content":{"rendered":"<p>[et_pb_section fb_built=&#8220;1&#8243; _builder_version=&#8220;4.27.6&#8243; _module_preset=&#8220;default&#8220; background_color=&#8220;#edf0df&#8220; custom_margin=&#8220;||||false|false&#8220; custom_padding=&#8220;||0px||false|false&#8220; global_colors_info=&#8220;{}&#8220;][et_pb_row _builder_version=&#8220;4.27.6&#8243; _module_preset=&#8220;default&#8220; global_colors_info=&#8220;{}&#8220;][et_pb_column type=&#8220;4_4&#8243; _builder_version=&#8220;4.27.6&#8243; _module_preset=&#8220;default&#8220; global_colors_info=&#8220;{}&#8220;][et_pb_heading title=&#8220;Ard\u00e8che mit dem Fahrrad&#8220; _builder_version=&#8220;4.27.6&#8243; _module_preset=&#8220;default&#8220; title_font=&#8220;|||on|||||&#8220; title_text_align=&#8220;center&#8220; title_text_color=&#8220;#363836&#8243; title_font_size=&#8220;60px&#8220; hover_enabled=&#8220;0&#8243; global_colors_info=&#8220;{}&#8220; title_font_size_last_edited=&#8220;on|desktop&#8220; sticky_enabled=&#8220;0&#8243; title_font_size_phone=&#8220;47px&#8220; title_font_size_tablet=&#8220;60px&#8220;][\/et_pb_heading][et_pb_text _builder_version=&#8220;4.27.6&#8243; _module_preset=&#8220;default&#8220; text_font=&#8220;&#8211;et_global_body_font|600||on|||||&#8220; text_text_color=&#8220;#17181a&#8220; text_font_size=&#8220;25px&#8220; text_letter_spacing=&#8220;2px&#8220; text_orientation=&#8220;center&#8220; hover_enabled=&#8220;0&#8243; global_colors_info=&#8220;{}&#8220; sticky_enabled=&#8220;0&#8243; text_font_size_last_edited=&#8220;on|phone&#8220; text_font_size_phone=&#8220;22px&#8220; text_font_size_tablet=&#8220;25px&#8220;]<\/p>\n<p>Einzigartige Strecken f\u00fcr jeden Fahrradgenuss in der Ard\u00e8che<\/p>\n<p>[\/et_pb_text][et_pb_text _builder_version=&#8220;4.27.6&#8243; _module_preset=&#8220;default&#8220; text_font=&#8220;&#8211;et_global_body_font|500|||||||&#8220; text_text_color=&#8220;#17181a&#8220; text_orientation=&#8220;center&#8220; global_colors_info=&#8220;{}&#8220;]<\/p>\n<p><a href=\"http:\/\/www.ardeche-a-velo.com\/\" target=\"_blank\" rel=\"noopener\" title=\"Ard\u00e8che mit dem Fahrrad\">Die Ard\u00e8che mit dem Fahrrad <\/a>bedeutet auch, auf <a href=\"https:\/\/www.ardeche-guide.com\/voies-douces-d-ardeche\" target=\"_blank\" rel=\"noopener\">gesicherten Radwegen<\/a> zu fahren \u2014 mit der <a href=\"https:\/\/via-ardeche.fr\/\" target=\"_blank\" rel=\"noopener\">Via Ard\u00e8che<\/a>, der <a href=\"https:\/\/www.viarhona.com\/\" target=\"_blank\" rel=\"noopener\">ViaRh\u00f4na<\/a> oder der <a href=\"https:\/\/via-ardeche.fr\/\" target=\"_blank\" rel=\"noopener\">Dolce Via<\/a>. Oder sich einer sportlichen Herausforderung auf dem Mountainbike stellen, auf <a href=\"https:\/\/carte.ardeche-guide.com\/parcours\/vtt-a-assistance-electrique\/920d018f-f3ae-4b6c-ac49-a54d7d68e077\/grande-traversee-de-lardeche-vtt-variante-de-depart-etape-1-de-tournon-sur-rhone-a-saint-felicien\" target=\"_blank\" rel=\"noopener\">der Grande Travers\u00e9e de l&#8217;Ard\u00e8che VTT <\/a>oder einer der ber\u00fchmten Strecken der Ard\u00e9choise. <\/p>\n<p>F\u00fcr die entspannteren Fahrer gibt es Tagestouren auf kleinen Landstra\u00dfen mit unseren d<a href=\"https:\/\/carte.ardeche-guide.com\/parcours\/velo-a-assistance-electrique\/4e1fac7c-b81f-4d11-80d6-5344b0888dbc\/vallees-chataignes-et-volcans\" target=\"_blank\" rel=\"noopener\">\u00e9partementalen E-Bike-Rundkursen<\/a>\u2026<\/p>\n<p>Jeder kann, ob f\u00fcr ein Wochenende, einen Tag oder einen mehrt\u00e4gigen Ausflug, gem\u00fctlich Rad fahren und dabei eine Badepause oder <a href=\"https:\/\/www.goutezlardeche.fr\/piquenique\/\" target=\"_blank\" rel=\"noopener\">ein Picknick \u2014 Go\u00fbter l&#8217;Ard\u00e8che<\/a> \u2014 genie\u00dfen!<\/p>\n<p>Das Moulin de Charrier liegt in Labastide-sur-Besorgues und befindet sich ideal an den Strecken <a href=\"https:\/\/drive.google.com\/file\/d\/13faB0xgV90udZkgrkCQ5zM9bpAaGhpLg\/view\" target=\"_blank\" rel=\"noopener\">des ber\u00fchmten Radrennens,<\/a> das 1992 ins Leben gerufen wurde und jedes Jahr mehr als 14 000 Radfahrer und zahlreiche Freiwillige zusammenbringt.<\/p>\n<p>[\/et_pb_text][et_pb_button button_url=&#8220;https:\/\/www.francevelotourisme.com\/accueil-velo&#8220; url_new_window=&#8220;on&#8220; button_text=&#8220;Unser Fahrrad-Service&#8220; button_alignment=&#8220;center&#8220; _builder_version=&#8220;4.27.6&#8243; _module_preset=&#8220;default&#8220; custom_button=&#8220;on&#8220; button_text_color=&#8220;#FFFFFF&#8220; button_bg_color=&#8220;#c24f2e&#8220; button_border_width=&#8220;11px&#8220; button_border_color=&#8220;#c24f2e&#8220; button_border_radius=&#8220;3px&#8220; button_font=&#8220;|600|||||||&#8220; button_use_icon=&#8220;off&#8220; background_layout=&#8220;dark&#8220; global_colors_info=&#8220;{}&#8220; button_bg_color__hover=&#8220;#b73d00&#8243; button_bg_color__hover_enabled=&#8220;on|hover&#8220; button_border_color__hover=&#8220;#b73d00&#8243; button_border_color__hover_enabled=&#8220;on|hover&#8220;][\/et_pb_button][\/et_pb_column][\/et_pb_row][\/et_pb_section][et_pb_section fb_built=&#8220;1&#8243; disabled_on=&#8220;on|off|off&#8220; _builder_version=&#8220;4.27.6&#8243; _module_preset=&#8220;default&#8220; background_color=&#8220;RGBA(255,255,255,0)&#8220; z_index=&#8220;1&#8243; custom_margin=&#8220;-300px||-300px|200px|false|false&#8220; custom_margin_tablet=&#8220;250px||-200px|-80px|false|false&#8220; custom_margin_phone=&#8220;250px||-200px|-80px|false|false&#8220; custom_margin_last_edited=&#8220;on|phone&#8220; custom_padding=&#8220;||||false|false&#8220; scroll_vertical_motion_enable=&#8220;on&#8220; scroll_vertical_motion=&#8220;0|11|11|100|0|0|-0.5&#8243; scroll_fade_enable=&#8220;on&#8220; scroll_fade=&#8220;0|75|75|100|0|100|100&#8243; motion_trigger_start=&#8220;bottom&#8220; global_colors_info=&#8220;{}&#8220;][et_pb_row _builder_version=&#8220;4.27.6&#8243; _module_preset=&#8220;default&#8220; module_alignment=&#8220;left&#8220; global_colors_info=&#8220;{}&#8220;][et_pb_column type=&#8220;4_4&#8243; _builder_version=&#8220;4.27.6&#8243; _module_preset=&#8220;default&#8220; global_colors_info=&#8220;{}&#8220;][et_pb_image src=&#8220;https:\/\/moulindecharrier.com\/wp-content\/uploads\/2026\/03\/dessin-chataigne.png&#8220; alt=&#8220;Illustratin chataigne&#8220; title_text=&#8220;dessin-chataigne&#8220; disabled_on=&#8220;on|off|off&#8220; _builder_version=&#8220;4.27.6&#8243; _module_preset=&#8220;default&#8220; custom_margin=&#8220;||-200px||false|false&#8220; scroll_vertical_motion=&#8220;0|50|50|100|1|0|0&#8243; global_colors_info=&#8220;{}&#8220;][\/et_pb_image][\/et_pb_column][\/et_pb_row][\/et_pb_section][et_pb_section fb_built=&#8220;1&#8243; _builder_version=&#8220;4.27.6&#8243; _module_preset=&#8220;default&#8220; background_color=&#8220;#edf0df&#8220; custom_margin=&#8220;0px||0px||false|false&#8220; custom_padding=&#8220;0px||0px||false|false&#8220; global_module=&#8220;1470&#8243; saved_tabs=&#8220;all&#8220; global_colors_info=&#8220;{}&#8220;][et_pb_row _builder_version=&#8220;4.27.6&#8243; _module_preset=&#8220;default&#8220; global_colors_info=&#8220;{}&#8220;][et_pb_column type=&#8220;4_4&#8243; _builder_version=&#8220;4.27.6&#8243; _module_preset=&#8220;default&#8220; global_colors_info=&#8220;{}&#8220;][et_pb_image src=&#8220;https:\/\/moulindecharrier.com\/wp-content\/uploads\/2026\/03\/photo-veloardeche.jpg&#8220; alt=&#8220;Ard\u00e8che mit dem Fahrrad&#8220; title_text=&#8220;photo-velo-ardeche&#8220; align=&#8220;center&#8220; _builder_version=&#8220;4.27.6&#8243; _module_preset=&#8220;default&#8220; width=&#8220;100%&#8220; max_width=&#8220;100%&#8220; scroll_fade_enable=&#8220;on&#8220; scroll_fade=&#8220;0|75|75|100|0|100|100&#8243; global_colors_info=&#8220;{}&#8220;][\/et_pb_image][\/et_pb_column][\/et_pb_row][\/et_pb_section][et_pb_section fb_built=&#8220;1&#8243; module_class=&#8220;accueil-velo&#8220; _builder_version=&#8220;4.27.6&#8243; _module_preset=&#8220;default&#8220; custom_margin=&#8220;0px||||false|false&#8220; custom_padding=&#8220;0px||||false|false&#8220; global_module=&#8220;1468&#8243; saved_tabs=&#8220;all&#8220; global_colors_info=&#8220;{}&#8220;][et_pb_row column_structure=&#8220;1_2,1_2&#8243; _builder_version=&#8220;4.27.6&#8243; _module_preset=&#8220;default&#8220; custom_margin=&#8220;0px||||false|false&#8220; custom_padding=&#8220;0px||||false|false&#8220; custom_css_free_form=&#8220;\/* Section accueil v\u00e9lo *\/||.accueil-velo {||  background-color: #edf0df !important;||  padding-top: 60px !important;||  padding-bottom: 60px !important;||}||||.accueil-velo ul {||  list-style: none !important;||  padding-left: 0 !important;||}||||.accueil-velo ul li {||  padding-left: 24px !important;||  position: relative !important;||  margin-bottom: 12px !important;||  font-family: &#8218;Raleway&#8216;, sans-serif !important;||  font-weight: medium;||  font-size: 19px !important;||  color: #444444 !important;||  line-height: 1.5 !important;||}||||\/* Fl\u00e8che devant chaque item *\/||.accueil-velo ul li:before {||  content: &#8218;\u2192&#8216; !important;||  position: absolute !important;||  left: 0 !important;||  color: #3d5a47 !important;||}||||@media (max-width: 767px) {||  .accueil-velo .et_pb_row {||    flex-direction: column !important;||  }||||  .accueil-velo .et_pb_column {||    width: 100% !important;||    margin-bottom: 20px !important;||  }||}&#8220; global_colors_info=&#8220;{}&#8220;][et_pb_column type=&#8220;1_2&#8243; _builder_version=&#8220;4.27.6&#8243; _module_preset=&#8220;default&#8220; global_colors_info=&#8220;{}&#8220;][et_pb_text _builder_version=&#8220;4.27.6&#8243; _module_preset=&#8220;default&#8220; global_colors_info=&#8220;{}&#8220;]<\/p>\n<p><strong>WIR BIETEN IHNEN EINEN PERS\u00d6NLICHEN FAHRRAD-EMPFANG<\/strong><\/p>\n<ul>\n<li>Ein erfrischendes Bad in der Besorgues, um Ihre Beine zu erholen<\/li>\n<li>Eine auf Ihre sportlichen Bed\u00fcrfnisse abgestimmte Mahlzeit, zubereitet mit Bio- und\/oder lokalen Produkten<\/li>\n<li>Ein bequemes Bett zur Erholung (5 Zimmer, 1 Paillotte, 1 Wohnwagen: max. 22 Schlafpl\u00e4tze) oder die M\u00f6glichkeit, im Zelt zu biwakieren<\/li>\n<li>Ein reichhaltiges Fr\u00fchst\u00fcck aus eigener Herstellung, bei Bedarf fr\u00fch serviert<\/li>\n<\/ul>\n<p>[\/et_pb_text][\/et_pb_column][et_pb_column type=&#8220;1_2&#8243; _builder_version=&#8220;4.27.6&#8243; _module_preset=&#8220;default&#8220; global_colors_info=&#8220;{}&#8220;][et_pb_text _builder_version=&#8220;4.27.6&#8243; _module_preset=&#8220;default&#8220; global_colors_info=&#8220;{}&#8220;]<\/p>\n<ul>\n<li>Eine frei zug\u00e4ngliche K\u00fcche<\/li>\n<li>Ein ard\u00e9chesischer Picknickkorb<\/li>\n<li>\n<\/li>\n<li>Eine Entspannungsecke zur Vorbereitung Ihrer Ausfl\u00fcge<\/li>\n<li>Informationen und Tipps auf Anfrage<\/li>\n<li>Eine Waschmaschine und ein W\u00e4schetrockner<\/li>\n<li>Ein gesicherter Abstellraum und eine Waschstation<\/li>\n<li>Ein Reparaturset<\/li>\n<li>Steckdosen zum Aufladen der E-Bike-Akkus<\/li>\n<\/ul>\n<p>[\/et_pb_text][\/et_pb_column][\/et_pb_row][\/et_pb_section][et_pb_section fb_built=&#8220;1&#8243; module_class=&#8220;section-hebergements&#8220; _builder_version=&#8220;4.27.6&#8243; _module_preset=&#8220;default&#8220; background_color=&#8220;#c7ccad&#8220; height=&#8220;380px&#8220; custom_margin=&#8220;||0px||false|false&#8220; custom_padding=&#8220;80px||0px||false|false&#8220; hover_enabled=&#8220;0&#8243; global_module=&#8220;1999&#8243; saved_tabs=&#8220;all&#8220; global_colors_info=&#8220;{}&#8220; custom_padding_last_edited=&#8220;on|phone&#8220; sticky_enabled=&#8220;0&#8243; custom_padding_phone=&#8220;50px||||false|false&#8220; custom_padding_tablet=&#8220;80px||0px||false|false&#8220;][et_pb_row _builder_version=&#8220;4.27.6&#8243; _module_preset=&#8220;default&#8220; module_alignment=&#8220;center&#8220; custom_margin=&#8220;||50px||false|false&#8220; global_colors_info=&#8220;{}&#8220;][et_pb_column type=&#8220;4_4&#8243; _builder_version=&#8220;4.27.6&#8243; _module_preset=&#8220;default&#8220; global_colors_info=&#8220;{}&#8220;][et_pb_heading title=&#8220;Unsere Unterk\u00fcnfte&#8220; _builder_version=&#8220;4.27.6&#8243; _module_preset=&#8220;default&#8220; title_level=&#8220;h2&#8243; title_text_align=&#8220;center&#8220; title_text_color=&#8220;#FFFFFF&#8220; module_alignment=&#8220;center&#8220; custom_margin=&#8220;||0px||false|false&#8220; hover_enabled=&#8220;0&#8243; title_font_size_tablet=&#8220;&#8220; title_font_size_phone=&#8220;38px&#8220; title_font_size_last_edited=&#8220;on|phone&#8220; global_colors_info=&#8220;{}&#8220; sticky_enabled=&#8220;0&#8243; custom_padding=&#8220;||0px||false|false&#8220;][\/et_pb_heading][\/et_pb_column][\/et_pb_row][et_pb_row column_structure=&#8220;1_4,1_4,1_4,1_4&#8243; use_custom_gutter=&#8220;on&#8220; gutter_width=&#8220;2&#8243; make_equal=&#8220;on&#8220; module_class=&#8220;hebergements&#8220; _builder_version=&#8220;4.27.6&#8243; _module_preset=&#8220;default&#8220; module_alignment=&#8220;center&#8220; min_height=&#8220;439px&#8220; height=&#8220;439px&#8220; max_height=&#8220;439px&#8220; custom_margin=&#8220;||||false|false&#8220; custom_padding=&#8220;||450px||false|false&#8220; scroll_fade_enable=&#8220;on&#8220; scroll_fade=&#8220;0|12|12|30|0|100|100&#8243; hover_enabled=&#8220;0&#8243; custom_css_main_element=&#8220;margin-bottom: -80px;||position: relative;||z-index: 10;&#8220; global_colors_info=&#8220;{}&#8220; sticky_enabled=&#8220;0&#8243;][et_pb_column type=&#8220;1_4&#8243; _builder_version=&#8220;4.27.6&#8243; _module_preset=&#8220;default&#8220; global_colors_info=&#8220;{}&#8220;][et_pb_blurb title=&#8220;Das Gruppenhaus&#8220; alt=&#8220;Das Gruppenhaus der Moulin de Charrier&#8220; _builder_version=&#8220;4.27.6&#8243; _dynamic_attributes=&#8220;link_option_url&#8220; _module_preset=&#8220;default&#8220; background_image=&#8220;https:\/\/moulindecharrier.com\/wp-content\/uploads\/2026\/03\/photo-hebergement-gitedegroupe.jpg&#8220; link_option_url=&#8220;@ET-DC@eyJkeW5hbWljIjp0cnVlLCJjb250ZW50IjoicG9zdF9saW5rX3VybF9wYWdlIiwic2V0dGluZ3MiOnsicG9zdF9pZCI6IjgxOCJ9fQ==@&#8220; border_style_all_image=&#8220;none&#8220; global_colors_info=&#8220;{}&#8220;]<\/p>\n<p>Ein Bereich von 160 m\u00b2 auf 2 Etagen in einer gesch\u00fctzten Umgebung.<\/p>\n<p>[\/et_pb_blurb][\/et_pb_column][et_pb_column type=&#8220;1_4&#8243; _builder_version=&#8220;4.27.6&#8243; _module_preset=&#8220;default&#8220; global_colors_info=&#8220;{}&#8220;][et_pb_blurb title=&#8220;Die G\u00e4stezimmer&#8220; alt=&#8220;Die G\u00e4stezimmer der Moulin de Charrier&#8220; _builder_version=&#8220;4.27.6&#8243; _dynamic_attributes=&#8220;link_option_url&#8220; _module_preset=&#8220;default&#8220; background_image=&#8220;https:\/\/moulindecharrier.com\/wp-content\/uploads\/2026\/03\/photo-hebergement-chambredhote.jpg&#8220; link_option_url=&#8220;@ET-DC@eyJkeW5hbWljIjp0cnVlLCJjb250ZW50IjoicG9zdF9saW5rX3VybF9wYWdlIiwic2V0dGluZ3MiOnsicG9zdF9pZCI6IjExODAifX0=@&#8220; border_style_all_image=&#8220;none&#8220; global_colors_info=&#8220;{}&#8220;]<\/p>\n<p>Komfortabel und individuell gestaltet, jeweils mit eigener Dusche ausgestattet.<\/p>\n<p>[\/et_pb_blurb][\/et_pb_column][et_pb_column type=&#8220;1_4&#8243; _builder_version=&#8220;4.27.6&#8243; _module_preset=&#8220;default&#8220; global_colors_info=&#8220;{}&#8220;][et_pb_blurb title=&#8220;Die H\u00fctte&#8220; alt=&#8220;Die H\u00fctte der Moulin de Charrier&#8220; _builder_version=&#8220;4.27.6&#8243; _dynamic_attributes=&#8220;link_option_url&#8220; _module_preset=&#8220;default&#8220; use_background_color_gradient=&#8220;on&#8220; background_color_gradient_stops=&#8220;rgba(0,0,0,0) 0%|rgba(0,0,0,0.82) 99%&#8220; background_image=&#8220;https:\/\/moulindecharrier.com\/wp-content\/uploads\/2026\/03\/photo-hebergement-paillote.jpg&#8220; link_option_url=&#8220;@ET-DC@eyJkeW5hbWljIjp0cnVlLCJjb250ZW50IjoicG9zdF9saW5rX3VybF9wYWdlIiwic2V0dGluZ3MiOnsicG9zdF9pZCI6IjExNjAifX0=@&#8220; global_colors_info=&#8220;{}&#8220;]<\/p>\n<p>Mit einer Fl\u00e4che von 25 m\u00b2, auf einer Terrasse und mitten im Gr\u00fcnen gelegen.<\/p>\n<p>[\/et_pb_blurb][\/et_pb_column][et_pb_column type=&#8220;1_4&#8243; _builder_version=&#8220;4.27.6&#8243; _module_preset=&#8220;default&#8220; global_colors_info=&#8220;{}&#8220;][et_pb_blurb title=&#8220;Der Campingplatz&#8220; alt=&#8220;Die H\u00fctte der Moulin de Charrier&#8220; _builder_version=&#8220;4.27.6&#8243; _dynamic_attributes=&#8220;link_option_url&#8220; _module_preset=&#8220;default&#8220; use_background_color_gradient=&#8220;on&#8220; background_color_gradient_stops=&#8220;rgba(0,0,0,0) 0%|rgba(0,0,0,0.82) 99%&#8220; background_image=&#8220;https:\/\/moulindecharrier.com\/wp-content\/uploads\/2026\/03\/photo-hebergement-camping-1.jpg&#8220; link_option_url=&#8220;@ET-DC@eyJkeW5hbWljIjp0cnVlLCJjb250ZW50IjoicG9zdF9saW5rX3VybF9wYWdlIiwic2V0dGluZ3MiOnsicG9zdF9pZCI6IjEyNzkifX0=@&#8220; global_colors_info=&#8220;{}&#8220;]<\/p>\n<p><span>Ein schattiger Naturplatz auf einem Hektar direkt am Flussufer.<\/span><\/p>\n<p>[\/et_pb_blurb][\/et_pb_column][\/et_pb_row][\/et_pb_section][et_pb_section fb_built=&#8220;1&#8243; _builder_version=&#8220;4.27.6&#8243; _module_preset=&#8220;default&#8220; background_color=&#8220;RGBA(255,255,255,0)&#8220; custom_margin=&#8220;300px||||false|false&#8220; custom_margin_tablet=&#8220;1500px||||false|false&#8220; custom_margin_phone=&#8220;1520px||||false|false&#8220; custom_margin_last_edited=&#8220;on|phone&#8220; hover_enabled=&#8220;0&#8243; global_colors_info=&#8220;{}&#8220; sticky_enabled=&#8220;0&#8243;][et_pb_row _builder_version=&#8220;4.27.6&#8243; _module_preset=&#8220;default&#8220; global_colors_info=&#8220;{}&#8220;][et_pb_column type=&#8220;4_4&#8243; _builder_version=&#8220;4.27.6&#8243; _module_preset=&#8220;default&#8220; global_colors_info=&#8220;{}&#8220;][\/et_pb_column][\/et_pb_row][\/et_pb_section]<\/p>\n","protected":false},"excerpt":{"rendered":"<p>Einzigartige Strecken f\u00fcr jeden Fahrradgenuss in der Ard\u00e8cheDie Ard\u00e8che mit dem Fahrrad bedeutet auch, auf gesicherten Radwegen zu fahren \u2014 mit der Via Ard\u00e8che, der ViaRh\u00f4na oder der Dolce Via. Oder sich einer sportlichen Herausforderung auf dem Mountainbike stellen, auf der Grande Travers\u00e9e de l&#8217;Ard\u00e8che VTT oder einer der ber\u00fchmten Strecken der Ard\u00e9choise. F\u00fcr die [&hellip;]<\/p>\n","protected":false},"author":1,"featured_media":0,"parent":0,"menu_order":0,"comment_status":"closed","ping_status":"closed","template":"","meta":{"_et_pb_use_builder":"on","_et_pb_old_content":"","_et_gb_content_width":"","footnotes":""},"class_list":["post-2540","page","type-page","status-publish","hentry"],"_links":{"self":[{"href":"https:\/\/moulindecharrier.com\/de\/wp-json\/wp\/v2\/pages\/2540","targetHints":{"allow":["GET"]}}],"collection":[{"href":"https:\/\/moulindecharrier.com\/de\/wp-json\/wp\/v2\/pages"}],"about":[{"href":"https:\/\/moulindecharrier.com\/de\/wp-json\/wp\/v2\/types\/page"}],"author":[{"embeddable":true,"href":"https:\/\/moulindecharrier.com\/de\/wp-json\/wp\/v2\/users\/1"}],"replies":[{"embeddable":true,"href":"https:\/\/moulindecharrier.com\/de\/wp-json\/wp\/v2\/comments?post=2540"}],"version-history":[{"count":3,"href":"https:\/\/moulindecharrier.com\/de\/wp-json\/wp\/v2\/pages\/2540\/revisions"}],"predecessor-version":[{"id":3166,"href":"https:\/\/moulindecharrier.com\/de\/wp-json\/wp\/v2\/pages\/2540\/revisions\/3166"}],"wp:attachment":[{"href":"https:\/\/moulindecharrier.com\/de\/wp-json\/wp\/v2\/media?parent=2540"}],"curies":[{"name":"wp","href":"https:\/\/api.w.org\/{rel}","templated":true}]}}