{"id":2559,"date":"2026-04-09T14:20:13","date_gmt":"2026-04-09T14:20:13","guid":{"rendered":"https:\/\/moulindecharrier.com\/festsaal\/"},"modified":"2026-04-28T13:46:01","modified_gmt":"2026-04-28T13:46:01","slug":"festsaal","status":"publish","type":"page","link":"https:\/\/moulindecharrier.com\/de\/festsaal\/","title":{"rendered":"Festsaal"},"content":{"rendered":"<p>[et_pb_section fb_built=&#8220;1&#8243; _builder_version=&#8220;4.27.6&#8243; _module_preset=&#8220;default&#8220; background_color=&#8220;#edf0df&#8220; custom_margin=&#8220;||||false|false&#8220; custom_padding=&#8220;||0px||false|false&#8220; global_colors_info=&#8220;{}&#8220;][et_pb_row _builder_version=&#8220;4.27.6&#8243; _module_preset=&#8220;default&#8220; width=&#8220;47%&#8220; width_tablet=&#8220;88%&#8220; width_phone=&#8220;91%&#8220; width_last_edited=&#8220;on|phone&#8220; global_colors_info=&#8220;{}&#8220;][et_pb_column type=&#8220;4_4&#8243; _builder_version=&#8220;4.27.6&#8243; _module_preset=&#8220;default&#8220; global_colors_info=&#8220;{}&#8220;][et_pb_heading title=&#8220;Festsaal&#8220; _builder_version=&#8220;4.27.6&#8243; _module_preset=&#8220;default&#8220; title_font=&#8220;|||on|||||&#8220; title_text_align=&#8220;center&#8220; title_text_color=&#8220;#363836&#8243; title_font_size=&#8220;60px&#8220; hover_enabled=&#8220;0&#8243; global_colors_info=&#8220;{}&#8220; title_font_size_last_edited=&#8220;on|phone&#8220; sticky_enabled=&#8220;0&#8243; title_font_size_phone=&#8220;47px&#8220; title_font_size_tablet=&#8220;60px&#8220;][\/et_pb_heading][et_pb_text _builder_version=&#8220;4.27.6&#8243; _module_preset=&#8220;default&#8220; text_font=&#8220;&#8211;et_global_body_font|500|||||||&#8220; text_text_color=&#8220;#17181a&#8220; text_orientation=&#8220;center&#8220; global_colors_info=&#8220;{}&#8220;]<\/p>\n<div class=\"row\">\n<div class=\"col-md-4\">\n<p>Der Moulin de Charrier bietet Ihnen einen frei nutzbaren Veranstaltungsbereich, der aus Folgendem besteht :<br \/><strong>einer Profik\u00fcche, <\/strong><strong>einem Speisesaal f\u00fcr 50 Sitzpl\u00e4tze oder bis zu 70 Personen beim Stehempfang, <\/strong><strong>einer Terrasse<\/strong>, ideal f\u00fcr den Aperitif.<a href=\"https:\/\/www.moulindecharrier.com\/wp-content\/uploads\/2025\/09\/salle-a-louer-02.jpg\"><\/a><\/p>\n<\/div>\n<\/div>\n<div class=\"row\">\n<div class=\"col-md-4\">\n<p>Unser Gel\u00e4nde eignet sich hervorragend f\u00fcr Familienfeiern oder Feste mit Freunden (Hochzeit, Geburtstag, Taufe, Junggesellen- oder Junggesellinnenabschied, Rallye\u2026), ebenso f\u00fcr Empf\u00e4nge und Vereinsessen.<\/p>\n<p>Der Speisesaal, im Stil der M\u00fchle von 1840 erbaut, die er verl\u00e4ngert, liegt oberhalb der Besorgues. Dank seiner vollst\u00e4ndigen Verglasung entsteht das Gef\u00fchl, mitten in der Natur zu sitzen. <\/p>\n<p>Bei sch\u00f6nem Wetter k\u00f6nnen Sie die Terrasse in einer unber\u00fchrten Naturkulisse nutzen.<\/p>\n<\/div>\n<\/div>\n<p>[\/et_pb_text][et_pb_button button_url=&#8220;&lt;!&#8211;&#91;CDATA&#91;https:\/\/moulindecharrier.com\/wp-content\/uploads\/2026\/04\/plaquette-location-salle.pdf&#93;&#93;&#8211;&gt;&#8220; url_new_window=&#8220;on&#8220; button_text=&#8220;Brosch\u00fcre ansehen&#8220; button_alignment=&#8220;center&#8220; _builder_version=&#8220;4.27.6&#8243; _module_preset=&#8220;default&#8220; custom_button=&#8220;on&#8220; button_bg_color=&#8220;#c24f2e&#8220; button_border_width=&#8220;11px&#8220; button_border_color=&#8220;#c24f2e&#8220; button_font=&#8220;&#8211;et_global_body_font|600|||||||&#8220; button_use_icon=&#8220;off&#8220; background_layout=&#8220;dark&#8220; global_colors_info=&#8220;{}&#8220; button_bg_color__hover_enabled=&#8220;on|hover&#8220; button_bg_color__hover=&#8220;#b73d00&#8243; button_bg_enable_color__hover=&#8220;on&#8220; button_border_color__hover_enabled=&#8220;on|hover&#8220; button_border_color__hover=&#8220;#b73d00&#8243;][\/et_pb_button][\/et_pb_column][\/et_pb_row][\/et_pb_section][et_pb_section fb_built=&#8220;1&#8243; _builder_version=&#8220;4.27.6&#8243; _module_preset=&#8220;default&#8220; background_color=&#8220;#edf0df&#8220; custom_margin=&#8220;0px||0px||false|false&#8220; custom_padding=&#8220;0px||0px||false|false&#8220; global_colors_info=&#8220;{}&#8220;][et_pb_row _builder_version=&#8220;4.27.6&#8243; _module_preset=&#8220;default&#8220; global_colors_info=&#8220;{}&#8220;][et_pb_column type=&#8220;4_4&#8243; _builder_version=&#8220;4.27.6&#8243; _module_preset=&#8220;default&#8220; global_colors_info=&#8220;{}&#8220;][et_pb_gallery gallery_ids=&#8220;2560,2561,2562,2563,2564,2565,2566,2567&#8243; fullwidth=&#8220;on&#8220; module_class=&#8220;galerie-sites&#8220; _builder_version=&#8220;4.27.6&#8243; _module_preset=&#8220;default&#8220; global_colors_info=&#8220;{}&#8220;][\/et_pb_gallery][\/et_pb_column][\/et_pb_row][\/et_pb_section][et_pb_section fb_built=&#8220;1&#8243; module_class=&#8220;accueil-velo&#8220; _builder_version=&#8220;4.27.6&#8243; _module_preset=&#8220;default&#8220; custom_margin=&#8220;0px||||false|false&#8220; custom_padding=&#8220;0px||||false|false&#8220; global_colors_info=&#8220;{}&#8220;][et_pb_row _builder_version=&#8220;4.27.6&#8243; _module_preset=&#8220;default&#8220; hover_enabled=&#8220;0&#8243; global_colors_info=&#8220;{}&#8220; sticky_enabled=&#8220;0&#8243; custom_margin=&#8220;0px||||false|false&#8220; custom_padding=&#8220;0px||||false|false&#8220;][et_pb_column type=&#8220;4_4&#8243; _builder_version=&#8220;4.27.6&#8243; _module_preset=&#8220;default&#8220; global_colors_info=&#8220;{}&#8220;][et_pb_heading title=&#8220;Die Profik\u00fcche&#8220; _builder_version=&#8220;4.27.6&#8243; _module_preset=&#8220;default&#8220; title_level=&#8220;h2&#8243; title_text_color=&#8220;#363836&#8243; title_font_size=&#8220;41px&#8220; hover_enabled=&#8220;0&#8243; global_colors_info=&#8220;{}&#8220; sticky_enabled=&#8220;0&#8243;][\/et_pb_heading][\/et_pb_column][\/et_pb_row][et_pb_row column_structure=&#8220;1_2,1_2&#8243; _builder_version=&#8220;4.27.6&#8243; _module_preset=&#8220;default&#8220; custom_margin=&#8220;0px||0px||false|false&#8220; custom_margin_tablet=&#8220;0px||0px||false|false&#8220; custom_margin_phone=&#8220;0px||0px||false|false&#8220; custom_margin_last_edited=&#8220;on|phone&#8220; custom_padding=&#8220;0px||0px||false|false&#8220; hover_enabled=&#8220;0&#8243; custom_css_free_form=&#8220;\/* Section accueil v\u00e9lo *\/||.accueil-velo {||  background-color: #edf0df !important;||  padding-top: 60px !important;||  padding-bottom: 60px !important;||}||||.accueil-velo ul {||  list-style: none !important;||  padding-left: 0 !important;||}||||.accueil-velo ul li {||  padding-left: 24px !important;||  position: relative !important;||  margin-bottom: 12px !important;||  font-family: &#8218;Raleway&#8216;, sans-serif !important;||  font-weight: medium;||  font-size: 19px !important;||  color: #444444 !important;||  line-height: 1.5 !important;||}||||\/* Fl\u00e8che devant chaque item *\/||.accueil-velo ul li:before {||  content: &#8218;\u2192&#8216; !important;||  position: absolute !important;||  left: 0 !important;||  color: #3d5a47 !important;||}||||@media (max-width: 767px) {||  .accueil-velo .et_pb_row {||    flex-direction: column !important;||  }||||  .accueil-velo .et_pb_column {||    width: 100% !important;||    margin-bottom: 20px !important;||  }||}&#8220; global_colors_info=&#8220;{}&#8220; sticky_enabled=&#8220;0&#8243;][et_pb_column type=&#8220;1_2&#8243; _builder_version=&#8220;4.27.6&#8243; _module_preset=&#8220;default&#8220; custom_padding=&#8220;||0px||false|false&#8220; global_colors_info=&#8220;{}&#8220;][et_pb_text _builder_version=&#8220;4.27.6&#8243; _module_preset=&#8220;default&#8220; custom_margin=&#8220;||0px||false|false&#8220; custom_padding=&#8220;||0px||false|false&#8220; hover_enabled=&#8220;0&#8243; global_colors_info=&#8220;{}&#8220; sticky_enabled=&#8220;0&#8243;]<\/p>\n<p><strong>Die f\u00fcr 50 Personen ausgestattete K\u00fcche bietet:<\/strong><\/p>\n<ul>\n<li>1 professionellen Geschirrsp\u00fcler (Reinigungsmittel inklusive)<\/li>\n<li>1 Waschmaschine<\/li>\n<li>1 6-flammigen Gasherd<\/li>\n<li>1 Gasofen<\/li>\n<li>1 Elektrobackofen<\/li>\n<\/ul>\n<p>[\/et_pb_text][\/et_pb_column][et_pb_column type=&#8220;1_2&#8243; _builder_version=&#8220;4.27.6&#8243; _module_preset=&#8220;default&#8220; custom_padding=&#8220;0px||||false|false&#8220; global_colors_info=&#8220;{}&#8220;][et_pb_text _builder_version=&#8220;4.27.6&#8243; _module_preset=&#8220;default&#8220; custom_margin=&#8220;0px||0px||true|false&#8220; global_colors_info=&#8220;{}&#8220;]<\/p>\n<ul>\n<li>1 Minibackofen<\/li>\n<li>1 Mikrowelle<\/li>\n<li>3 gro\u00dfe K\u00fchlschr\u00e4nke<\/li>\n<li>1 Gefrierschrank<\/li>\n<li>1 Aufschnittmaschine<\/li>\n<\/ul>\n<p>[\/et_pb_text][\/et_pb_column][\/et_pb_row][et_pb_row _builder_version=&#8220;4.27.6&#8243; _module_preset=&#8220;default&#8220; custom_margin_tablet=&#8220;&#8220; custom_margin_phone=&#8220;0px||0px||false|false&#8220; custom_margin_last_edited=&#8220;on|phone&#8220; custom_padding=&#8220;0px||0px||false|false&#8220; global_colors_info=&#8220;{}&#8220;][et_pb_column type=&#8220;4_4&#8243; _builder_version=&#8220;4.27.6&#8243; _module_preset=&#8220;default&#8220; global_colors_info=&#8220;{}&#8220;][et_pb_text _builder_version=&#8220;4.27.6&#8243; _module_preset=&#8220;default&#8220; global_colors_info=&#8220;{}&#8220;]<\/p>\n<p><span>Auf Wunsch stellen wir Ihnen die Liste der lokalen Produzenten unserer Region zur Verf\u00fcgung. So k\u00f6nnen Sie Ihre G\u00e4ste mit einer K\u00fcche \u00fcberraschen, die \u00fcberwiegend aus lokalen, gesunden und nat\u00fcrlichen Produkten der Haute C\u00e9venne Ard\u00e9choise zubereitet wird. <\/span><\/p>\n<p>[\/et_pb_text][\/et_pb_column][\/et_pb_row][et_pb_row column_structure=&#8220;1_2,1_2&#8243; _builder_version=&#8220;4.27.6&#8243; _module_preset=&#8220;default&#8220; custom_margin=&#8220;||||false|false&#8220; custom_margin_tablet=&#8220;||||false|false&#8220; custom_margin_phone=&#8220;0px||0px||false|false&#8220; custom_margin_last_edited=&#8220;on|phone&#8220; custom_padding=&#8220;0px||0px||false|false&#8220; custom_css_free_form=&#8220;\/* Section accueil v\u00e9lo *\/||.accueil-velo {||  background-color: #edf0df !important;||  padding-top: 60px !important;||  padding-bottom: 60px !important;||}||||.accueil-velo ul {||  list-style: none !important;||  padding-left: 0 !important;||}||||.accueil-velo ul li {||  padding-left: 24px !important;||  position: relative !important;||  margin-bottom: 12px !important;||  font-family: &#8218;Raleway&#8216;, sans-serif !important;||  font-weight: medium;||  font-size: 19px !important;||  color: #444444 !important;||  line-height: 1.5 !important;||}||||\/* Fl\u00e8che devant chaque item *\/||.accueil-velo ul li:before {||  content: &#8218;\u2192&#8216; !important;||  position: absolute !important;||  left: 0 !important;||  color: #3d5a47 !important;||}||||@media (max-width: 767px) {||  .accueil-velo .et_pb_row {||    flex-direction: column !important;||  }||||  .accueil-velo .et_pb_column {||    width: 100% !important;||    margin-bottom: 20px !important;||  }||}&#8220; global_colors_info=&#8220;{}&#8220;][et_pb_column type=&#8220;1_2&#8243; _builder_version=&#8220;4.27.6&#8243; _module_preset=&#8220;default&#8220; global_colors_info=&#8220;{}&#8220;][et_pb_text _builder_version=&#8220;4.27.6&#8243; _module_preset=&#8220;default&#8220; global_colors_info=&#8220;{}&#8220;]<\/p>\n<p><strong>Sie k\u00f6nnen Ihren G\u00e4sten folgende Spezialit\u00e4ten anbieten:<\/strong><\/p>\n<ul>\n<li>Castagnou, unseren lokalen Aperitif<\/li>\n<li>regionale Wurstwaren, Caillette und Ma\u00f4che<\/li>\n<li>Ziegenk\u00e4se aus der Ard\u00e8che<\/li>\n<li>Kastanien in all ihren Variationen: als Creme, Konfit\u00fcre, Lik\u00f6r oder Eis<\/li>\n<\/ul>\n<p>[\/et_pb_text][\/et_pb_column][et_pb_column type=&#8220;1_2&#8243; _builder_version=&#8220;4.27.6&#8243; _module_preset=&#8220;default&#8220; global_colors_info=&#8220;{}&#8220;][et_pb_text _builder_version=&#8220;4.27.6&#8243; _module_preset=&#8220;default&#8220; global_colors_info=&#8220;{}&#8220;]<\/p>\n<ul>\n<li>Blaubeertarte (im August)<\/li>\n<li>Eis und Sorbets aus der Ard\u00e8che<\/li>\n<li>Holzofenbrot aus der \u201cPetite Boulange\u201c, mit Natursauerteig hergestellt<\/li>\n<\/ul>\n<p>[\/et_pb_text][et_pb_image src=&#8220;https:\/\/moulindecharrier.com\/wp-content\/uploads\/2026\/04\/dessin-orchidees.png&#8220; alt=&#8220;Illustration orchidees &#8211; Le moulin de Charrier&#8220; title_text=&#8220;dessin-orchidees&#8220; disabled_on=&#8220;on|on|off&#8220; _builder_version=&#8220;4.27.6&#8243; _module_preset=&#8220;default&#8220; custom_margin=&#8220;||-300px|200px|false|false&#8220; scroll_vertical_motion_enable=&#8220;on&#8220; scroll_vertical_motion=&#8220;0|11|11|100|0|0|-0.5&#8243; scroll_fade_enable=&#8220;on&#8220; scroll_fade=&#8220;0|75|75|100|0|100|100&#8243; global_colors_info=&#8220;{}&#8220;][\/et_pb_image][\/et_pb_column][\/et_pb_row][et_pb_row _builder_version=&#8220;4.27.6&#8243; _module_preset=&#8220;default&#8220; custom_margin=&#8220;0px||||false|false&#8220; custom_padding=&#8220;0px||||false|false&#8220; global_colors_info=&#8220;{}&#8220;][et_pb_column type=&#8220;4_4&#8243; _builder_version=&#8220;4.27.6&#8243; _module_preset=&#8220;default&#8220; global_colors_info=&#8220;{}&#8220;][et_pb_text _builder_version=&#8220;4.27.6&#8243; _module_preset=&#8220;default&#8220; custom_margin=&#8220;0px||||false|false&#8220; custom_padding=&#8220;0px||||false|false&#8220; global_colors_info=&#8220;{}&#8220;]<\/p>\n<div class=\"col-md-12\">F\u00fcr Ihren Aufenthalt stehen Ihnen Unterk\u00fcnfte im <a title=\"Das Gruppenhaus\" href=\"https:\/\/www.moulindecharrier.com\/gite-de-groupe\/\">Gruppenhaus<\/a>, in der H\u00fctte oder auf dem <a title=\"Der Campingplatz\" href=\"https:\/\/www.moulindecharrier.com\/camping\/\">Campingplatz<\/a> zur Verf\u00fcgung.<\/div>\n<div class=\"row\">\n<div class=\"col-md-12\"><\/div>\n<\/div>\n<div class=\"row salletop\">\n<div class=\"col-md-8\">\n<p>Hier sind einige Dienstleister, die wir Ihnen empfehlen:<\/p>\n<ul>\n<li><span>Verleih von Bankett- und Empfangsausstattung: <a href=\"https:\/\/www.jani-solution.fr\/\" target=\"_blank\" rel=\"noopener noreferrer\">Jani solution<\/a><\/span><\/li>\n<li><span>Florist: <a href=\"https:\/\/www.facebook.com\/CreatysFlor\/\" target=\"_blank\" rel=\"noopener noreferrer\">Cr\u00e9aty\u2019s Flor<\/a><\/span><\/li>\n<li>Catering:<span> <\/span><a href=\"https:\/\/www.l-apetille.com\/\" target=\"_blank\" rel=\"noopener noreferrer\">L\u2019Apetille<\/a><span> <\/span>\u2013<span> <\/span><a href=\"https:\/\/www.lesdessertsdegiulia.fr\/\" target=\"_blank\" rel=\"noopener noreferrer\">Les desserts de Giulia<\/a><span> <\/span>\u2013 <a href=\"https:\/\/letoucangourmand.fr\/\" target=\"_blank\" rel=\"noopener noreferrer\">Le Toucan Gourmand<\/a><\/li>\n<li>Fotograf:<span> <\/span><a href=\"https:\/\/estellethauvy.com\/\" target=\"_blank\" rel=\"noopener noreferrer\">Estelle Thauvy<\/a><\/li>\n<li>Babysitting vor Ort<\/li>\n<\/ul>\n<\/div>\n<\/div>\n<p>[\/et_pb_text][\/et_pb_column][\/et_pb_row][\/et_pb_section][et_pb_section fb_built=&#8220;1&#8243; _builder_version=&#8220;4.27.6&#8243; _module_preset=&#8220;default&#8220; background_color=&#8220;#334739&#8243; global_module=&#8220;1537&#8243; saved_tabs=&#8220;all&#8220; global_colors_info=&#8220;{}&#8220;][et_pb_row column_structure=&#8220;3_5,2_5&#8243; _builder_version=&#8220;4.27.6&#8243; _module_preset=&#8220;default&#8220; global_colors_info=&#8220;{}&#8220;][et_pb_column type=&#8220;3_5&#8243; _builder_version=&#8220;4.27.6&#8243; _module_preset=&#8220;default&#8220; global_colors_info=&#8220;{}&#8220;][et_pb_heading title=&#8220;Preis f\u00fcr den Festsaal&#8220; _builder_version=&#8220;4.27.6&#8243; _module_preset=&#8220;default&#8220; title_level=&#8220;h2&#8243; title_text_color=&#8220;#edf0df&#8220; title_font_size=&#8220;41px&#8220; global_colors_info=&#8220;{}&#8220;][\/et_pb_heading][et_pb_text _builder_version=&#8220;4.27.6&#8243; _module_preset=&#8220;default&#8220; text_text_color=&#8220;#edf0df&#8220; global_colors_info=&#8220;{}&#8220;]<\/p>\n<table border=\"0\" style=\"width: 100%; border-collapse: collapse; border-style: solid; float: left;\">\n<tbody>\n<tr>\n<td style=\"width: 50%;\"><span>1\/2 Tag (Abend)<\/span><\/td>\n<td style=\"width: 50%;\"><span>300 \u20ac<\/span><\/td>\n<\/tr>\n<tr>\n<td style=\"width: 50%;\"><span>1 Nacht \/ 2 Tage<\/span><\/td>\n<td style=\"width: 50%;\"><span>700 \u20ac<\/span><\/td>\n<\/tr>\n<tr>\n<td style=\"width: 50%;\"><span>Reinigungspaket Festsaal\/K\u00fcche<\/span><\/td>\n<td style=\"width: 50%;\"><span>250 \u20ac<\/span><\/td>\n<\/tr>\n<tr>\n<td style=\"width: 50%;\"><span>Sonntagsbrunch<\/span><br \/><span>(frisches Gem\u00fcse, regionale und\/oder biologische Produkte)<\/span><span><br \/><\/span><\/td>\n<td style=\"width: 50%;\"><span>25 \u20ac \/ person<br \/>10 \u20ac \/ Kind unter 10 Jahren<\/span><\/td>\n<\/tr>\n<\/tbody>\n<\/table>\n<p>&nbsp;<\/p>\n<p>[\/et_pb_text][\/et_pb_column][et_pb_column type=&#8220;2_5&#8243; _builder_version=&#8220;4.27.6&#8243; _module_preset=&#8220;default&#8220; global_colors_info=&#8220;{}&#8220;][et_pb_blurb title=&#8220;pre reservation&#8220; alt=&#8220;Illustration papillon&#8220; _builder_version=&#8220;4.27.6&#8243; _module_preset=&#8220;default&#8220; header_font=&#8220;&#8211;et_global_heading_font|300||on|||||&#8220; header_text_color=&#8220;#334739&#8243; header_font_size=&#8220;33px&#8220; body_text_color=&#8220;#334739&#8243; body_font_size=&#8220;20px&#8220; background_color=&#8220;#edf0df&#8220; background_enable_image=&#8220;off&#8220; parallax=&#8220;on&#8220; background_blend=&#8220;saturation&#8220; custom_margin=&#8220;||||true|false&#8220; custom_padding=&#8220;40px|40px|40px|40px|true|true&#8220; box_shadow_style=&#8220;preset1&#8243; box_shadow_blur=&#8220;3px&#8220; global_colors_info=&#8220;{}&#8220;]<\/p>\n<p>Bitte f\u00fcllen Sie das Formular hier aus.<\/p>\n<p>[\/et_pb_blurb][\/et_pb_column][\/et_pb_row][\/et_pb_section][et_pb_section fb_built=&#8220;1&#8243; custom_padding_last_edited=&#8220;on|phone&#8220; module_class=&#8220;section-hebergements&#8220; _builder_version=&#8220;4.27.6&#8243; _module_preset=&#8220;default&#8220; background_color=&#8220;#c7ccad&#8220; height=&#8220;380px&#8220; custom_margin=&#8220;||0px||false|false&#8220; custom_padding=&#8220;80px||0px||false|false&#8220; global_module=&#8220;1999&#8243; saved_tabs=&#8220;all&#8220; global_colors_info=&#8220;{}&#8220; custom_padding_tablet=&#8220;80px||0px||false|false&#8220; custom_padding_phone=&#8220;80px||0px||false|false&#8220;][et_pb_row _builder_version=&#8220;4.27.6&#8243; _module_preset=&#8220;default&#8220; module_alignment=&#8220;center&#8220; custom_margin=&#8220;||50px||false|false&#8220; global_colors_info=&#8220;{}&#8220;][et_pb_column type=&#8220;4_4&#8243; _builder_version=&#8220;4.27.6&#8243; _module_preset=&#8220;default&#8220; global_colors_info=&#8220;{}&#8220;][et_pb_heading title=&#8220;Unsere Unterk\u00fcnfte&#8220; _builder_version=&#8220;4.27.6&#8243; _module_preset=&#8220;default&#8220; title_level=&#8220;h2&#8243; title_text_align=&#8220;center&#8220; title_text_color=&#8220;#FFFFFF&#8220; module_alignment=&#8220;center&#8220; custom_margin=&#8220;||0px||false|false&#8220; custom_padding=&#8220;||0px||false|false&#8220; title_font_size_tablet=&#8220;&#8220; title_font_size_phone=&#8220;38px&#8220; title_font_size_last_edited=&#8220;on|phone&#8220; global_colors_info=&#8220;{}&#8220;][\/et_pb_heading][\/et_pb_column][\/et_pb_row][et_pb_row column_structure=&#8220;1_4,1_4,1_4,1_4&#8243; use_custom_gutter=&#8220;on&#8220; gutter_width=&#8220;2&#8243; make_equal=&#8220;on&#8220; module_class=&#8220;hebergements&#8220; _builder_version=&#8220;4.27.6&#8243; _module_preset=&#8220;default&#8220; module_alignment=&#8220;center&#8220; min_height=&#8220;439px&#8220; height=&#8220;439px&#8220; max_height=&#8220;439px&#8220; custom_margin=&#8220;||||false|false&#8220; custom_padding=&#8220;||450px||false|false&#8220; scroll_fade_enable=&#8220;on&#8220; scroll_fade=&#8220;0|12|12|30|0|100|100&#8243; custom_css_main_element=&#8220;margin-bottom: -80px;||position: relative;||z-index: 10;&#8220; global_colors_info=&#8220;{}&#8220;][et_pb_column type=&#8220;1_4&#8243; _builder_version=&#8220;4.27.6&#8243; _module_preset=&#8220;default&#8220; global_colors_info=&#8220;{}&#8220;][et_pb_blurb title=&#8220;Das Gruppenhaus&#8220; alt=&#8220;Das Gruppenhaus der Moulin de Charrier&#8220; _builder_version=&#8220;4.27.6&#8243; _dynamic_attributes=&#8220;link_option_url&#8220; _module_preset=&#8220;default&#8220; background_image=&#8220;https:\/\/moulindecharrier.com\/wp-content\/uploads\/2026\/03\/photo-hebergement-gitedegroupe.jpg&#8220; link_option_url=&#8220;@ET-DC@eyJkeW5hbWljIjp0cnVlLCJjb250ZW50IjoicG9zdF9saW5rX3VybF9wYWdlIiwic2V0dGluZ3MiOnsicG9zdF9pZCI6IjgxOCJ9fQ==@&#8220; border_style_all_image=&#8220;none&#8220; global_colors_info=&#8220;{}&#8220;]<\/p>\n<p>Ein Bereich von 160 m\u00b2 auf 2 Etagen in einer gesch\u00fctzten Umgebung.<\/p>\n<p>[\/et_pb_blurb][\/et_pb_column][et_pb_column type=&#8220;1_4&#8243; _builder_version=&#8220;4.27.6&#8243; _module_preset=&#8220;default&#8220; global_colors_info=&#8220;{}&#8220;][et_pb_blurb title=&#8220;Die G\u00e4stezimmer&#8220; alt=&#8220;Die G\u00e4stezimmer der Moulin de Charrier&#8220; _builder_version=&#8220;4.27.6&#8243; _dynamic_attributes=&#8220;link_option_url&#8220; _module_preset=&#8220;default&#8220; background_image=&#8220;https:\/\/moulindecharrier.com\/wp-content\/uploads\/2026\/03\/photo-hebergement-chambredhote.jpg&#8220; link_option_url=&#8220;@ET-DC@eyJkeW5hbWljIjp0cnVlLCJjb250ZW50IjoicG9zdF9saW5rX3VybF9wYWdlIiwic2V0dGluZ3MiOnsicG9zdF9pZCI6IjExODAifX0=@&#8220; border_style_all_image=&#8220;none&#8220; global_colors_info=&#8220;{}&#8220;]<\/p>\n<p>Komfortabel und individuell gestaltet, jeweils mit eigener Dusche ausgestattet.<\/p>\n<p>[\/et_pb_blurb][\/et_pb_column][et_pb_column type=&#8220;1_4&#8243; _builder_version=&#8220;4.27.6&#8243; _module_preset=&#8220;default&#8220; global_colors_info=&#8220;{}&#8220;][et_pb_blurb title=&#8220;Die H\u00fctte&#8220; alt=&#8220;Die H\u00fctte der Moulin de Charrier&#8220; _builder_version=&#8220;4.27.6&#8243; _dynamic_attributes=&#8220;link_option_url&#8220; _module_preset=&#8220;default&#8220; use_background_color_gradient=&#8220;on&#8220; background_color_gradient_stops=&#8220;rgba(0,0,0,0) 0%|rgba(0,0,0,0.82) 99%&#8220; background_image=&#8220;https:\/\/moulindecharrier.com\/wp-content\/uploads\/2026\/03\/photo-hebergement-paillote.jpg&#8220; link_option_url=&#8220;@ET-DC@eyJkeW5hbWljIjp0cnVlLCJjb250ZW50IjoicG9zdF9saW5rX3VybF9wYWdlIiwic2V0dGluZ3MiOnsicG9zdF9pZCI6IjExNjAifX0=@&#8220; global_colors_info=&#8220;{}&#8220;]<\/p>\n<p>Mit einer Fl\u00e4che von 25 m\u00b2, auf einer Terrasse und mitten im Gr\u00fcnen gelegen.<\/p>\n<p>[\/et_pb_blurb][\/et_pb_column][et_pb_column type=&#8220;1_4&#8243; _builder_version=&#8220;4.27.6&#8243; _module_preset=&#8220;default&#8220; global_colors_info=&#8220;{}&#8220;][et_pb_blurb title=&#8220;Der Campingplatz&#8220; alt=&#8220;Die H\u00fctte der Moulin de Charrier&#8220; _builder_version=&#8220;4.27.6&#8243; _dynamic_attributes=&#8220;link_option_url&#8220; _module_preset=&#8220;default&#8220; use_background_color_gradient=&#8220;on&#8220; background_color_gradient_stops=&#8220;rgba(0,0,0,0) 0%|rgba(0,0,0,0.82) 99%&#8220; background_image=&#8220;https:\/\/moulindecharrier.com\/wp-content\/uploads\/2026\/03\/photo-hebergement-camping-1.jpg&#8220; link_option_url=&#8220;@ET-DC@eyJkeW5hbWljIjp0cnVlLCJjb250ZW50IjoicG9zdF9saW5rX3VybF9wYWdlIiwic2V0dGluZ3MiOnsicG9zdF9pZCI6IjEyNzkifX0=@&#8220; global_colors_info=&#8220;{}&#8220;]<\/p>\n<p><span>Ein schattiger Naturplatz auf einem Hektar direkt am Flussufer.<\/span><\/p>\n<p>[\/et_pb_blurb][\/et_pb_column][\/et_pb_row][\/et_pb_section][et_pb_section fb_built=&#8220;1&#8243; _builder_version=&#8220;4.27.6&#8243; _module_preset=&#8220;default&#8220; background_color=&#8220;RGBA(255,255,255,0)&#8220; custom_margin=&#8220;300px||||false|false&#8220; custom_margin_tablet=&#8220;1500px||||false|false&#8220; custom_margin_phone=&#8220;1500px||||false|false&#8220; custom_margin_last_edited=&#8220;on|phone&#8220; global_colors_info=&#8220;{}&#8220;][et_pb_row _builder_version=&#8220;4.27.6&#8243; _module_preset=&#8220;default&#8220; global_colors_info=&#8220;{}&#8220;][et_pb_column type=&#8220;4_4&#8243; _builder_version=&#8220;4.27.6&#8243; _module_preset=&#8220;default&#8220; global_colors_info=&#8220;{}&#8220;][\/et_pb_column][\/et_pb_row][\/et_pb_section]<\/p>\n","protected":false},"excerpt":{"rendered":"<p>Der Moulin de Charrier bietet Ihnen einen frei nutzbaren Veranstaltungsbereich, der aus Folgendem besteht :einer Profik\u00fcche, einem Speisesaal f\u00fcr 50 Sitzpl\u00e4tze oder bis zu 70 Personen beim Stehempfang, einer Terrasse, ideal f\u00fcr den Aperitif. Unser Gel\u00e4nde eignet sich hervorragend f\u00fcr Familienfeiern oder Feste mit Freunden (Hochzeit, Geburtstag, Taufe, Junggesellen- oder Junggesellinnenabschied, Rallye\u2026), ebenso f\u00fcr Empf\u00e4nge [&hellip;]<\/p>\n","protected":false},"author":1,"featured_media":0,"parent":0,"menu_order":0,"comment_status":"closed","ping_status":"closed","template":"","meta":{"_et_pb_use_builder":"on","_et_pb_old_content":"","_et_gb_content_width":"","footnotes":""},"class_list":["post-2559","page","type-page","status-publish","hentry"],"_links":{"self":[{"href":"https:\/\/moulindecharrier.com\/de\/wp-json\/wp\/v2\/pages\/2559","targetHints":{"allow":["GET"]}}],"collection":[{"href":"https:\/\/moulindecharrier.com\/de\/wp-json\/wp\/v2\/pages"}],"about":[{"href":"https:\/\/moulindecharrier.com\/de\/wp-json\/wp\/v2\/types\/page"}],"author":[{"embeddable":true,"href":"https:\/\/moulindecharrier.com\/de\/wp-json\/wp\/v2\/users\/1"}],"replies":[{"embeddable":true,"href":"https:\/\/moulindecharrier.com\/de\/wp-json\/wp\/v2\/comments?post=2559"}],"version-history":[{"count":6,"href":"https:\/\/moulindecharrier.com\/de\/wp-json\/wp\/v2\/pages\/2559\/revisions"}],"predecessor-version":[{"id":3180,"href":"https:\/\/moulindecharrier.com\/de\/wp-json\/wp\/v2\/pages\/2559\/revisions\/3180"}],"wp:attachment":[{"href":"https:\/\/moulindecharrier.com\/de\/wp-json\/wp\/v2\/media?parent=2559"}],"curies":[{"name":"wp","href":"https:\/\/api.w.org\/{rel}","templated":true}]}}