{"id":2637,"date":"2026-03-27T14:41:52","date_gmt":"2026-03-27T14:41:52","guid":{"rendered":"https:\/\/moulindecharrier.com\/unsere-geheimtipps\/"},"modified":"2026-04-28T13:55:57","modified_gmt":"2026-04-28T13:55:57","slug":"unsere-geheimtipps","status":"publish","type":"page","link":"https:\/\/moulindecharrier.com\/de\/unsere-geheimtipps\/","title":{"rendered":"Unsere Geheimtipps"},"content":{"rendered":"<p>[et_pb_section fb_built=&#8220;1&#8243; _builder_version=&#8220;4.27.6&#8243; _module_preset=&#8220;default&#8220; background_color=&#8220;#edf0df&#8220; global_colors_info=&#8220;{}&#8220;][et_pb_row _builder_version=&#8220;4.27.6&#8243; _module_preset=&#8220;default&#8220; global_colors_info=&#8220;{}&#8220;][et_pb_column type=&#8220;4_4&#8243; _builder_version=&#8220;4.27.6&#8243; _module_preset=&#8220;default&#8220; global_colors_info=&#8220;{}&#8220;][et_pb_heading title=&#8220;Unsere Geheimtipps&#8220; _builder_version=&#8220;4.27.6&#8243; _module_preset=&#8220;default&#8220; title_font=&#8220;|||on|||||&#8220; title_text_align=&#8220;center&#8220; title_text_color=&#8220;#363836&#8243; title_font_size=&#8220;60px&#8220; hover_enabled=&#8220;0&#8243; title_font_size_tablet=&#8220;60px&#8220; title_font_size_phone=&#8220;47px&#8220; title_font_size_last_edited=&#8220;on|tablet&#8220; global_colors_info=&#8220;{}&#8220; sticky_enabled=&#8220;0&#8243;][\/et_pb_heading][et_pb_text _builder_version=&#8220;4.27.6&#8243; _module_preset=&#8220;default&#8220; text_font=&#8220;&#8211;et_global_body_font|600||on|||||&#8220; text_text_color=&#8220;#17181a&#8220; text_font_size=&#8220;25px&#8220; text_letter_spacing=&#8220;2px&#8220; text_orientation=&#8220;center&#8220; hover_enabled=&#8220;0&#8243; global_colors_info=&#8220;{}&#8220; text_font_size_last_edited=&#8220;on|phone&#8220; sticky_enabled=&#8220;0&#8243; text_font_size_phone=&#8220;22px&#8220; text_font_size_tablet=&#8220;25px&#8220;]<\/p>\n<p>Auf Entdeckungsreise zu den Sch\u00e4tzen der Monts d&#8217;Ard\u00e8che<\/p>\n<p>[\/et_pb_text][et_pb_text _builder_version=&#8220;4.27.6&#8243; _module_preset=&#8220;default&#8220; text_font=&#8220;&#8211;et_global_body_font|500|||||||&#8220; text_text_color=&#8220;#17181a&#8220; text_orientation=&#8220;center&#8220; global_colors_info=&#8220;{}&#8220;]<\/p>\n<p>Im Herzen der Monts d&#8217;Ard\u00e8che ist Labastide-sur-Besorgues ein idealer Ausgangspunkt, um eine der wildesten und besterhaltenen Regionen S\u00fcdfrankreichs zu erkunden. Zwischen tief eingeschnittenen T\u00e4lern, alten Vulkanen, charaktervollen D\u00f6rfern und kristallklaren Fl\u00fcssen bietet die Umgebung eine gro\u00dfe Vielfalt an Landschaften und Erlebnissen, die in weniger als einer Autostunde zu entdecken sind. <\/p>\n<p>[\/et_pb_text][et_pb_button button_url=&#8220;&lt;!&#8211;&#91;CDATA&#91;https:\/\/www.aubenas-vals.com\/&#93;&#93;&#8211;&gt;&#8220; url_new_window=&#8220;on&#8220; button_text=&#8220;das lokale Tourismusb\u00fcro&#8220; button_alignment=&#8220;center&#8220; _builder_version=&#8220;4.27.6&#8243; _module_preset=&#8220;default&#8220; custom_button=&#8220;on&#8220; button_text_color=&#8220;#FFFFFF&#8220; button_bg_color=&#8220;#c24f2e&#8220; button_border_width=&#8220;11px&#8220; button_border_color=&#8220;#c24f2e&#8220; button_border_radius=&#8220;3px&#8220; button_font=&#8220;|600|||||||&#8220; button_use_icon=&#8220;off&#8220; background_layout=&#8220;dark&#8220; global_colors_info=&#8220;{}&#8220; button_bg_color__hover=&#8220;#b73d00&#8243; button_bg_color__hover_enabled=&#8220;on|hover&#8220; button_border_color__hover=&#8220;#b73d00&#8243; button_border_color__hover_enabled=&#8220;on|hover&#8220;][\/et_pb_button][\/et_pb_column][\/et_pb_row][\/et_pb_section][et_pb_section fb_built=&#8220;1&#8243; disabled_on=&#8220;on|off|off&#8220; _builder_version=&#8220;4.27.6&#8243; _module_preset=&#8220;default&#8220; background_color=&#8220;RGBA(255,255,255,0)&#8220; z_index=&#8220;1&#8243; custom_margin=&#8220;-150px||-200px||false|false&#8220; custom_margin_tablet=&#8220;250px||-200px|-80px|false|false&#8220; custom_margin_phone=&#8220;-200px||0px|-80px|false|false&#8220; custom_margin_last_edited=&#8220;off|desktop&#8220; custom_padding=&#8220;||||false|false&#8220; scroll_vertical_motion_enable=&#8220;on&#8220; scroll_vertical_motion=&#8220;0|11|11|100|0|0|-0.5&#8243; scroll_fade_enable=&#8220;on&#8220; scroll_fade=&#8220;0|75|75|100|0|100|100&#8243; motion_trigger_start=&#8220;bottom&#8220; global_colors_info=&#8220;{}&#8220;][et_pb_row _builder_version=&#8220;4.27.6&#8243; _module_preset=&#8220;default&#8220; module_alignment=&#8220;left&#8220; global_colors_info=&#8220;{}&#8220;][et_pb_column type=&#8220;4_4&#8243; _builder_version=&#8220;4.27.6&#8243; _module_preset=&#8220;default&#8220; global_colors_info=&#8220;{}&#8220;][et_pb_image src=&#8220;https:\/\/moulindecharrier.com\/wp-content\/uploads\/2026\/03\/dessin-chardon.png&#8220; alt=&#8220;Illustration chardon&#8220; title_text=&#8220;dessin-chardon&#8220; disabled_on=&#8220;on|off|off&#8220; _builder_version=&#8220;4.27.6&#8243; _module_preset=&#8220;default&#8220; custom_margin=&#8220;||-200px||false|false&#8220; scroll_vertical_motion=&#8220;0|50|50|100|1|0|0&#8243; global_colors_info=&#8220;{}&#8220;][\/et_pb_image][\/et_pb_column][\/et_pb_row][\/et_pb_section][et_pb_section fb_built=&#8220;1&#8243; disabled_on=&#8220;off|off|off&#8220; module_class=&#8220;section-menu-lateral&#8220; _builder_version=&#8220;4.27.6&#8243; _module_preset=&#8220;default&#8220; global_module=&#8220;542&#8243; saved_tabs=&#8220;all&#8220; global_colors_info=&#8220;{}&#8220;][\/et_pb_section][et_pb_section fb_built=&#8220;1&#8243; custom_padding_last_edited=&#8220;off|phone&#8220; _builder_version=&#8220;4.27.6&#8243; _module_preset=&#8220;default&#8220; background_color=&#8220;#edf0df&#8220; custom_margin=&#8220;0px||0px||false|false&#8220; custom_margin_phone=&#8220;0px||||false|false&#8220; custom_margin_last_edited=&#8220;off|phone&#8220; custom_padding=&#8220;0px||0px||false|false&#8220; hover_enabled=&#8220;0&#8243; global_colors_info=&#8220;{}&#8220; sticky_enabled=&#8220;0&#8243;][et_pb_row _builder_version=&#8220;4.27.6&#8243; _module_preset=&#8220;default&#8220; hover_enabled=&#8220;0&#8243; global_colors_info=&#8220;{}&#8220; max_width=&#8220;100%&#8220; sticky_enabled=&#8220;0&#8243;][et_pb_column type=&#8220;4_4&#8243; _builder_version=&#8220;4.27.6&#8243; _module_preset=&#8220;default&#8220; global_colors_info=&#8220;{}&#8220;][et_pb_gallery gallery_ids=&#8220;2638,2639,2640,2641,2642&#8243; fullwidth=&#8220;on&#8220; module_class=&#8220;galerie-sites&#8220; _builder_version=&#8220;4.27.6&#8243; _module_preset=&#8220;default&#8220; width=&#8220;63%&#8220; module_alignment=&#8220;center&#8220; hover_enabled=&#8220;0&#8243; global_colors_info=&#8220;{}&#8220; width_last_edited=&#8220;on|phone&#8220; sticky_enabled=&#8220;0&#8243; width_phone=&#8220;100%&#8220; width_tablet=&#8220;63%&#8220;][\/et_pb_gallery][\/et_pb_column][\/et_pb_row][\/et_pb_section][et_pb_section fb_built=&#8220;1&#8243; module_class=&#8220;accueil-velo&#8220; _builder_version=&#8220;4.27.6&#8243; _module_preset=&#8220;default&#8220; custom_margin=&#8220;0px||||false|false&#8220; custom_padding=&#8220;0px||||false|false&#8220; global_colors_info=&#8220;{}&#8220;][et_pb_row column_structure=&#8220;1_2,1_2&#8243; _builder_version=&#8220;4.27.6&#8243; _module_preset=&#8220;default&#8220; custom_margin=&#8220;0px||||false|false&#8220; custom_padding=&#8220;0px||||false|false&#8220; custom_css_free_form=&#8220;\/* Section accueil v\u00e9lo *\/||.accueil-velo {||  background-color: #edf0df !important;||  padding-top: 60px !important;||  padding-bottom: 60px !important;||}||||.accueil-velo ul {||  list-style: none !important;||  padding-left: 0 !important;||}||||.accueil-velo ul li {||  padding-left: 24px !important;||  position: relative !important;||  margin-bottom: 12px !important;||  font-family: &#8218;Raleway&#8216;, sans-serif !important;||  font-weight: medium;||  font-size: 19px !important;||  color: #444444 !important;||  line-height: 1.5 !important;||}||||\/* Fl\u00e8che devant chaque item *\/||.accueil-velo ul li:before {||  content: &#8218;\u2192&#8216; !important;||  position: absolute !important;||  left: 0 !important;||  color: #3d5a47 !important;||}||||@media (max-width: 767px) {||  .accueil-velo .et_pb_row {||    flex-direction: column !important;||  }||||  .accueil-velo .et_pb_column {||    width: 100% !important;||    margin-bottom: 20px !important;||  }||}&#8220; global_colors_info=&#8220;{}&#8220;][et_pb_column type=&#8220;1_2&#8243; _builder_version=&#8220;4.27.6&#8243; _module_preset=&#8220;default&#8220; global_colors_info=&#8220;{}&#8220;][et_pb_text _builder_version=&#8220;4.27.6&#8243; _module_preset=&#8220;default&#8220; global_colors_info=&#8220;{}&#8220;]<\/p>\n<p><strong>MIT DEM AUTO ERREICHBAR<\/strong><\/p>\n<ul>\n<li><a href=\"https:\/\/sourcesvolcans.com\/tour-horloge-burzet\" target=\"_blank\" rel=\"noopener\">Dorf Burzet <\/a>und der Uhrenturm (15 Min.)<\/li>\n<li>Malerisches Dorf von Jean Ferrat: <a href=\"https:\/\/www.ardeche-guide.com\/decouvrir\/top-10-des-experiences-incontournables\/villages-caractere\/antraigues-sur-volane\/\" target=\"_blank\" rel=\"noopener\">Antra\u00efgues sur Volane <\/a>(18mn)<\/li>\n<li><a href=\"https:\/\/sourcesvolcans.com\/ecomusee-du-moulinage\" target=\"_blank\" rel=\"noopener\">\u00d6komuseum der Seidenspinnerei Chirols <\/a>(25 Min.)<\/li>\n<li><a href=\"https:\/\/www.thermesdevals.com\/\" target=\"_blank\" rel=\"noopener\">Thermalb\u00e4der von Vals-les-Bains <\/a>(25mn)<\/li>\n<li>Eselwanderung (\u00e0 30 mn) : <a href=\"https:\/\/lecoudoulet.fr\/bienvenue.html\" target=\"_blank\" rel=\"noopener\">Le Coudoulet <\/a> <\/li>\n<li><a href=\"https:\/\/lecoudoulet.fr\/bienvenue.html\" target=\"_blank\" rel=\"noopener\"><\/a><a href=\"https:\/\/www.ardeche-guide.com\/decouvrir\/top-10-des-lieux-a-%20%20explorer\/cascade-ray-pic\/\" target=\"_blank\" rel=\"noopener\">Wasserfall Ray-Pic<\/a> (30mn)<\/li>\n<li>Panoramablick \u2013 <a href=\"https:\/\/www.ardeche-guide.com\/nature\/vue-panoramique-table-dorientation-de-mezilhac-437580\/\" target=\"_blank\" rel=\"noopener\">Orientierungstafel M\u00e9zilhac<\/a> (30mn)<\/li>\n<li><a href=\"https:\/\/www.montagnedardeche.com\/mont-gerbier-de-jonc\/\" target=\"_blank\" rel=\"noopener\">Le Mont Gerbier des Joncs <\/a>(35mn)<br \/><a href=\"https:\/\/www.montagnedardeche.com\/mont-gerbier-de-jonc\/\" target=\"_blank\" p=\"\" rel=\"noopener\"><\/a><\/li>\n<li><a href=\"https:\/\/www.parc-monts-ardeche.fr\/geoparc-%20unesco\/decouvrir-le-geopark\/decouvrir-les-geosites\/les-jeunes-volcans-dardeche\/coupe-de-jaujac-et-%20sa-coulee-basaltique\/\" target=\"_blank\" rel=\"noopener\">Coupe de Jaujac und sein Basaltfluss<\/a> (35mn)<\/li>\n<\/ul>\n<p>[\/et_pb_text][\/et_pb_column][et_pb_column type=&#8220;1_2&#8243; _builder_version=&#8220;4.27.6&#8243; _module_preset=&#8220;default&#8220; global_colors_info=&#8220;{}&#8220;][et_pb_text _builder_version=&#8220;4.27.6&#8243; _module_preset=&#8220;default&#8220; global_colors_info=&#8220;{}&#8220;]<\/p>\n<ul>\n<li>Charakterdorf mit Sandsteinh\u00e4usern und mittelalterlicher Kirche : <a href=\"https:\/\/www.ardeche-guide.com\/decouvrir\/top-10-des-experiences-incontournables\/villages-%20caractere\/ailhon\/\" target=\"_blank\" rel=\"noopener\">Ailhon<\/a> (40mn)<\/li>\n<li>Die sch\u00f6nsten D\u00f6rfer Frankreichs : <a href=\"https:\/\/www.les-plus-beaux-villages-de-france.org\/fr\/nos-villages\/vogue\/\" target=\"_blank\" rel=\"noopener\">Vogu\u00eb<\/a> (45mn)<\/li>\n<li><a href=\"https:\/\/www.mezencloiremeygal.com\/\" target=\"_blank\" rel=\"noopener\">Dorf des Estables<\/a> (45mn)<\/li>\n<li>Mittelalterliches Charakterdorf: <a href=\"https:\/\/www.tourisme-valdeligne.fr\/decouvrir\/les-incontournables\/chassiers-village-de-caractere\/\" target=\"_blank\" rel=\"noopener\">Chassiers<\/a> (50mn)<\/li>\n<li><a href=\"https:\/\/www.aubenas-vals.com\/redecouvrir\/les-incontournables\/les-plus-beaux-sommets-de-lardeche-%20secrete\/ascension-du-rocher-de-faux-fay\/\" target=\"_blank\" rel=\"noopener\">Besteigung des Felsen Faux Fay <\/a>f\u00fcr einen atemberaubenden Blick auf(50mn)<\/li>\n<li>Die sch\u00f6nsten D\u00f6rfer Frankreichs: <a href=\"https:\/\/www.les-plus-beaux-villages-de-france.org\/fr\/nos-villages\/balazuc\/\" target=\"_blank\" rel=\"noopener\">Balazuc<\/a> (50mn)<\/li>\n<li><a href=\"https:\/\/www.montagnedardeche.com\/mont-mezenc\/\" target=\"_blank\" rel=\"noopener\">Le Mont M\u00e9zenc<\/a> (54mn)<\/li>\n<li>Reitwanderungen (55 Min.) : <a href=\"https:\/\/www.cheval-ardeche.fr\/\" target=\"_blank\" rel=\"noopener\">L&#8217;\u00c9peron<\/a><\/li>\n<\/ul>\n<p>[\/et_pb_text][\/et_pb_column][\/et_pb_row][\/et_pb_section][et_pb_section fb_built=&#8220;1&#8243; custom_padding_last_edited=&#8220;on|phone&#8220; module_class=&#8220;section-hebergements&#8220; _builder_version=&#8220;4.27.6&#8243; _module_preset=&#8220;default&#8220; background_color=&#8220;#c7ccad&#8220; height=&#8220;380px&#8220; custom_margin=&#8220;||0px||false|false&#8220; custom_padding=&#8220;80px||0px||false|false&#8220; global_module=&#8220;1999&#8243; saved_tabs=&#8220;all&#8220; global_colors_info=&#8220;{}&#8220; custom_padding_tablet=&#8220;80px||0px||false|false&#8220; custom_padding_phone=&#8220;80px||0px||false|false&#8220;][et_pb_row _builder_version=&#8220;4.27.6&#8243; _module_preset=&#8220;default&#8220; module_alignment=&#8220;center&#8220; custom_margin=&#8220;||50px||false|false&#8220; global_colors_info=&#8220;{}&#8220;][et_pb_column type=&#8220;4_4&#8243; _builder_version=&#8220;4.27.6&#8243; _module_preset=&#8220;default&#8220; global_colors_info=&#8220;{}&#8220;][et_pb_heading title=&#8220;Unsere Unterk\u00fcnfte&#8220; _builder_version=&#8220;4.27.6&#8243; _module_preset=&#8220;default&#8220; title_level=&#8220;h2&#8243; title_text_align=&#8220;center&#8220; title_text_color=&#8220;#FFFFFF&#8220; module_alignment=&#8220;center&#8220; custom_margin=&#8220;||0px||false|false&#8220; custom_padding=&#8220;||0px||false|false&#8220; title_font_size_tablet=&#8220;&#8220; title_font_size_phone=&#8220;38px&#8220; title_font_size_last_edited=&#8220;on|phone&#8220; global_colors_info=&#8220;{}&#8220;][\/et_pb_heading][\/et_pb_column][\/et_pb_row][et_pb_row column_structure=&#8220;1_4,1_4,1_4,1_4&#8243; use_custom_gutter=&#8220;on&#8220; gutter_width=&#8220;2&#8243; make_equal=&#8220;on&#8220; module_class=&#8220;hebergements&#8220; _builder_version=&#8220;4.27.6&#8243; _module_preset=&#8220;default&#8220; module_alignment=&#8220;center&#8220; min_height=&#8220;439px&#8220; height=&#8220;439px&#8220; max_height=&#8220;439px&#8220; custom_margin=&#8220;||||false|false&#8220; custom_padding=&#8220;||450px||false|false&#8220; scroll_fade_enable=&#8220;on&#8220; scroll_fade=&#8220;0|12|12|30|0|100|100&#8243; custom_css_main_element=&#8220;margin-bottom: -80px;||position: relative;||z-index: 10;&#8220; global_colors_info=&#8220;{}&#8220;][et_pb_column type=&#8220;1_4&#8243; _builder_version=&#8220;4.27.6&#8243; _module_preset=&#8220;default&#8220; global_colors_info=&#8220;{}&#8220;][et_pb_blurb title=&#8220;Das Gruppenhaus&#8220; alt=&#8220;Das Gruppenhaus der Moulin de Charrier&#8220; _builder_version=&#8220;4.27.6&#8243; _dynamic_attributes=&#8220;link_option_url&#8220; _module_preset=&#8220;default&#8220; background_image=&#8220;https:\/\/moulindecharrier.com\/wp-content\/uploads\/2026\/03\/photo-hebergement-gitedegroupe.jpg&#8220; link_option_url=&#8220;@ET-DC@eyJkeW5hbWljIjp0cnVlLCJjb250ZW50IjoicG9zdF9saW5rX3VybF9wYWdlIiwic2V0dGluZ3MiOnsicG9zdF9pZCI6IjgxOCJ9fQ==@&#8220; border_style_all_image=&#8220;none&#8220; global_colors_info=&#8220;{}&#8220;]<\/p>\n<p>Ein Bereich von 160 m\u00b2 auf 2 Etagen in einer gesch\u00fctzten Umgebung.<\/p>\n<p>[\/et_pb_blurb][\/et_pb_column][et_pb_column type=&#8220;1_4&#8243; _builder_version=&#8220;4.27.6&#8243; _module_preset=&#8220;default&#8220; global_colors_info=&#8220;{}&#8220;][et_pb_blurb title=&#8220;Die G\u00e4stezimmer&#8220; alt=&#8220;Die G\u00e4stezimmer der Moulin de Charrier&#8220; _builder_version=&#8220;4.27.6&#8243; _dynamic_attributes=&#8220;link_option_url&#8220; _module_preset=&#8220;default&#8220; background_image=&#8220;https:\/\/moulindecharrier.com\/wp-content\/uploads\/2026\/03\/photo-hebergement-chambredhote.jpg&#8220; link_option_url=&#8220;@ET-DC@eyJkeW5hbWljIjp0cnVlLCJjb250ZW50IjoicG9zdF9saW5rX3VybF9wYWdlIiwic2V0dGluZ3MiOnsicG9zdF9pZCI6IjExODAifX0=@&#8220; border_style_all_image=&#8220;none&#8220; global_colors_info=&#8220;{}&#8220;]<\/p>\n<p>Komfortabel und individuell gestaltet, jeweils mit eigener Dusche ausgestattet.<\/p>\n<p>[\/et_pb_blurb][\/et_pb_column][et_pb_column type=&#8220;1_4&#8243; _builder_version=&#8220;4.27.6&#8243; _module_preset=&#8220;default&#8220; global_colors_info=&#8220;{}&#8220;][et_pb_blurb title=&#8220;Die H\u00fctte&#8220; alt=&#8220;Die H\u00fctte der Moulin de Charrier&#8220; _builder_version=&#8220;4.27.6&#8243; _dynamic_attributes=&#8220;link_option_url&#8220; _module_preset=&#8220;default&#8220; use_background_color_gradient=&#8220;on&#8220; background_color_gradient_stops=&#8220;rgba(0,0,0,0) 0%|rgba(0,0,0,0.82) 99%&#8220; background_image=&#8220;https:\/\/moulindecharrier.com\/wp-content\/uploads\/2026\/03\/photo-hebergement-paillote.jpg&#8220; link_option_url=&#8220;@ET-DC@eyJkeW5hbWljIjp0cnVlLCJjb250ZW50IjoicG9zdF9saW5rX3VybF9wYWdlIiwic2V0dGluZ3MiOnsicG9zdF9pZCI6IjExNjAifX0=@&#8220; global_colors_info=&#8220;{}&#8220;]<\/p>\n<p>Mit einer Fl\u00e4che von 25 m\u00b2, auf einer Terrasse und mitten im Gr\u00fcnen gelegen.<\/p>\n<p>[\/et_pb_blurb][\/et_pb_column][et_pb_column type=&#8220;1_4&#8243; _builder_version=&#8220;4.27.6&#8243; _module_preset=&#8220;default&#8220; global_colors_info=&#8220;{}&#8220;][et_pb_blurb title=&#8220;Der Campingplatz&#8220; alt=&#8220;Die H\u00fctte der Moulin de Charrier&#8220; _builder_version=&#8220;4.27.6&#8243; _dynamic_attributes=&#8220;link_option_url&#8220; _module_preset=&#8220;default&#8220; use_background_color_gradient=&#8220;on&#8220; background_color_gradient_stops=&#8220;rgba(0,0,0,0) 0%|rgba(0,0,0,0.82) 99%&#8220; background_image=&#8220;https:\/\/moulindecharrier.com\/wp-content\/uploads\/2026\/03\/photo-hebergement-camping-1.jpg&#8220; link_option_url=&#8220;@ET-DC@eyJkeW5hbWljIjp0cnVlLCJjb250ZW50IjoicG9zdF9saW5rX3VybF9wYWdlIiwic2V0dGluZ3MiOnsicG9zdF9pZCI6IjEyNzkifX0=@&#8220; global_colors_info=&#8220;{}&#8220;]<\/p>\n<p><span>Ein schattiger Naturplatz auf einem Hektar direkt am Flussufer.<\/span><\/p>\n<p>[\/et_pb_blurb][\/et_pb_column][\/et_pb_row][\/et_pb_section][et_pb_section fb_built=&#8220;1&#8243; _builder_version=&#8220;4.27.6&#8243; _module_preset=&#8220;default&#8220; background_color=&#8220;RGBA(255,255,255,0)&#8220; custom_margin=&#8220;300px||||false|false&#8220; custom_margin_tablet=&#8220;1500px||||false|false&#8220; custom_margin_phone=&#8220;1500px||||false|false&#8220; custom_margin_last_edited=&#8220;on|phone&#8220; global_colors_info=&#8220;{}&#8220;][et_pb_row _builder_version=&#8220;4.27.6&#8243; _module_preset=&#8220;default&#8220; global_colors_info=&#8220;{}&#8220;][et_pb_column type=&#8220;4_4&#8243; _builder_version=&#8220;4.27.6&#8243; _module_preset=&#8220;default&#8220; global_colors_info=&#8220;{}&#8220;][\/et_pb_column][\/et_pb_row][\/et_pb_section]<\/p>\n","protected":false},"excerpt":{"rendered":"<p>Auf Entdeckungsreise zu den Sch\u00e4tzen der Monts d&#8217;Ard\u00e8cheIm Herzen der Monts d&#8217;Ard\u00e8che ist Labastide-sur-Besorgues ein idealer Ausgangspunkt, um eine der wildesten und besterhaltenen Regionen S\u00fcdfrankreichs zu erkunden. Zwischen tief eingeschnittenen T\u00e4lern, alten Vulkanen, charaktervollen D\u00f6rfern und kristallklaren Fl\u00fcssen bietet die Umgebung eine gro\u00dfe Vielfalt an Landschaften und Erlebnissen, die in weniger als einer Autostunde zu [&hellip;]<\/p>\n","protected":false},"author":1,"featured_media":0,"parent":0,"menu_order":0,"comment_status":"closed","ping_status":"closed","template":"","meta":{"_et_pb_use_builder":"on","_et_pb_old_content":"","_et_gb_content_width":"","footnotes":""},"class_list":["post-2637","page","type-page","status-publish","hentry"],"_links":{"self":[{"href":"https:\/\/moulindecharrier.com\/de\/wp-json\/wp\/v2\/pages\/2637","targetHints":{"allow":["GET"]}}],"collection":[{"href":"https:\/\/moulindecharrier.com\/de\/wp-json\/wp\/v2\/pages"}],"about":[{"href":"https:\/\/moulindecharrier.com\/de\/wp-json\/wp\/v2\/types\/page"}],"author":[{"embeddable":true,"href":"https:\/\/moulindecharrier.com\/de\/wp-json\/wp\/v2\/users\/1"}],"replies":[{"embeddable":true,"href":"https:\/\/moulindecharrier.com\/de\/wp-json\/wp\/v2\/comments?post=2637"}],"version-history":[{"count":6,"href":"https:\/\/moulindecharrier.com\/de\/wp-json\/wp\/v2\/pages\/2637\/revisions"}],"predecessor-version":[{"id":3203,"href":"https:\/\/moulindecharrier.com\/de\/wp-json\/wp\/v2\/pages\/2637\/revisions\/3203"}],"wp:attachment":[{"href":"https:\/\/moulindecharrier.com\/de\/wp-json\/wp\/v2\/media?parent=2637"}],"curies":[{"name":"wp","href":"https:\/\/api.w.org\/{rel}","templated":true}]}}