{"id":2646,"date":"2026-04-15T15:46:10","date_gmt":"2026-04-15T15:46:10","guid":{"rendered":"https:\/\/moulindecharrier.com\/impressum\/"},"modified":"2026-04-28T12:38:41","modified_gmt":"2026-04-28T12:38:41","slug":"impressum","status":"publish","type":"page","link":"https:\/\/moulindecharrier.com\/de\/impressum\/","title":{"rendered":"Impressum"},"content":{"rendered":"<p>[et_pb_section fb_built=&#8220;1&#8243; module_class=&#8220;section-menu-lateral&#8220; _builder_version=&#8220;4.27.6&#8243; _module_preset=&#8220;default&#8220; global_colors_info=&#8220;{}&#8220;][et_pb_row _builder_version=&#8220;4.27.6&#8243; _module_preset=&#8220;default&#8220; global_colors_info=&#8220;{}&#8220;][et_pb_column type=&#8220;4_4&#8243; _builder_version=&#8220;4.27.6&#8243; _module_preset=&#8220;default&#8220; global_colors_info=&#8220;{}&#8220;][et_pb_code _builder_version=&#8220;4.27.6&#8243; _module_preset=&#8220;default&#8220; global_colors_info=&#8220;{}&#8220;]<script><!-- [et_pb_line_break_holder] -->  var menuLateral = document.createElement('div');<!-- [et_pb_line_break_holder] -->  menuLateral.className = 'menu-lateral';<!-- [et_pb_line_break_holder] -->  menuLateral.innerHTML = `<!-- [et_pb_line_break_holder] -->    <a href=\"\/hebergements\">H\u00e9bergements<\/a><!-- [et_pb_line_break_holder] -->    <a href=\"https:\/\/moulindecharrier.com\/de\/auberge\/\">Auberge<\/a><!-- [et_pb_line_break_holder] -->    <a href=\"\/activites\">Activit\u00e9s<\/a><!-- [et_pb_line_break_holder] -->    <a href=\"https:\/\/moulindecharrier.com\/de\/kontakt\/\">Contact<\/a><!-- [et_pb_line_break_holder] -->  `;<!-- [et_pb_line_break_holder] -->  document.body.appendChild(menuLateral);<!-- [et_pb_line_break_holder] --><\/script>[\/et_pb_code][\/et_pb_column][\/et_pb_row][\/et_pb_section][et_pb_section fb_built=&#8220;1&#8243; _builder_version=&#8220;4.27.6&#8243; _module_preset=&#8220;default&#8220; background_color=&#8220;#edf0df&#8220; custom_margin=&#8220;||20px||false|false&#8220; custom_padding=&#8220;||80px||false|false&#8220; global_colors_info=&#8220;{}&#8220;][et_pb_row _builder_version=&#8220;4.27.6&#8243; _module_preset=&#8220;default&#8220; global_colors_info=&#8220;{}&#8220;][et_pb_column type=&#8220;4_4&#8243; _builder_version=&#8220;4.27.6&#8243; _module_preset=&#8220;default&#8220; global_colors_info=&#8220;{}&#8220;][et_pb_heading title=&#8220;Impressum&#8220; _builder_version=&#8220;4.27.6&#8243; _module_preset=&#8220;default&#8220; title_font=&#8220;|||on|||||&#8220; title_text_align=&#8220;center&#8220; title_text_color=&#8220;#363836&#8243; title_font_size=&#8220;60px&#8220; hover_enabled=&#8220;0&#8243; global_colors_info=&#8220;{}&#8220; title_font_size_last_edited=&#8220;on|phone&#8220; sticky_enabled=&#8220;0&#8243; title_font_size_phone=&#8220;47px&#8220; title_font_size_tablet=&#8220;60px&#8220;][\/et_pb_heading][et_pb_text _builder_version=&#8220;4.27.6&#8243; _module_preset=&#8220;default&#8220; text_font=&#8220;&#8211;et_global_body_font|500|||||||&#8220; text_text_color=&#8220;#17181a&#8220; text_orientation=&#8220;center&#8220; global_colors_info=&#8220;{}&#8220;]<\/p>\n<p><strong>1. Angaben zum Herausgeber<\/strong><br \/>SARL Domaine de Charrier <br \/>516 chemin du soulier, 07600 Labastide sur Besorgues <br \/>06 33 92 99 27 <br \/>moulindecharrier@gmail.com <br \/>102402245 RCS<\/p>\n<p><strong>2. Verantwortlicher f\u00fcr die Ver\u00f6ffentlichung<\/strong><br \/>Avenas Christophe<\/p>\n<p><strong>3. Hosting-Anbieter<\/strong><br \/>Infomaniak Network SA<br \/>Rue Eug\u00e8ne-Marziano, 25 CH \u2013 1227 Genf \u2013 Schweiz<\/p>\n<p><strong>4. Geistiges Eigentum<\/strong><br \/>Die auf dieser Website vorhandenen Fotografien, Illustrationen und Zeichnungen sind ausschlie\u00dfliches Eigentum von Christophe Avenas, Gesch\u00e4ftsf\u00fchrer der SARL Domaine de Charrier, sofern nicht anders angegeben. Jede Vervielf\u00e4ltigung, Darstellung, \u00c4nderung, Ver\u00f6ffentlichung, Anpassung oder Verwertung, ganz oder teilweise, der Inhalte der Website, gleich durch welches Mittel oder Verfahren, ist ohne vorherige schriftliche Genehmigung von Christophe Avenas untersagt. Der Nutzer verpflichtet sich, die Rechte des geistigen Eigentums des Website-Herausgebers nicht zu verletzen.<\/p>\n<p><strong>5. Schutz personenbezogener<\/strong><br \/>Daten Diese Website erhebt im Rahmen ihres Betriebs bestimmte personenbezogene Daten, insbesondere \u00fcber das Kontaktformular und die Besucherz\u00e4hlungstools.<\/p>\n<p><strong>6. Verantwortlicher f\u00fcr die Datenverarbeitung<\/strong><br \/>Die personenbezogenen Daten werden erhoben von Christophe Avenas, Gesch\u00e4ftsf\u00fchrer der SARL Domaine de Charrier, Verantwortlicher f\u00fcr die Datenverarbeitung. Kontakt: moulindecharrier@gmail.com Contact : <a href=\"mailto:moulindecharrier@gmail.com\">moulindecharrier@gmail.com<\/a><\/p>\n<p>7. Erhobene Daten<br \/>Die m\u00f6glicherweise erhobenen Daten umfassen:<br \/>Vor- und Nachname<br \/>E-Mail-Adresse<br \/>Telefonnummer<br \/>Postanschrift<br \/>Inhalt der \u00fcber das Formular gesendeten Nachricht<br \/>Navigationsdaten (\u00fcber Cookies)<\/p>\n<p><strong>8. Zweck der Datenerhebung<\/strong><br \/>Diese Daten werden erhoben, um:<br \/>Anfragen zu beantworten, die \u00fcber das Kontaktformular gesendet werden Buchungen oder Informationsanfragen bez\u00fcglich des G\u00eetes, des Campingplatzes oder des Gasthofs zu verwalten Die Besucherzahlen der Website zu messen und deren Funktionsweise zu verbessern<\/p>\n<p><strong>9. Verwendete Tools<\/strong><br \/>Die Website verwendet Google Analytics, einen Besuchsanalysedienst zur Messung der Besucherzahlen und der Nutzung der Website.<\/p>\n<p><strong>10. Aufbewahrungsdauer<\/strong><br \/>Personenbezogene Daten werden nur so lange aufbewahrt, wie es f\u00fcr die Bearbeitung der Anfragen und die Pflege der Beziehung zum Nutzer erforderlich ist, und maximal 1 Jahr.<\/p>\n<p><strong>11. Datenweitergabe<\/strong><br \/>Personenbezogene Daten werden weder verkauft noch an Dritte weitergegeben. Sie k\u00f6nnen von technischen Dienstleistern (Website-Hosting, Analysetools) im Einklang mit den geltenden Vorschriften verarbeitet werden.<\/p>\n<p><strong>12. Rechte der Nutzer<\/strong><br \/>Gem\u00e4\u00df der Datenschutz-Grundverordnung (DSGVO) haben Sie folgende Rechte:<br \/>Auskunftsrecht<br \/>Recht auf Berichtigung<br \/>Recht auf L\u00f6schung<br \/>Widerspruchsrecht<br \/>Recht auf Einschr\u00e4nkung der Verarbeitung<br \/>Sie k\u00f6nnen diese Rechte aus\u00fcben, indem Sie sich an <a href=\"mailto:moulindecharrier@gmail.com\">moulindecharrier@gmail.com<\/a> wenden.<\/p>\n<p><strong>13. Cookies<\/strong><br \/>Die Website verwendet Cookies, um die Nutzererfahrung zu verbessern und Besuchsstatistiken zu erstellen. Bei Ihrem ersten Besuch werden Sie \u00fcber die Verwendung dieser Cookies informiert und k\u00f6nnen diese akzeptieren oder ablehnen.<br \/>Sie k\u00f6nnen Ihren Browser auch so konfigurieren, dass Cookies abgelehnt werden.<\/p>\n<p><strong>14. Anwendbares Recht und Gerichtsstand<\/strong><br \/>Dieses Impressum unterliegt franz\u00f6sischem Recht. Im Streitfall wird vorrangig eine g\u00fctliche Einigung angestrebt. Scheitert diese, wird der Streit vor den zust\u00e4ndigen Gerichten des Bezirks Aubenas gem\u00e4\u00df den geltenden gesetzlichen Vorschriften ausgetragen. Ist der Nutzer ein Verbraucher, kann er sich entweder an die zust\u00e4ndigen Gerichte gem\u00e4\u00df der Zivilprozessordnung wenden oder an das Gericht des Ortes, an dem er zum Zeitpunkt des Vertragsabschlusses oder des sch\u00e4digenden Ereignisses wohnhaft war.<\/p>\n<p><strong>15. Externe Links<\/strong><br \/>Die Website kann Links zu anderen Websites enthalten. Christophe Avenas, Gesch\u00e4ftsf\u00fchrer der SARL Domaine de Charrier, kann nicht f\u00fcr den Inhalt dieser externen Websites oder etwaige Sch\u00e4den, die aus deren Nutzung entstehen k\u00f6nnten, verantwortlich gemacht werden. Der Zugriff auf diese Websites erfolgt ausschlie\u00dflich auf eigene Verantwortung des Nutzers.<\/p>\n<p>16. Kontakt<br \/>F\u00fcr alle Fragen zu diesem Impressum, zum Schutz personenbezogener Daten oder f\u00fcr Informationsanfragen bez\u00fcglich des G\u00eetes, des Naturcampingplatzes oder des Gasthofs k\u00f6nnen Sie uns kontaktieren:<br \/>Per E-Mail: moulindecharrier@gmail.com<br \/>Per Telefon: 06 33 92 99 27<br \/>Per Post: 516 chemin du soulier, 07600 Labastide sur Besorgues<\/p>\n<p>[\/et_pb_text][\/et_pb_column][\/et_pb_row][\/et_pb_section]<\/p>\n","protected":false},"excerpt":{"rendered":"<p>1. Angaben zum HerausgeberSARL Domaine de Charrier 516 chemin du soulier, 07600 Labastide sur Besorgues 06 33 92 99 27 moulindecharrier@gmail.com 102402245 RCS 2. Verantwortlicher f\u00fcr die Ver\u00f6ffentlichungAvenas Christophe 3. Hosting-AnbieterInfomaniak Network SARue Eug\u00e8ne-Marziano, 25 CH \u2013 1227 Genf \u2013 Schweiz 4. Geistiges EigentumDie auf dieser Website vorhandenen Fotografien, Illustrationen und Zeichnungen sind ausschlie\u00dfliches Eigentum [&hellip;]<\/p>\n","protected":false},"author":1,"featured_media":0,"parent":0,"menu_order":0,"comment_status":"closed","ping_status":"closed","template":"","meta":{"_et_pb_use_builder":"on","_et_pb_old_content":"","_et_gb_content_width":"","footnotes":""},"class_list":["post-2646","page","type-page","status-publish","hentry"],"_links":{"self":[{"href":"https:\/\/moulindecharrier.com\/de\/wp-json\/wp\/v2\/pages\/2646","targetHints":{"allow":["GET"]}}],"collection":[{"href":"https:\/\/moulindecharrier.com\/de\/wp-json\/wp\/v2\/pages"}],"about":[{"href":"https:\/\/moulindecharrier.com\/de\/wp-json\/wp\/v2\/types\/page"}],"author":[{"embeddable":true,"href":"https:\/\/moulindecharrier.com\/de\/wp-json\/wp\/v2\/users\/1"}],"replies":[{"embeddable":true,"href":"https:\/\/moulindecharrier.com\/de\/wp-json\/wp\/v2\/comments?post=2646"}],"version-history":[{"count":4,"href":"https:\/\/moulindecharrier.com\/de\/wp-json\/wp\/v2\/pages\/2646\/revisions"}],"predecessor-version":[{"id":3095,"href":"https:\/\/moulindecharrier.com\/de\/wp-json\/wp\/v2\/pages\/2646\/revisions\/3095"}],"wp:attachment":[{"href":"https:\/\/moulindecharrier.com\/de\/wp-json\/wp\/v2\/media?parent=2646"}],"curies":[{"name":"wp","href":"https:\/\/api.w.org\/{rel}","templated":true}]}}