{"id":2661,"date":"2026-04-07T16:33:18","date_gmt":"2026-04-07T16:33:18","guid":{"rendered":"https:\/\/moulindecharrier.com\/unsere-verpflichtungen\/"},"modified":"2026-04-28T12:23:12","modified_gmt":"2026-04-28T12:23:12","slug":"unsere-verpflichtungen","status":"publish","type":"page","link":"https:\/\/moulindecharrier.com\/de\/unsere-verpflichtungen\/","title":{"rendered":"Unsere Verpflichtungen"},"content":{"rendered":"<p>[et_pb_section fb_built=&#8220;1&#8243; _builder_version=&#8220;4.27.6&#8243; _module_preset=&#8220;default&#8220; background_color=&#8220;#edf0df&#8220; global_colors_info=&#8220;{}&#8220;][et_pb_row _builder_version=&#8220;4.27.6&#8243; _module_preset=&#8220;default&#8220; global_colors_info=&#8220;{}&#8220;][et_pb_column type=&#8220;4_4&#8243; _builder_version=&#8220;4.27.6&#8243; _module_preset=&#8220;default&#8220; global_colors_info=&#8220;{}&#8220;][et_pb_heading title=&#8220;Unsere Verpflichtungen&#8220; _builder_version=&#8220;4.27.6&#8243; _module_preset=&#8220;default&#8220; title_font=&#8220;|||on|||||&#8220; title_text_align=&#8220;center&#8220; title_text_color=&#8220;#363836&#8243; title_font_size=&#8220;60px&#8220; hover_enabled=&#8220;0&#8243; title_font_size_tablet=&#8220;60px&#8220; title_font_size_phone=&#8220;44px&#8220; title_font_size_last_edited=&#8220;on|phone&#8220; global_colors_info=&#8220;{}&#8220; sticky_enabled=&#8220;0&#8243;][\/et_pb_heading][et_pb_text _builder_version=&#8220;4.27.6&#8243; _module_preset=&#8220;default&#8220; text_font=&#8220;&#8211;et_global_body_font|500|||||||&#8220; text_text_color=&#8220;#17181a&#8220; text_orientation=&#8220;center&#8220; global_colors_info=&#8220;{}&#8220;]<\/p>\n<p class=\"p1\">Im Moulin de Charrier beginnt alles mit einem geschichtstr\u00e4chtigen Ort, eingebettet im Herzen einer unber\u00fchrten Umgebung. Hier erz\u00e4hlt jeder Stein, jede Terrasse von einer tiefen Verbundenheit mit der Natur und dem Handwerk vergangener Zeiten. Unsere Zertifizierungen und Partnerschaften w\u00fcrdigen dieses Engagement f\u00fcr einen respektvolleren, menschlicheren Tourismus. Im Moulin zu \u00fcbernachten bedeutet auch, ein konkretes und lebendiges Erlebnis zu erleben. Im Fr\u00fchjahr 2026 wird Christophe einige Terrassen neu beleben, indem er saisonales Gem\u00fcse anbaut, das Sie direkt auf Ihrem Teller wiederfinden k\u00f6nnen. Im Sommer wird F\u00e9licie Sie in eine genussvolle K\u00fcche einf\u00fchren, die haupts\u00e4chlich aus lokalen und\/oder biologischen Produkten zubereitet wird. Und weil der Moulin de Charrier vor allem ein Ort zum Teilen ist, werden Bernard und Christophe Sie auch einladen, seine Geschichte und seine Funktionsweise zu entdecken. Ein Besuch, der Sie in die Seele des Ortes eintauchen l\u00e4sst \u2014 zwischen Kulturerbe, Natur und den Gesten vergangener Zeiten. Hier verlangsamt sich die Zeit, Begegnungen gewinnen an Bedeutung, und jeder Aufenthalt wird zu einem authentischen Erlebnis, so nah wie m\u00f6glich am Wesentlichen.     <\/p>\n<p>[\/et_pb_text][et_pb_blurb title=&#8220;G\u00eetes de France&#8220; image=&#8220;https:\/\/moulindecharrier.com\/wp-content\/uploads\/2026\/04\/macaron-gite-de-france-3-epis.png&#8220; alt=&#8220;G\u00eetes de France 3 \u00e9pis&#8220; image_icon_width=&#8220;42%&#8220; content_max_width=&#8220;80%&#8220; image_icon_width_tablet=&#8220;58%&#8220; image_icon_width_phone=&#8220;58%&#8220; image_icon_width_last_edited=&#8220;on|phone&#8220; content_max_width_tablet=&#8220;100%&#8220; content_max_width_phone=&#8220;100%&#8220; content_max_width_last_edited=&#8220;on|phone&#8220; _builder_version=&#8220;4.27.6&#8243; _module_preset=&#8220;default&#8220; header_text_align=&#8220;center&#8220; text_orientation=&#8220;center&#8220; custom_margin=&#8220;100px||||false|false&#8220; custom_margin_tablet=&#8220;100px||||false|false&#8220; custom_margin_phone=&#8220;100px||||false|false&#8220; custom_margin_last_edited=&#8220;on|tablet&#8220; header_font_size_tablet=&#8220;&#8220; header_font_size_phone=&#8220;37px&#8220; header_font_size_last_edited=&#8220;on|tablet&#8220; global_colors_info=&#8220;{}&#8220;]<\/p>\n<p><span>Unsere Gruppenunterkunft ist mit<\/span> <strong>3 \u00c4hren<\/strong> <span>(\u201cG\u00eetes de France\u201c) ausgezeichnet.<\/span><\/p>\n<p>[\/et_pb_blurb][et_pb_blurb title=&#8220;Franz\u00f6sischer Wanderverband&#8220; image=&#8220;https:\/\/moulindecharrier.com\/wp-content\/uploads\/2026\/04\/logo-ffrandonee.png&#8220; alt=&#8220;Logo FF Randon\u00e9e Ard\u00e8che&#8220; image_icon_width=&#8220;42%&#8220; content_max_width=&#8220;80%&#8220; image_icon_width_tablet=&#8220;58%&#8220; image_icon_width_phone=&#8220;58%&#8220; image_icon_width_last_edited=&#8220;on|phone&#8220; content_max_width_tablet=&#8220;100%&#8220; content_max_width_phone=&#8220;100%&#8220; content_max_width_last_edited=&#8220;on|phone&#8220; _builder_version=&#8220;4.27.6&#8243; _module_preset=&#8220;default&#8220; header_text_align=&#8220;center&#8220; text_orientation=&#8220;center&#8220; custom_margin=&#8220;100px||||false|false&#8220; custom_margin_tablet=&#8220;100px||||false|false&#8220; custom_margin_phone=&#8220;100px||||false|false&#8220; custom_margin_last_edited=&#8220;on|tablet&#8220; header_font_size_tablet=&#8220;&#8220; header_font_size_phone=&#8220;37px&#8220; header_font_size_last_edited=&#8220;on|tablet&#8220; global_colors_info=&#8220;{}&#8220;]<\/p>\n<p>Als Mitglied des <a href=\"https:\/\/ardeche.ffrandonnee.fr\" target=\"_blank\" rel=\"noopener\">Franz\u00f6sischen Wanderverbands<\/a> (F\u00e9d\u00e9ration Fran\u00e7aise de Randonn\u00e9e) ist der Moulin de Charrier eine ideale Etappe f\u00fcr Wanderer auf der Suche nach Authentizit\u00e4t und Ruhe. In der N\u00e4he zahlreicher markierter Wanderwege bietet die M\u00fchle einen privilegierten Rahmen zum Ausruhen, Erholen und Entdecken der Sch\u00e4tze des ard\u00e8chesischen Kulturerbes. Ob leidenschaftlicher Wanderer oder einfacher Naturliebhaber \u2014 Sie finden hier einen herzlichen Empfang und einen perfekten Ausgangspunkt, um die umliegenden Landschaften zu erkunden. <\/p>\n<p>[\/et_pb_blurb][et_pb_blurb title=&#8220;H\u00e9bergement P\u00eache (Unterk\u00fcnfte f\u00fcr Angler)&#8220; image=&#8220;https:\/\/moulindecharrier.com\/wp-content\/uploads\/2026\/04\/logo-hebergementpeche.png&#8220; alt=&#8220;Logo Hebergement P\u00eache&#8220; image_icon_width=&#8220;42%&#8220; content_max_width=&#8220;80%&#8220; image_icon_width_tablet=&#8220;58%&#8220; image_icon_width_phone=&#8220;58%&#8220; image_icon_width_last_edited=&#8220;on|desktop&#8220; content_max_width_tablet=&#8220;100%&#8220; content_max_width_phone=&#8220;100%&#8220; content_max_width_last_edited=&#8220;on|desktop&#8220; _builder_version=&#8220;4.27.6&#8243; _module_preset=&#8220;default&#8220; header_text_align=&#8220;center&#8220; text_orientation=&#8220;center&#8220; custom_margin=&#8220;100px||||false|false&#8220; custom_margin_tablet=&#8220;100px||||false|false&#8220; custom_margin_phone=&#8220;100px||||false|false&#8220; custom_margin_last_edited=&#8220;on|tablet&#8220; header_font_size_tablet=&#8220;&#8220; header_font_size_phone=&#8220;37px&#8220; header_font_size_last_edited=&#8220;on|phone&#8220; global_colors_info=&#8220;{}&#8220;]<\/p>\n<p><span>Die Ard\u00e8che \u2013 ein Paradies f\u00fcr Angler!<br \/>Angeln Sie in der Besorgues, einem Gebirgsfluss der ersten Kategorie<\/span> (<a href=\"https:\/\/www.peche-ardeche.com\/images\/pdf\/R%C3%A9glementation_2025\/CARTAPLI-FD07-HD-FOMBON-2025.pdf\" class=\"mtli_attachment mtli_pdf\" target=\"_blank\" rel=\"noopener noreferrer\">siehe Flusskarte<\/a>), mit maximal zwei Einzelhaken ohne Widerhaken und Kescher. Vom zweiten Samstag im M\u00e4rz bis zum dritten Sonntag im September gibt es \u201eCatch &amp; Release\u201c-Abschnitte, um die Fische sofort zur\u00fcckzusetzen und die atemberaubenden Landschaften zu genie\u00dfen.<\/p>\n<p>[\/et_pb_blurb][et_pb_button button_url=&#8220;https:\/\/www.peche-ardeche.com\/guides-de-peche.html&#8220; url_new_window=&#8220;on&#8220; button_text=&#8220;Angelf\u00fchrer&#8220; button_alignment=&#8220;center&#8220; _builder_version=&#8220;4.27.6&#8243; _module_preset=&#8220;default&#8220; custom_button=&#8220;on&#8220; button_bg_color=&#8220;#c24f2e&#8220; button_border_width=&#8220;11px&#8220; button_border_color=&#8220;#c24f2e&#8220; button_font=&#8220;&#8211;et_global_body_font|600|||||||&#8220; button_use_icon=&#8220;off&#8220; background_layout=&#8220;dark&#8220; button_text_size_tablet=&#8220;&#8220; button_text_size_phone=&#8220;16px&#8220; button_text_size_last_edited=&#8220;on|phone&#8220; saved_tabs=&#8220;all&#8220; global_colors_info=&#8220;{}&#8220; button_bg_color__hover_enabled=&#8220;on|hover&#8220; button_bg_color__hover=&#8220;#b73d00&#8243; button_bg_enable_color__hover=&#8220;on&#8220; button_border_color__hover_enabled=&#8220;on|hover&#8220; button_border_color__hover=&#8220;#b73d00&#8243;][\/et_pb_button][et_pb_blurb title=&#8220;Natural Regional Park der Monts d\u2019Ard\u00e8che&#8220; image=&#8220;https:\/\/moulindecharrier.com\/wp-content\/uploads\/2026\/04\/logo-parcregional.png&#8220; alt=&#8220;logo parc naturel r\u00e9gional des monts d&#039;ardeche&#8220; image_icon_width=&#8220;42%&#8220; content_max_width=&#8220;80%&#8220; image_icon_width_tablet=&#8220;58%&#8220; image_icon_width_phone=&#8220;58%&#8220; image_icon_width_last_edited=&#8220;on|phone&#8220; content_max_width_tablet=&#8220;100%&#8220; content_max_width_phone=&#8220;100%&#8220; content_max_width_last_edited=&#8220;on|phone&#8220; _builder_version=&#8220;4.27.6&#8243; _module_preset=&#8220;default&#8220; header_text_align=&#8220;center&#8220; text_orientation=&#8220;center&#8220; custom_margin=&#8220;100px||||false|false&#8220; custom_margin_tablet=&#8220;100px||||false|false&#8220; custom_margin_phone=&#8220;100px||||false|false&#8220; custom_margin_last_edited=&#8220;on|tablet&#8220; header_font_size_tablet=&#8220;&#8220; header_font_size_phone=&#8220;37px&#8220; header_font_size_last_edited=&#8220;on|tablet&#8220; global_colors_info=&#8220;{}&#8220;]<\/p>\n<p><a href=\"http:\/\/www.parc-monts-ardeche.fr\/\" target=\"blank\" rel=\"noopener noreferrer\"><span>Der <\/span>Regionaler Naturpark Monts d\u2019Ard\u00e8che <\/a><span>hat uns das G\u00fctesiegel <\/span>\u201e<strong>Accueil du Parc\u201c<\/strong> <span>verliehen<\/span>.<\/p>\n<p>[\/et_pb_blurb][et_pb_button button_url=&#8220;https:\/\/www.youtube.com\/watch?v=smQEeyXwcrQ&#8220; url_new_window=&#8220;on&#8220; button_text=&#8220;Die Monts d&apos;Ard\u00e8che erkunden&#8220; button_alignment=&#8220;center&#8220; _builder_version=&#8220;4.27.6&#8243; _module_preset=&#8220;default&#8220; custom_button=&#8220;on&#8220; button_bg_color=&#8220;#c24f2e&#8220; button_border_width=&#8220;11px&#8220; button_border_color=&#8220;#c24f2e&#8220; button_font=&#8220;&#8211;et_global_body_font|600|||||||&#8220; button_use_icon=&#8220;off&#8220; background_layout=&#8220;dark&#8220; button_text_size_tablet=&#8220;&#8220; button_text_size_phone=&#8220;16px&#8220; button_text_size_last_edited=&#8220;on|phone&#8220; saved_tabs=&#8220;all&#8220; global_colors_info=&#8220;{}&#8220; button_bg_color__hover_enabled=&#8220;on|hover&#8220; button_bg_color__hover=&#8220;#b73d00&#8243; button_bg_enable_color__hover=&#8220;on&#8220; button_border_color__hover_enabled=&#8220;on|hover&#8220; button_border_color__hover=&#8220;#b73d00&#8243;][\/et_pb_button][et_pb_blurb title=&#8220;Der Verband der M\u00fchlen Frankreichs&#8220; image=&#8220;https:\/\/moulindecharrier.com\/wp-content\/uploads\/2026\/04\/logo-moulins.png&#8220; alt=&#8220;logo F\u00e9d\u00e9ration des moulins de France&#8220; image_icon_width=&#8220;42%&#8220; content_max_width=&#8220;80%&#8220; image_icon_width_tablet=&#8220;58%&#8220; image_icon_width_phone=&#8220;58%&#8220; image_icon_width_last_edited=&#8220;on|phone&#8220; content_max_width_tablet=&#8220;100%&#8220; content_max_width_phone=&#8220;100%&#8220; content_max_width_last_edited=&#8220;on|phone&#8220; _builder_version=&#8220;4.27.6&#8243; _module_preset=&#8220;default&#8220; header_text_align=&#8220;center&#8220; text_orientation=&#8220;center&#8220; custom_margin=&#8220;100px||||false|false&#8220; custom_margin_tablet=&#8220;100px||||false|false&#8220; custom_margin_phone=&#8220;100px||||false|false&#8220; custom_margin_last_edited=&#8220;on|tablet&#8220; header_font_size_tablet=&#8220;&#8220; header_font_size_phone=&#8220;37px&#8220; header_font_size_last_edited=&#8220;on|tablet&#8220; global_colors_info=&#8220;{}&#8220;]<\/p>\n<p><strong>Wir sind Mitglied der FDMF (F\u00e9d\u00e9ration des Moulins de France)<\/strong><span> <\/span>und arbeiten gemeinsam an der Restaurierung der M\u00fchle. Wir bieten Ihnen an, w\u00e4hrend Ihres Aufenthalts eine F\u00fchrung durch die M\u00fchle zu unternehmen, die bei Ihrer Ankunft vereinbart werden kann. <\/p>\n<p><span>Wir laden Sie auch ein, uns bei den<\/span> <strong>Europ\u00e4ischen M\u00fchlentagen<\/strong> <span>zu treffen, die jedes Jahr am dritten Maiwochenende stattfinden.<\/span><\/p>\n<p><span>An einem dieser Tage \u00f6ffnet der Moulin de Charrier seine T\u00fcren in Partnerschaft mit dem <\/span><a href=\"http:\/\/www.fdmf.fr\/\" target=\"blank\" rel=\"noopener noreferrer\">Verband der M\u00fchlen Frankreichs (FDMF).<\/a><\/p>\n<p>[\/et_pb_blurb][et_pb_button button_url=&#8220;https:\/\/www.youtube.com\/watch?v=zHAZbbxaehs&#8220; url_new_window=&#8220;on&#8220; button_text=&#8220;Programm 2026 ansehen&#8220; button_alignment=&#8220;center&#8220; disabled_on=&#8220;on|on|on&#8220; _builder_version=&#8220;4.27.6&#8243; _module_preset=&#8220;default&#8220; custom_button=&#8220;on&#8220; button_bg_color=&#8220;#c24f2e&#8220; button_border_width=&#8220;11px&#8220; button_border_color=&#8220;#c24f2e&#8220; button_font=&#8220;&#8211;et_global_body_font|600|||||||&#8220; button_use_icon=&#8220;off&#8220; background_layout=&#8220;dark&#8220; button_text_size_tablet=&#8220;&#8220; button_text_size_phone=&#8220;16px&#8220; button_text_size_last_edited=&#8220;on|phone&#8220; disabled=&#8220;on&#8220; saved_tabs=&#8220;all&#8220; global_colors_info=&#8220;{}&#8220; button_bg_color__hover_enabled=&#8220;on|hover&#8220; button_bg_color__hover=&#8220;#b73d00&#8243; button_bg_enable_color__hover=&#8220;on&#8220; button_border_color__hover_enabled=&#8220;on|hover&#8220; button_border_color__hover=&#8220;#b73d00&#8243;][\/et_pb_button][et_pb_button button_url=&#8220;https:\/\/www.youtube.com\/watch?v=zHAZbbxaehs&#8220; url_new_window=&#8220;on&#8220; button_text=&#8220;Das Video vom 18. Mai 2025 im Moulin de Charrier ansehen&#8220; button_alignment=&#8220;center&#8220; _builder_version=&#8220;4.27.6&#8243; _module_preset=&#8220;default&#8220; custom_button=&#8220;on&#8220; button_bg_color=&#8220;#c24f2e&#8220; button_border_width=&#8220;11px&#8220; button_border_color=&#8220;#c24f2e&#8220; button_font=&#8220;&#8211;et_global_body_font|600|||||||&#8220; button_use_icon=&#8220;off&#8220; background_layout=&#8220;dark&#8220; button_text_size_tablet=&#8220;&#8220; button_text_size_phone=&#8220;16px&#8220; button_text_size_last_edited=&#8220;on|phone&#8220; saved_tabs=&#8220;all&#8220; global_colors_info=&#8220;{}&#8220; button_bg_color__hover_enabled=&#8220;on|hover&#8220; button_bg_color__hover=&#8220;#b73d00&#8243; button_bg_enable_color__hover=&#8220;on&#8220; button_border_color__hover_enabled=&#8220;on|hover&#8220; button_border_color__hover=&#8220;#b73d00&#8243;][\/et_pb_button][\/et_pb_column][\/et_pb_row][\/et_pb_section][et_pb_section fb_built=&#8220;1&#8243; disabled_on=&#8220;on|off|off&#8220; _builder_version=&#8220;4.27.6&#8243; _module_preset=&#8220;default&#8220; background_color=&#8220;RGBA(255,255,255,0)&#8220; z_index=&#8220;1&#8243; custom_margin=&#8220;-800px||||false|false&#8220; custom_margin_tablet=&#8220;250px||-200px|-80px|false|false&#8220; custom_margin_phone=&#8220;-200px||0px|-80px|false|false&#8220; custom_margin_last_edited=&#8220;off|desktop&#8220; custom_padding=&#8220;||||false|false&#8220; scroll_vertical_motion_enable=&#8220;on&#8220; scroll_vertical_motion=&#8220;0|11|11|100|0|0|-0.5&#8243; scroll_fade_enable=&#8220;on&#8220; scroll_fade=&#8220;0|75|75|100|0|100|100&#8243; motion_trigger_start=&#8220;bottom&#8220; global_colors_info=&#8220;{}&#8220;][et_pb_row _builder_version=&#8220;4.27.6&#8243; _module_preset=&#8220;default&#8220; module_alignment=&#8220;right&#8220; global_colors_info=&#8220;{}&#8220;][et_pb_column type=&#8220;4_4&#8243; _builder_version=&#8220;4.27.6&#8243; _module_preset=&#8220;default&#8220; global_colors_info=&#8220;{}&#8220;][et_pb_image src=&#8220;https:\/\/moulindecharrier.com\/wp-content\/uploads\/2026\/04\/dessin-libellule.png&#8220; alt=&#8220;Illustration libellule &#8211; Le moulin de charrier&#8220; title_text=&#8220;dessin-libellule&#8220; align=&#8220;right&#8220; disabled_on=&#8220;on|off|off&#8220; _builder_version=&#8220;4.27.6&#8243; _module_preset=&#8220;default&#8220; custom_margin=&#8220;||-800px||false|false&#8220; scroll_vertical_motion=&#8220;0|50|50|100|1|0|0&#8243; global_colors_info=&#8220;{}&#8220;][\/et_pb_image][\/et_pb_column][\/et_pb_row][\/et_pb_section][et_pb_section fb_built=&#8220;1&#8243; disabled_on=&#8220;off|off|off&#8220; module_class=&#8220;section-menu-lateral&#8220; _builder_version=&#8220;4.27.6&#8243; _module_preset=&#8220;default&#8220; global_module=&#8220;542&#8243; saved_tabs=&#8220;all&#8220; global_colors_info=&#8220;{}&#8220;][\/et_pb_section][et_pb_section fb_built=&#8220;1&#8243; custom_padding_last_edited=&#8220;on|phone&#8220; module_class=&#8220;section-hebergements&#8220; _builder_version=&#8220;4.27.6&#8243; _module_preset=&#8220;default&#8220; background_color=&#8220;#c7ccad&#8220; height=&#8220;380px&#8220; custom_margin=&#8220;||0px||false|false&#8220; custom_padding=&#8220;80px||0px||false|false&#8220; global_module=&#8220;1999&#8243; saved_tabs=&#8220;all&#8220; global_colors_info=&#8220;{}&#8220; custom_padding_tablet=&#8220;80px||0px||false|false&#8220; custom_padding_phone=&#8220;80px||0px||false|false&#8220;][et_pb_row _builder_version=&#8220;4.27.6&#8243; _module_preset=&#8220;default&#8220; module_alignment=&#8220;center&#8220; custom_margin=&#8220;||50px||false|false&#8220; global_colors_info=&#8220;{}&#8220;][et_pb_column type=&#8220;4_4&#8243; _builder_version=&#8220;4.27.6&#8243; _module_preset=&#8220;default&#8220; global_colors_info=&#8220;{}&#8220;][et_pb_heading title=&#8220;Unsere Unterk\u00fcnfte&#8220; _builder_version=&#8220;4.27.6&#8243; _module_preset=&#8220;default&#8220; title_level=&#8220;h2&#8243; title_text_align=&#8220;center&#8220; title_text_color=&#8220;#FFFFFF&#8220; module_alignment=&#8220;center&#8220; custom_margin=&#8220;||0px||false|false&#8220; custom_padding=&#8220;||0px||false|false&#8220; title_font_size_tablet=&#8220;&#8220; title_font_size_phone=&#8220;38px&#8220; title_font_size_last_edited=&#8220;on|phone&#8220; global_colors_info=&#8220;{}&#8220;][\/et_pb_heading][\/et_pb_column][\/et_pb_row][et_pb_row column_structure=&#8220;1_4,1_4,1_4,1_4&#8243; use_custom_gutter=&#8220;on&#8220; gutter_width=&#8220;2&#8243; make_equal=&#8220;on&#8220; module_class=&#8220;hebergements&#8220; _builder_version=&#8220;4.27.6&#8243; _module_preset=&#8220;default&#8220; module_alignment=&#8220;center&#8220; min_height=&#8220;439px&#8220; height=&#8220;439px&#8220; max_height=&#8220;439px&#8220; custom_margin=&#8220;||||false|false&#8220; custom_padding=&#8220;||450px||false|false&#8220; scroll_fade_enable=&#8220;on&#8220; scroll_fade=&#8220;0|12|12|30|0|100|100&#8243; custom_css_main_element=&#8220;margin-bottom: -80px;||position: relative;||z-index: 10;&#8220; global_colors_info=&#8220;{}&#8220;][et_pb_column type=&#8220;1_4&#8243; _builder_version=&#8220;4.27.6&#8243; _module_preset=&#8220;default&#8220; global_colors_info=&#8220;{}&#8220;][et_pb_blurb title=&#8220;Das Gruppenhaus&#8220; alt=&#8220;Das Gruppenhaus der Moulin de Charrier&#8220; _builder_version=&#8220;4.27.6&#8243; _dynamic_attributes=&#8220;link_option_url&#8220; _module_preset=&#8220;default&#8220; background_image=&#8220;https:\/\/moulindecharrier.com\/wp-content\/uploads\/2026\/03\/photo-hebergement-gitedegroupe.jpg&#8220; link_option_url=&#8220;@ET-DC@eyJkeW5hbWljIjp0cnVlLCJjb250ZW50IjoicG9zdF9saW5rX3VybF9wYWdlIiwic2V0dGluZ3MiOnsicG9zdF9pZCI6IjgxOCJ9fQ==@&#8220; border_style_all_image=&#8220;none&#8220; global_colors_info=&#8220;{}&#8220;]<\/p>\n<p>Ein Bereich von 160 m\u00b2 auf 2 Etagen in einer gesch\u00fctzten Umgebung.<\/p>\n<p>[\/et_pb_blurb][\/et_pb_column][et_pb_column type=&#8220;1_4&#8243; _builder_version=&#8220;4.27.6&#8243; _module_preset=&#8220;default&#8220; global_colors_info=&#8220;{}&#8220;][et_pb_blurb title=&#8220;Die G\u00e4stezimmer&#8220; alt=&#8220;Die G\u00e4stezimmer der Moulin de Charrier&#8220; _builder_version=&#8220;4.27.6&#8243; _dynamic_attributes=&#8220;link_option_url&#8220; _module_preset=&#8220;default&#8220; background_image=&#8220;https:\/\/moulindecharrier.com\/wp-content\/uploads\/2026\/03\/photo-hebergement-chambredhote.jpg&#8220; link_option_url=&#8220;@ET-DC@eyJkeW5hbWljIjp0cnVlLCJjb250ZW50IjoicG9zdF9saW5rX3VybF9wYWdlIiwic2V0dGluZ3MiOnsicG9zdF9pZCI6IjExODAifX0=@&#8220; border_style_all_image=&#8220;none&#8220; global_colors_info=&#8220;{}&#8220;]<\/p>\n<p>Komfortabel und individuell gestaltet, jeweils mit eigener Dusche ausgestattet.<\/p>\n<p>[\/et_pb_blurb][\/et_pb_column][et_pb_column type=&#8220;1_4&#8243; _builder_version=&#8220;4.27.6&#8243; _module_preset=&#8220;default&#8220; global_colors_info=&#8220;{}&#8220;][et_pb_blurb title=&#8220;Die H\u00fctte&#8220; alt=&#8220;H\u00fctte &#8211; Moulin de Charrier&#8220; _builder_version=&#8220;4.27.6&#8243; _dynamic_attributes=&#8220;link_option_url&#8220; _module_preset=&#8220;default&#8220; use_background_color_gradient=&#8220;on&#8220; background_color_gradient_stops=&#8220;rgba(0,0,0,0) 0%|rgba(0,0,0,0.82) 99%&#8220; background_image=&#8220;https:\/\/moulindecharrier.com\/wp-content\/uploads\/2026\/03\/photo-hebergement-paillote.jpg&#8220; link_option_url=&#8220;@ET-DC@eyJkeW5hbWljIjp0cnVlLCJjb250ZW50IjoicG9zdF9saW5rX3VybF9wYWdlIiwic2V0dGluZ3MiOnsicG9zdF9pZCI6IjExNjAifX0=@&#8220; global_colors_info=&#8220;{}&#8220;]<\/p>\n<p>Mit einer Fl\u00e4che von 25 m\u00b2, auf einer Terrasse und mitten im Gr\u00fcnen gelegen.<\/p>\n<p>[\/et_pb_blurb][\/et_pb_column][et_pb_column type=&#8220;1_4&#8243; _builder_version=&#8220;4.27.6&#8243; _module_preset=&#8220;default&#8220; global_colors_info=&#8220;{}&#8220;][et_pb_blurb title=&#8220;Der Campingplatz&#8220; alt=&#8220;H\u00fctte &#8211; Moulin de Charrier&#8220; _builder_version=&#8220;4.27.6&#8243; _dynamic_attributes=&#8220;link_option_url&#8220; _module_preset=&#8220;default&#8220; use_background_color_gradient=&#8220;on&#8220; background_color_gradient_stops=&#8220;rgba(0,0,0,0) 0%|rgba(0,0,0,0.82) 99%&#8220; background_image=&#8220;https:\/\/moulindecharrier.com\/wp-content\/uploads\/2026\/03\/photo-hebergement-camping-1.jpg&#8220; link_option_url=&#8220;@ET-DC@eyJkeW5hbWljIjp0cnVlLCJjb250ZW50IjoicG9zdF9saW5rX3VybF9wYWdlIiwic2V0dGluZ3MiOnsicG9zdF9pZCI6IjEyNzkifX0=@&#8220; global_colors_info=&#8220;{}&#8220;]<\/p>\n<p><span>Ein schattiger Naturplatz auf einem Hektar direkt am Flussufer.<\/span><\/p>\n<p>[\/et_pb_blurb][\/et_pb_column][\/et_pb_row][\/et_pb_section][et_pb_section fb_built=&#8220;1&#8243; _builder_version=&#8220;4.27.6&#8243; _module_preset=&#8220;default&#8220; background_color=&#8220;RGBA(255,255,255,0)&#8220; custom_margin=&#8220;300px||||false|false&#8220; custom_margin_tablet=&#8220;1500px||||false|false&#8220; custom_margin_phone=&#8220;1500px||||false|false&#8220; custom_margin_last_edited=&#8220;on|phone&#8220; global_colors_info=&#8220;{}&#8220;][et_pb_row _builder_version=&#8220;4.27.6&#8243; _module_preset=&#8220;default&#8220; global_colors_info=&#8220;{}&#8220;][et_pb_column type=&#8220;4_4&#8243; _builder_version=&#8220;4.27.6&#8243; _module_preset=&#8220;default&#8220; global_colors_info=&#8220;{}&#8220;][\/et_pb_column][\/et_pb_row][\/et_pb_section]<\/p>\n","protected":false},"excerpt":{"rendered":"<p>Im Moulin de Charrier beginnt alles mit einem geschichtstr\u00e4chtigen Ort, eingebettet im Herzen einer unber\u00fchrten Umgebung. Hier erz\u00e4hlt jeder Stein, jede Terrasse von einer tiefen Verbundenheit mit der Natur und dem Handwerk vergangener Zeiten. Unsere Zertifizierungen und Partnerschaften w\u00fcrdigen dieses Engagement f\u00fcr einen respektvolleren, menschlicheren Tourismus. Im Moulin zu \u00fcbernachten bedeutet auch, ein konkretes und [&hellip;]<\/p>\n","protected":false},"author":1,"featured_media":0,"parent":0,"menu_order":0,"comment_status":"closed","ping_status":"closed","template":"","meta":{"_et_pb_use_builder":"on","_et_pb_old_content":"","_et_gb_content_width":"","footnotes":""},"class_list":["post-2661","page","type-page","status-publish","hentry"],"_links":{"self":[{"href":"https:\/\/moulindecharrier.com\/de\/wp-json\/wp\/v2\/pages\/2661","targetHints":{"allow":["GET"]}}],"collection":[{"href":"https:\/\/moulindecharrier.com\/de\/wp-json\/wp\/v2\/pages"}],"about":[{"href":"https:\/\/moulindecharrier.com\/de\/wp-json\/wp\/v2\/types\/page"}],"author":[{"embeddable":true,"href":"https:\/\/moulindecharrier.com\/de\/wp-json\/wp\/v2\/users\/1"}],"replies":[{"embeddable":true,"href":"https:\/\/moulindecharrier.com\/de\/wp-json\/wp\/v2\/comments?post=2661"}],"version-history":[{"count":6,"href":"https:\/\/moulindecharrier.com\/de\/wp-json\/wp\/v2\/pages\/2661\/revisions"}],"predecessor-version":[{"id":3072,"href":"https:\/\/moulindecharrier.com\/de\/wp-json\/wp\/v2\/pages\/2661\/revisions\/3072"}],"wp:attachment":[{"href":"https:\/\/moulindecharrier.com\/de\/wp-json\/wp\/v2\/media?parent=2661"}],"curies":[{"name":"wp","href":"https:\/\/api.w.org\/{rel}","templated":true}]}}