{"id":2670,"date":"2026-04-07T16:02:41","date_gmt":"2026-04-07T16:02:41","guid":{"rendered":"https:\/\/moulindecharrier.com\/wer-sind-wir\/"},"modified":"2026-04-28T12:30:47","modified_gmt":"2026-04-28T12:30:47","slug":"wer-sind-wir","status":"publish","type":"page","link":"https:\/\/moulindecharrier.com\/de\/wer-sind-wir\/","title":{"rendered":"Wer sind wir"},"content":{"rendered":"<p>[et_pb_section fb_built=&#8220;1&#8243; _builder_version=&#8220;4.27.6&#8243; _module_preset=&#8220;default&#8220; background_color=&#8220;#edf0df&#8220; global_colors_info=&#8220;{}&#8220;][et_pb_row _builder_version=&#8220;4.27.6&#8243; _module_preset=&#8220;default&#8220; global_colors_info=&#8220;{}&#8220;][et_pb_column type=&#8220;4_4&#8243; _builder_version=&#8220;4.27.6&#8243; _module_preset=&#8220;default&#8220; global_colors_info=&#8220;{}&#8220;][et_pb_heading title=&#8220;Ihre Gastgeber&#8220; _builder_version=&#8220;4.27.6&#8243; _module_preset=&#8220;default&#8220; title_font=&#8220;|||on|||||&#8220; title_text_align=&#8220;center&#8220; title_text_color=&#8220;#363836&#8243; title_font_size=&#8220;60px&#8220; hover_enabled=&#8220;0&#8243; title_font_size_tablet=&#8220;60px&#8220; title_font_size_phone=&#8220;45px&#8220; title_font_size_last_edited=&#8220;on|phone&#8220; global_colors_info=&#8220;{}&#8220; sticky_enabled=&#8220;0&#8243;][\/et_pb_heading][et_pb_image src=&#8220;https:\/\/moulindecharrier.com\/wp-content\/uploads\/2026\/04\/portrait-felicie-christophe.jpg&#8220; alt=&#8220;Vos h\u00f4tes &#8211; le moulin de Charrier&#8220; title_text=&#8220;portrait-felicie-christophe&#8220; _builder_version=&#8220;4.27.6&#8243; _module_preset=&#8220;default&#8220; hover_enabled=&#8220;0&#8243; global_colors_info=&#8220;{}&#8220; sticky_enabled=&#8220;0&#8243;][\/et_pb_image][et_pb_text _builder_version=&#8220;4.27.6&#8243; _module_preset=&#8220;default&#8220; text_font=&#8220;&#8211;et_global_body_font|500|||||||&#8220; text_text_color=&#8220;#17181a&#8220; text_orientation=&#8220;center&#8220; global_colors_info=&#8220;{}&#8220;]<\/p>\n<p>Wir haben 23 Jahre unter der Sonne der \u00cele de Beaut\u00e9 gelebt. Ich habe am Lyc\u00e9e Fred Scamaroni in Bastia Hotel- und Gastst\u00e4ttengewerbe unterrichtet, w\u00e4hrend sich mein Mann leidenschaftlich f\u00fcr die Begleitung von Marktg\u00e4rtnern und Zitrusfr\u00fcchteanbauern der \u00f6stlichen Ebene eingesetzt hat, sowohl im konventionellen als auch im biologischen Anbau (Clementinen und andere Zitrusfr\u00fcchte, Melonen, Weinreben, Kiwis\u2026). <br \/>Dort haben wir weit mehr als ein Leben aufgebaut: eine Familiengeschichte. Wir hatten das Gl\u00fcck, unsere drei Kinder in einer unber\u00fchrten Umgebung aufwachsen zu sehen, reich an Natur, Kultur und Einfachheit, im Rhythmus der Jahreszeiten.<br \/>Aus diesen Jahren auf Korsika bewahren wir einen tiefen Eindruck. Starke Bindungen, ein seltener menschlicher Reichtum\u2026 und vor allem die immense Gro\u00dfz\u00fcgigkeit unserer korsischen Freunde, die uns weiterhin begleitet. Heute wird im Moulin de Charrier eine neue Seite geschrieben. Ein Herzensabenteuer, getragen vom Wunsch, zu empfangen, weiterzugeben und diesen geschichtstr\u00e4chtigen Ort zum Leben zu erwecken. Und mit Freude und Einfachheit laden wir Sie ein, daran teilzuhaben.    <\/p>\n<p>Der Wunsch, zu unseren Wurzeln und unseren Familien zur\u00fcckzukehren, war immer vorhanden, aber das Jahr 2024 markierte einen entscheidenden Wendepunkt. Meine Mutter Patricia, die die M\u00fchle 2006 mit ihrem Mann Bernard gekauft hatte, hat uns pl\u00f6tzlich verlassen.<br \/>Mehr als 18 Jahre lang haben sie ihre Energie und ihr Herz daf\u00fcr eingesetzt, diesen Ort neu zu beleben: Renovierung der Geb\u00e4ude, Gruppenunterkunft, D\u00e4cher, Fresko, Wohnwagen, Solarmodule, Restaurantterrasse, Campingsanit\u00e4ranlagen\u2026 ohne das Rodet-M\u00fchlrad und sein Becken zu vergessen. <\/p>\n<p>Sie haben diesen wunderbaren Ort am Ufer der Besorgues zu einem lebendigen, herzlichen Ort gemacht, der Begegnungen, Wiedersehen und kulturellen Austausch f\u00f6rdert, insbesondere w\u00e4hrend der Europ\u00e4ischen M\u00fchlen- und Kulturtage im Mai und September.<br \/>Um dieses Erbe weiterzuleben und die Seele der M\u00fchle zu bewahren, haben wir uns entschieden, unsere Komfortzone zu verlassen \u2014 das nationale Bildungswesen und die korsischen Gefilde \u2014 um den Staffelstab zu \u00fcbernehmen. Wie Patricia und Bernard vor uns st\u00fcrzen wir uns in die Aufnahme von Gruppen und G\u00e4sten aus allen Bereichen, in die Permakultur und die Gastronomie, damit auch Sie diesen magischen Ort entdecken k\u00f6nnen, wo die Terrassenkultur und der Kastanienwald sich mit der Kultur des Geschmacks und der Geschichte des Steins verbinden. Wir freuen uns darauf, Sie bald zu empfangen! <\/p>\n<p>[\/et_pb_text][et_pb_button button_url=&#8220;https:\/\/moulindecharrier.com\/wp-content\/uploads\/2026\/04\/Historique-Moulin.pdf&#8220; url_new_window=&#8220;on&#8220; button_text=&#8220;Die Geschichte der M\u00fchle erkunden&#8220; button_alignment=&#8220;center&#8220; _builder_version=&#8220;4.27.6&#8243; _module_preset=&#8220;default&#8220; custom_button=&#8220;on&#8220; button_bg_color=&#8220;#c24f2e&#8220; button_border_width=&#8220;11px&#8220; button_border_color=&#8220;#c24f2e&#8220; button_font=&#8220;&#8211;et_global_body_font|600|||||||&#8220; button_use_icon=&#8220;off&#8220; background_layout=&#8220;dark&#8220; button_text_size_tablet=&#8220;&#8220; button_text_size_phone=&#8220;16px&#8220; button_text_size_last_edited=&#8220;on|phone&#8220; global_module=&#8220;1310&#8243; saved_tabs=&#8220;all&#8220; global_colors_info=&#8220;{}&#8220; button_bg_color__hover_enabled=&#8220;on|hover&#8220; button_bg_color__hover=&#8220;#b73d00&#8243; button_bg_enable_color__hover=&#8220;on&#8220; button_border_color__hover_enabled=&#8220;on|hover&#8220; button_border_color__hover=&#8220;#b73d00&#8243;][\/et_pb_button][\/et_pb_column][\/et_pb_row][\/et_pb_section][et_pb_section fb_built=&#8220;1&#8243; disabled_on=&#8220;on|off|off&#8220; _builder_version=&#8220;4.27.6&#8243; _module_preset=&#8220;default&#8220; background_color=&#8220;RGBA(255,255,255,0)&#8220; z_index=&#8220;1&#8243; custom_margin=&#8220;-800px||||false|false&#8220; custom_margin_tablet=&#8220;250px||-200px|-80px|false|false&#8220; custom_margin_phone=&#8220;-200px||0px|-80px|false|false&#8220; custom_margin_last_edited=&#8220;off|desktop&#8220; custom_padding=&#8220;||||false|false&#8220; scroll_vertical_motion_enable=&#8220;on&#8220; scroll_vertical_motion=&#8220;0|11|11|100|0|0|-0.5&#8243; scroll_fade_enable=&#8220;on&#8220; scroll_fade=&#8220;0|25|25|100|0|100|100&#8243; motion_trigger_start=&#8220;top&#8220; global_colors_info=&#8220;{}&#8220;][et_pb_row _builder_version=&#8220;4.27.6&#8243; _module_preset=&#8220;default&#8220; module_alignment=&#8220;left&#8220; global_colors_info=&#8220;{}&#8220;][et_pb_column type=&#8220;4_4&#8243; _builder_version=&#8220;4.27.6&#8243; _module_preset=&#8220;default&#8220; global_colors_info=&#8220;{}&#8220;][et_pb_image src=&#8220;https:\/\/moulindecharrier.com\/wp-content\/uploads\/2026\/04\/dessin-grenouille.png&#8220; alt=&#8220;Illustration grenouille &#8211; Le Moulin de Charrier&#8220; title_text=&#8220;dessin-grenouille&#8220; disabled_on=&#8220;on|off|off&#8220; _builder_version=&#8220;4.27.6&#8243; _module_preset=&#8220;default&#8220; custom_margin=&#8220;-500px||-800px||false|false&#8220; custom_padding=&#8220;||||false|false&#8220; scroll_vertical_motion=&#8220;0|50|50|100|1|0|0&#8243; global_colors_info=&#8220;{}&#8220;][\/et_pb_image][\/et_pb_column][\/et_pb_row][\/et_pb_section][et_pb_section fb_built=&#8220;1&#8243; disabled_on=&#8220;off|off|off&#8220; module_class=&#8220;section-menu-lateral&#8220; _builder_version=&#8220;4.27.6&#8243; _module_preset=&#8220;default&#8220; global_module=&#8220;542&#8243; saved_tabs=&#8220;all&#8220; global_colors_info=&#8220;{}&#8220;][\/et_pb_section][et_pb_section fb_built=&#8220;1&#8243; custom_padding_last_edited=&#8220;off|phone&#8220; _builder_version=&#8220;4.27.6&#8243; _module_preset=&#8220;default&#8220; background_color=&#8220;#edf0df&#8220; custom_margin=&#8220;0px||0px||false|false&#8220; custom_margin_phone=&#8220;0px||||false|false&#8220; custom_margin_last_edited=&#8220;off|phone&#8220; custom_padding=&#8220;0px||0px||false|false&#8220; global_colors_info=&#8220;{}&#8220;][et_pb_row _builder_version=&#8220;4.27.6&#8243; _module_preset=&#8220;default&#8220; global_colors_info=&#8220;{}&#8220;][et_pb_column type=&#8220;4_4&#8243; _builder_version=&#8220;4.27.6&#8243; _module_preset=&#8220;default&#8220; global_colors_info=&#8220;{}&#8220;][et_pb_gallery gallery_ids=&#8220;2671,2672,2673,2674,2675,2676,2677,2678&#8243; fullwidth=&#8220;on&#8220; module_class=&#8220;galerie-sites&#8220; _builder_version=&#8220;4.27.6&#8243; _module_preset=&#8220;default&#8220; width_tablet=&#8220;100%&#8220; width_phone=&#8220;100%&#8220; width_last_edited=&#8220;on|tablet&#8220; module_alignment=&#8220;center&#8220; hover_enabled=&#8220;0&#8243; global_colors_info=&#8220;{}&#8220; sticky_enabled=&#8220;0&#8243;][\/et_pb_gallery][\/et_pb_column][\/et_pb_row][\/et_pb_section][et_pb_section fb_built=&#8220;1&#8243; custom_padding_last_edited=&#8220;on|phone&#8220; module_class=&#8220;section-hebergements&#8220; _builder_version=&#8220;4.27.6&#8243; _module_preset=&#8220;default&#8220; background_color=&#8220;#c7ccad&#8220; height=&#8220;380px&#8220; custom_margin=&#8220;||0px||false|false&#8220; custom_padding=&#8220;80px||0px||false|false&#8220; global_module=&#8220;1999&#8243; saved_tabs=&#8220;all&#8220; global_colors_info=&#8220;{}&#8220; custom_padding_tablet=&#8220;80px||0px||false|false&#8220; custom_padding_phone=&#8220;80px||0px||false|false&#8220;][et_pb_row _builder_version=&#8220;4.27.6&#8243; _module_preset=&#8220;default&#8220; module_alignment=&#8220;center&#8220; custom_margin=&#8220;||50px||false|false&#8220; global_colors_info=&#8220;{}&#8220;][et_pb_column type=&#8220;4_4&#8243; _builder_version=&#8220;4.27.6&#8243; _module_preset=&#8220;default&#8220; global_colors_info=&#8220;{}&#8220;][et_pb_heading title=&#8220;Unsere Unterk\u00fcnfte&#8220; _builder_version=&#8220;4.27.6&#8243; _module_preset=&#8220;default&#8220; title_level=&#8220;h2&#8243; title_text_align=&#8220;center&#8220; title_text_color=&#8220;#FFFFFF&#8220; module_alignment=&#8220;center&#8220; custom_margin=&#8220;||0px||false|false&#8220; custom_padding=&#8220;||0px||false|false&#8220; title_font_size_tablet=&#8220;&#8220; title_font_size_phone=&#8220;38px&#8220; title_font_size_last_edited=&#8220;on|phone&#8220; global_colors_info=&#8220;{}&#8220;][\/et_pb_heading][\/et_pb_column][\/et_pb_row][et_pb_row column_structure=&#8220;1_4,1_4,1_4,1_4&#8243; use_custom_gutter=&#8220;on&#8220; gutter_width=&#8220;2&#8243; make_equal=&#8220;on&#8220; module_class=&#8220;hebergements&#8220; _builder_version=&#8220;4.27.6&#8243; _module_preset=&#8220;default&#8220; module_alignment=&#8220;center&#8220; min_height=&#8220;439px&#8220; height=&#8220;439px&#8220; max_height=&#8220;439px&#8220; custom_margin=&#8220;||||false|false&#8220; custom_padding=&#8220;||450px||false|false&#8220; scroll_fade_enable=&#8220;on&#8220; scroll_fade=&#8220;0|12|12|30|0|100|100&#8243; custom_css_main_element=&#8220;margin-bottom: -80px;||position: relative;||z-index: 10;&#8220; global_colors_info=&#8220;{}&#8220;][et_pb_column type=&#8220;1_4&#8243; _builder_version=&#8220;4.27.6&#8243; _module_preset=&#8220;default&#8220; global_colors_info=&#8220;{}&#8220;][et_pb_blurb title=&#8220;Das Gruppenhaus&#8220; alt=&#8220;Das Gruppenhaus der Moulin de Charrier&#8220; _builder_version=&#8220;4.27.6&#8243; _dynamic_attributes=&#8220;link_option_url&#8220; _module_preset=&#8220;default&#8220; background_image=&#8220;https:\/\/moulindecharrier.com\/wp-content\/uploads\/2026\/03\/photo-hebergement-gitedegroupe.jpg&#8220; link_option_url=&#8220;@ET-DC@eyJkeW5hbWljIjp0cnVlLCJjb250ZW50IjoicG9zdF9saW5rX3VybF9wYWdlIiwic2V0dGluZ3MiOnsicG9zdF9pZCI6IjgxOCJ9fQ==@&#8220; border_style_all_image=&#8220;none&#8220; global_colors_info=&#8220;{}&#8220;]<\/p>\n<p>Ein Bereich von 160 m\u00b2 auf 2 Etagen in einer gesch\u00fctzten Umgebung.<\/p>\n<p>[\/et_pb_blurb][\/et_pb_column][et_pb_column type=&#8220;1_4&#8243; _builder_version=&#8220;4.27.6&#8243; _module_preset=&#8220;default&#8220; global_colors_info=&#8220;{}&#8220;][et_pb_blurb title=&#8220;Die G\u00e4stezimmer&#8220; alt=&#8220;Die G\u00e4stezimmer der Moulin de Charrier&#8220; _builder_version=&#8220;4.27.6&#8243; _dynamic_attributes=&#8220;link_option_url&#8220; _module_preset=&#8220;default&#8220; background_image=&#8220;https:\/\/moulindecharrier.com\/wp-content\/uploads\/2026\/03\/photo-hebergement-chambredhote.jpg&#8220; link_option_url=&#8220;@ET-DC@eyJkeW5hbWljIjp0cnVlLCJjb250ZW50IjoicG9zdF9saW5rX3VybF9wYWdlIiwic2V0dGluZ3MiOnsicG9zdF9pZCI6IjExODAifX0=@&#8220; border_style_all_image=&#8220;none&#8220; global_colors_info=&#8220;{}&#8220;]<\/p>\n<p>Komfortabel und individuell gestaltet, jeweils mit eigener Dusche ausgestattet.<\/p>\n<p>[\/et_pb_blurb][\/et_pb_column][et_pb_column type=&#8220;1_4&#8243; _builder_version=&#8220;4.27.6&#8243; _module_preset=&#8220;default&#8220; global_colors_info=&#8220;{}&#8220;][et_pb_blurb title=&#8220;Die H\u00fctte&#8220; alt=&#8220;Die H\u00fctte der Moulin de Charrier&#8220; _builder_version=&#8220;4.27.6&#8243; _dynamic_attributes=&#8220;link_option_url&#8220; _module_preset=&#8220;default&#8220; use_background_color_gradient=&#8220;on&#8220; background_color_gradient_stops=&#8220;rgba(0,0,0,0) 0%|rgba(0,0,0,0.82) 99%&#8220; background_image=&#8220;https:\/\/moulindecharrier.com\/wp-content\/uploads\/2026\/03\/photo-hebergement-paillote.jpg&#8220; link_option_url=&#8220;@ET-DC@eyJkeW5hbWljIjp0cnVlLCJjb250ZW50IjoicG9zdF9saW5rX3VybF9wYWdlIiwic2V0dGluZ3MiOnsicG9zdF9pZCI6IjExNjAifX0=@&#8220; global_colors_info=&#8220;{}&#8220;]<\/p>\n<p>Mit einer Fl\u00e4che von 25 m\u00b2, auf einer Terrasse und mitten im Gr\u00fcnen gelegen.<\/p>\n<p>[\/et_pb_blurb][\/et_pb_column][et_pb_column type=&#8220;1_4&#8243; _builder_version=&#8220;4.27.6&#8243; _module_preset=&#8220;default&#8220; global_colors_info=&#8220;{}&#8220;][et_pb_blurb title=&#8220;Der Campingplatz&#8220; alt=&#8220;Die H\u00fctte der Moulin de Charrier&#8220; _builder_version=&#8220;4.27.6&#8243; _dynamic_attributes=&#8220;link_option_url&#8220; _module_preset=&#8220;default&#8220; use_background_color_gradient=&#8220;on&#8220; background_color_gradient_stops=&#8220;rgba(0,0,0,0) 0%|rgba(0,0,0,0.82) 99%&#8220; background_image=&#8220;https:\/\/moulindecharrier.com\/wp-content\/uploads\/2026\/03\/photo-hebergement-camping-1.jpg&#8220; link_option_url=&#8220;@ET-DC@eyJkeW5hbWljIjp0cnVlLCJjb250ZW50IjoicG9zdF9saW5rX3VybF9wYWdlIiwic2V0dGluZ3MiOnsicG9zdF9pZCI6IjEyNzkifX0=@&#8220; global_colors_info=&#8220;{}&#8220;]<\/p>\n<p><span>Ein schattiger Naturplatz auf einem Hektar direkt am Flussufer.<\/span><\/p>\n<p>[\/et_pb_blurb][\/et_pb_column][\/et_pb_row][\/et_pb_section][et_pb_section fb_built=&#8220;1&#8243; _builder_version=&#8220;4.27.6&#8243; _module_preset=&#8220;default&#8220; background_color=&#8220;RGBA(255,255,255,0)&#8220; custom_margin=&#8220;300px||||false|false&#8220; custom_margin_tablet=&#8220;1500px||||false|false&#8220; custom_margin_phone=&#8220;1500px||||false|false&#8220; custom_margin_last_edited=&#8220;on|phone&#8220; global_colors_info=&#8220;{}&#8220;][et_pb_row _builder_version=&#8220;4.27.6&#8243; _module_preset=&#8220;default&#8220; global_colors_info=&#8220;{}&#8220;][et_pb_column type=&#8220;4_4&#8243; _builder_version=&#8220;4.27.6&#8243; _module_preset=&#8220;default&#8220; global_colors_info=&#8220;{}&#8220;][\/et_pb_column][\/et_pb_row][\/et_pb_section]<\/p>\n","protected":false},"excerpt":{"rendered":"<p>Wir haben 23 Jahre unter der Sonne der \u00cele de Beaut\u00e9 gelebt. Ich habe am Lyc\u00e9e Fred Scamaroni in Bastia Hotel- und Gastst\u00e4ttengewerbe unterrichtet, w\u00e4hrend sich mein Mann leidenschaftlich f\u00fcr die Begleitung von Marktg\u00e4rtnern und Zitrusfr\u00fcchteanbauern der \u00f6stlichen Ebene eingesetzt hat, sowohl im konventionellen als auch im biologischen Anbau (Clementinen und andere Zitrusfr\u00fcchte, Melonen, Weinreben, [&hellip;]<\/p>\n","protected":false},"author":1,"featured_media":0,"parent":0,"menu_order":0,"comment_status":"closed","ping_status":"closed","template":"","meta":{"_et_pb_use_builder":"on","_et_pb_old_content":"","_et_gb_content_width":"","footnotes":""},"class_list":["post-2670","page","type-page","status-publish","hentry"],"_links":{"self":[{"href":"https:\/\/moulindecharrier.com\/de\/wp-json\/wp\/v2\/pages\/2670","targetHints":{"allow":["GET"]}}],"collection":[{"href":"https:\/\/moulindecharrier.com\/de\/wp-json\/wp\/v2\/pages"}],"about":[{"href":"https:\/\/moulindecharrier.com\/de\/wp-json\/wp\/v2\/types\/page"}],"author":[{"embeddable":true,"href":"https:\/\/moulindecharrier.com\/de\/wp-json\/wp\/v2\/users\/1"}],"replies":[{"embeddable":true,"href":"https:\/\/moulindecharrier.com\/de\/wp-json\/wp\/v2\/comments?post=2670"}],"version-history":[{"count":6,"href":"https:\/\/moulindecharrier.com\/de\/wp-json\/wp\/v2\/pages\/2670\/revisions"}],"predecessor-version":[{"id":3091,"href":"https:\/\/moulindecharrier.com\/de\/wp-json\/wp\/v2\/pages\/2670\/revisions\/3091"}],"wp:attachment":[{"href":"https:\/\/moulindecharrier.com\/de\/wp-json\/wp\/v2\/media?parent=2670"}],"curies":[{"name":"wp","href":"https:\/\/api.w.org\/{rel}","templated":true}]}}