{"id":2399,"date":"2026-03-23T10:35:27","date_gmt":"2026-03-23T10:35:27","guid":{"rendered":"https:\/\/moulindecharrier.com\/ardeche-by-bike\/"},"modified":"2026-04-28T13:29:20","modified_gmt":"2026-04-28T13:29:20","slug":"ardeche-by-bike","status":"publish","type":"page","link":"https:\/\/moulindecharrier.com\/en\/ardeche-by-bike\/","title":{"rendered":"Ard\u00e8che by Bike"},"content":{"rendered":"<p>[et_pb_section fb_built=&#8221;1&#8243; _builder_version=&#8221;4.27.6&#8243; _module_preset=&#8221;default&#8221; background_color=&#8221;#edf0df&#8221; custom_margin=&#8221;||||false|false&#8221; custom_padding=&#8221;||0px||false|false&#8221; global_colors_info=&#8221;{}&#8221;][et_pb_row _builder_version=&#8221;4.27.6&#8243; _module_preset=&#8221;default&#8221; global_colors_info=&#8221;{}&#8221;][et_pb_column type=&#8221;4_4&#8243; _builder_version=&#8221;4.27.6&#8243; _module_preset=&#8221;default&#8221; global_colors_info=&#8221;{}&#8221;][et_pb_heading title=&#8221;Cycling in Ard\u00e8che&#8221; _builder_version=&#8221;4.27.6&#8243; _module_preset=&#8221;default&#8221; title_font=&#8221;|||on|||||&#8221; title_text_align=&#8221;center&#8221; title_text_color=&#8221;#363836&#8243; title_font_size=&#8221;60px&#8221; hover_enabled=&#8221;0&#8243; global_colors_info=&#8221;{}&#8221; title_font_size_last_edited=&#8221;on|desktop&#8221; sticky_enabled=&#8221;0&#8243; title_font_size_phone=&#8221;47px&#8221; title_font_size_tablet=&#8221;60px&#8221;][\/et_pb_heading][et_pb_text _builder_version=&#8221;4.27.6&#8243; _module_preset=&#8221;default&#8221; text_font=&#8221;&#8211;et_global_body_font|600||on|||||&#8221; text_text_color=&#8221;#17181a&#8221; text_font_size=&#8221;25px&#8221; text_letter_spacing=&#8221;2px&#8221; text_orientation=&#8221;center&#8221; hover_enabled=&#8221;0&#8243; global_colors_info=&#8221;{}&#8221; sticky_enabled=&#8221;0&#8243; text_font_size_last_edited=&#8221;on|phone&#8221; text_font_size_phone=&#8221;22px&#8221; text_font_size_tablet=&#8221;25px&#8221;]<\/p>\n<p>Unique routes for every kind of cycling in Ard\u00e8che<\/p>\n<p>[\/et_pb_text][et_pb_text _builder_version=&#8221;4.27.6&#8243; _module_preset=&#8221;default&#8221; text_font=&#8221;&#8211;et_global_body_font|500|||||||&#8221; text_text_color=&#8221;#17181a&#8221; text_orientation=&#8221;center&#8221; global_colors_info=&#8221;{}&#8221;]<\/p>\n<p><a href=\"http:\/\/www.ardeche-a-velo.com\/\" target=\"_blank\" rel=\"noopener\" title=\"Cycling in Ard\u00e8che\">Cycling in Ard\u00e8che<\/a> also means pedaling along safe <a href=\"https:\/\/www.ardeche-guide.com\/voies-douces-d-ardeche\" target=\"_blank\" rel=\"noopener\">greenways<\/a> like the <a href=\"https:\/\/via-ardeche.fr\/\" target=\"_blank\" rel=\"noopener\">Via Ard\u00e8che<\/a>, the <a href=\"https:\/\/www.viarhona.com\/\" target=\"_blank\" rel=\"noopener\">ViaRh\u00f4na<\/a>, or the <a href=\"https:\/\/via-ardeche.fr\/\" target=\"_blank\" rel=\"noopener\">Dolce Via<\/a>. Or you can take on a sporting challenge on a mountain bike along the <a href=\"https:\/\/carte.ardeche-guide.com\/parcours\/vtt-a-assistance-electrique\/920d018f-f3ae-4b6c-ac49-a54d7d68e077\/grande-traversee-de-lardeche-vtt-variante-de-depart-etape-1-de-tournon-sur-rhone-a-saint-felicien\" target=\"_blank\" rel=\"noopener\">Grande Travers\u00e9e de l\u2019Ard\u00e8che VTT<\/a> or one of the famous L&#8217;Ard\u00e9choise routes. <\/p>\n<p>For those looking for a more leisurely pace, you can head out for the day on small country roads with our <a href=\"https:\/\/carte.ardeche-guide.com\/parcours\/velo-a-assistance-electrique\/4e1fac7c-b81f-4d11-80d6-5344b0888dbc\/vallees-chataignes-et-volcans\" target=\"_blank\" rel=\"noopener\">departmental e-bike loops<\/a>&#8230;<\/p>\n<p>Whether for a weekend, a day, or a touring trip, everyone can enjoy a bike ride while taking a break for a swim or a a <a href=\"https:\/\/www.goutezlardeche.fr\/piquenique\/\" target=\"_blank\" rel=\"noopener\">locally sourced picnic basket.<\/a><\/p>\n<p>Located in Labastide-sur-Besorgues, the Moulin de Charrier is ideally situated on the routes of <a href=\"https:\/\/drive.google.com\/file\/d\/13faB0xgV90udZkgrkCQ5zM9bpAaGhpLg\/view\" target=\"_blank\" rel=\"noopener\">the famous cycling race<\/a> created in 1992, which brings together over 14,000 cyclists and many volunteers every year.<\/p>\n<p>[\/et_pb_text][et_pb_button button_url=&#8221;https:\/\/www.francevelotourisme.com\/accueil-velo&#8221; url_new_window=&#8221;on&#8221; button_text=&#8221;cyclist services&#8221; button_alignment=&#8221;center&#8221; _builder_version=&#8221;4.27.6&#8243; _module_preset=&#8221;default&#8221; custom_button=&#8221;on&#8221; button_text_color=&#8221;#FFFFFF&#8221; button_bg_color=&#8221;#c24f2e&#8221; button_border_width=&#8221;11px&#8221; button_border_color=&#8221;#c24f2e&#8221; button_border_radius=&#8221;3px&#8221; button_font=&#8221;|600|||||||&#8221; button_use_icon=&#8221;off&#8221; background_layout=&#8221;dark&#8221; global_colors_info=&#8221;{}&#8221; button_bg_color__hover=&#8221;#b73d00&#8243; button_bg_color__hover_enabled=&#8221;on|hover&#8221; button_border_color__hover=&#8221;#b73d00&#8243; button_border_color__hover_enabled=&#8221;on|hover&#8221;][\/et_pb_button][\/et_pb_column][\/et_pb_row][\/et_pb_section][et_pb_section fb_built=&#8221;1&#8243; disabled_on=&#8221;on|off|off&#8221; _builder_version=&#8221;4.27.6&#8243; _module_preset=&#8221;default&#8221; background_color=&#8221;RGBA(255,255,255,0)&#8221; z_index=&#8221;1&#8243; custom_margin=&#8221;-300px||-300px|200px|false|false&#8221; custom_margin_tablet=&#8221;250px||-200px|-80px|false|false&#8221; custom_margin_phone=&#8221;250px||-200px|-80px|false|false&#8221; custom_margin_last_edited=&#8221;on|phone&#8221; custom_padding=&#8221;||||false|false&#8221; scroll_vertical_motion_enable=&#8221;on&#8221; scroll_vertical_motion=&#8221;0|11|11|100|0|0|-0.5&#8243; scroll_fade_enable=&#8221;on&#8221; scroll_fade=&#8221;0|75|75|100|0|100|100&#8243; motion_trigger_start=&#8221;bottom&#8221; global_colors_info=&#8221;{}&#8221;][et_pb_row _builder_version=&#8221;4.27.6&#8243; _module_preset=&#8221;default&#8221; module_alignment=&#8221;left&#8221; global_colors_info=&#8221;{}&#8221;][et_pb_column type=&#8221;4_4&#8243; _builder_version=&#8221;4.27.6&#8243; _module_preset=&#8221;default&#8221; global_colors_info=&#8221;{}&#8221;][et_pb_image src=&#8221;https:\/\/moulindecharrier.com\/wp-content\/uploads\/2026\/03\/dessin-chataigne.png&#8221; alt=&#8221;Chestnut illustration&#8221; title_text=&#8221;chestnut-drawing&#8221; disabled_on=&#8221;on|off|off&#8221; _builder_version=&#8221;4.27.6&#8243; _module_preset=&#8221;default&#8221; custom_margin=&#8221;||-200px||false|false&#8221; scroll_vertical_motion=&#8221;0|50|50|100|1|0|0&#8243; global_colors_info=&#8221;{}&#8221;][\/et_pb_image][\/et_pb_column][\/et_pb_row][\/et_pb_section][et_pb_section fb_built=&#8221;1&#8243; _builder_version=&#8221;4.27.6&#8243; _module_preset=&#8221;default&#8221; background_color=&#8221;#edf0df&#8221; custom_margin=&#8221;0px||0px||false|false&#8221; custom_padding=&#8221;0px||0px||false|false&#8221; global_module=&#8221;1470&#8243; saved_tabs=&#8221;all&#8221; global_colors_info=&#8221;{}&#8221;][et_pb_row _builder_version=&#8221;4.27.6&#8243; _module_preset=&#8221;default&#8221; global_colors_info=&#8221;{}&#8221;][et_pb_column type=&#8221;4_4&#8243; _builder_version=&#8221;4.27.6&#8243; _module_preset=&#8221;default&#8221; global_colors_info=&#8221;{}&#8221;][et_pb_image src=&#8221;https:\/\/moulindecharrier.com\/wp-content\/uploads\/2026\/03\/photo-veloardeche.jpg&#8221; alt=&#8221;Cycling in Ard\u00e8che&#8221; title_text=&#8221;photo-cycling-ardeche&#8221; align=&#8221;center&#8221; _builder_version=&#8221;4.27.6&#8243; _module_preset=&#8221;default&#8221; width=&#8221;100%&#8221; max_width=&#8221;100%&#8221; scroll_fade_enable=&#8221;on&#8221; scroll_fade=&#8221;0|75|75|100|0|100|100&#8243; global_colors_info=&#8221;{}&#8221;][\/et_pb_image][\/et_pb_column][\/et_pb_row][\/et_pb_section][et_pb_section fb_built=&#8221;1&#8243; module_class=&#8221;accueil-velo&#8221; _builder_version=&#8221;4.27.6&#8243; _module_preset=&#8221;default&#8221; custom_margin=&#8221;0px||||false|false&#8221; custom_padding=&#8221;0px||||false|false&#8221; global_module=&#8221;1468&#8243; saved_tabs=&#8221;all&#8221; global_colors_info=&#8221;{}&#8221;][et_pb_row column_structure=&#8221;1_2,1_2&#8243; _builder_version=&#8221;4.27.6&#8243; _module_preset=&#8221;default&#8221; custom_margin=&#8221;0px||||false|false&#8221; custom_padding=&#8221;0px||||false|false&#8221; custom_css_free_form=&#8221;\/* Section accueil v\u00e9lo *\/||.accueil-velo {||  background-color: #edf0df !important;||  padding-top: 60px !important;||  padding-bottom: 60px !important;||}||||.accueil-velo ul {||  list-style: none !important;||  padding-left: 0 !important;||}||||.accueil-velo ul li {||  padding-left: 24px !important;||  position: relative !important;||  margin-bottom: 12px !important;||  font-family: &#8216;Raleway&#8217;, sans-serif !important;||  font-weight: medium;||  font-size: 19px !important;||  color: #444444 !important;||  line-height: 1.5 !important;||}||||\/* Fl\u00e8che devant chaque item *\/||.accueil-velo ul li:before {||  content: &#8216;\u2192&#8217; !important;||  position: absolute !important;||  left: 0 !important;||  color: #3d5a47 !important;||}||||@media (max-width: 767px) {||  .accueil-velo .et_pb_row {||    flex-direction: column !important;||  }||||  .accueil-velo .et_pb_column {||    width: 100% !important;||    margin-bottom: 20px !important;||  }||}&#8221; global_colors_info=&#8221;{}&#8221;][et_pb_column type=&#8221;1_2&#8243; _builder_version=&#8221;4.27.6&#8243; _module_preset=&#8221;default&#8221; global_colors_info=&#8221;{}&#8221;][et_pb_text _builder_version=&#8221;4.27.6&#8243; _module_preset=&#8221;default&#8221; global_colors_info=&#8221;{}&#8221;]<\/p>\n<p><strong>WE OFFER YOU A PERSONALIZED BIKE WELCOMING<\/strong><\/p>\n<ul>\n<li>An invigorating swim in the Besorgues to soothe your legs<\/li>\n<li>A meal tailored to your athletic needs, prepared with organic and\/or local products<\/li>\n<li>A comfortable bed to recover (5 rooms, 1 hut, 1 caravan: max 22 guests) or the possibility to camp in a tent<\/li>\n<li>A hearty homemade breakfast, served early if needed<\/li>\n<\/ul>\n<p>[\/et_pb_text][\/et_pb_column][et_pb_column type=&#8221;1_2&#8243; _builder_version=&#8221;4.27.6&#8243; _module_preset=&#8221;default&#8221; global_colors_info=&#8221;{}&#8221;][et_pb_text _builder_version=&#8221;4.27.6&#8243; _module_preset=&#8221;default&#8221; global_colors_info=&#8221;{}&#8221;]<\/p>\n<ul>\n<li>A kitchen with free access<\/li>\n<li>An Ard\u00e9chois picnic basket<\/li>\n<li>\n<\/li>\n<li>A relaxation area to plan your excursions<\/li>\n<li>Information and advice on request<\/li>\n<li>A washing machine and dryer<\/li>\n<li>A secure room and a washing station<\/li>\n<li>A repair kit<\/li>\n<li>Electrical outlets to recharge e-bike batteries<\/li>\n<\/ul>\n<p>[\/et_pb_text][\/et_pb_column][\/et_pb_row][\/et_pb_section][et_pb_section fb_built=&#8221;1&#8243; module_class=&#8221;section-hebergements&#8221; _builder_version=&#8221;4.27.6&#8243; _module_preset=&#8221;default&#8221; background_color=&#8221;#c7ccad&#8221; height=&#8221;380px&#8221; custom_margin=&#8221;||0px||false|false&#8221; custom_padding=&#8221;80px||0px||false|false&#8221; hover_enabled=&#8221;0&#8243; global_module=&#8221;1999&#8243; saved_tabs=&#8221;all&#8221; global_colors_info=&#8221;{}&#8221; custom_padding_last_edited=&#8221;on|phone&#8221; sticky_enabled=&#8221;0&#8243; custom_padding_phone=&#8221;50px||||false|false&#8221; custom_padding_tablet=&#8221;80px||0px||false|false&#8221;][et_pb_row _builder_version=&#8221;4.27.6&#8243; _module_preset=&#8221;default&#8221; module_alignment=&#8221;center&#8221; custom_margin=&#8221;||50px||false|false&#8221; global_colors_info=&#8221;{}&#8221;][et_pb_column type=&#8221;4_4&#8243; _builder_version=&#8221;4.27.6&#8243; _module_preset=&#8221;default&#8221; global_colors_info=&#8221;{}&#8221;][et_pb_heading title=&#8221;OUR ACCOMMODATION&#8221; _builder_version=&#8221;4.27.6&#8243; _module_preset=&#8221;default&#8221; title_level=&#8221;h2&#8243; title_text_align=&#8221;center&#8221; title_text_color=&#8221;#FFFFFF&#8221; module_alignment=&#8221;center&#8221; custom_margin=&#8221;||0px||false|false&#8221; hover_enabled=&#8221;0&#8243; title_font_size_tablet=&#8221;&#8221; title_font_size_phone=&#8221;38px&#8221; title_font_size_last_edited=&#8221;on|phone&#8221; global_colors_info=&#8221;{}&#8221; sticky_enabled=&#8221;0&#8243; custom_padding=&#8221;||0px||false|false&#8221;][\/et_pb_heading][\/et_pb_column][\/et_pb_row][et_pb_row column_structure=&#8221;1_4,1_4,1_4,1_4&#8243; use_custom_gutter=&#8221;on&#8221; gutter_width=&#8221;2&#8243; make_equal=&#8221;on&#8221; module_class=&#8221;hebergements&#8221; _builder_version=&#8221;4.27.6&#8243; _module_preset=&#8221;default&#8221; module_alignment=&#8221;center&#8221; min_height=&#8221;439px&#8221; height=&#8221;439px&#8221; max_height=&#8221;439px&#8221; custom_margin=&#8221;||||false|false&#8221; custom_padding=&#8221;||450px||false|false&#8221; scroll_fade_enable=&#8221;on&#8221; scroll_fade=&#8221;0|12|12|30|0|100|100&#8243; hover_enabled=&#8221;0&#8243; custom_css_main_element=&#8221;margin-bottom: -80px;||position: relative;||z-index: 10;&#8221; global_colors_info=&#8221;{}&#8221; sticky_enabled=&#8221;0&#8243;][et_pb_column type=&#8221;1_4&#8243; _builder_version=&#8221;4.27.6&#8243; _module_preset=&#8221;default&#8221; global_colors_info=&#8221;{}&#8221;][et_pb_blurb title=&#8221;THE GROUP COTTAGE&#8221; alt=&#8221;The group cottage of Moulin de Charrier&#8221; _builder_version=&#8221;4.27.6&#8243; _dynamic_attributes=&#8221;link_option_url&#8221; _module_preset=&#8221;default&#8221; background_image=&#8221;https:\/\/moulindecharrier.com\/wp-content\/uploads\/2026\/03\/photo-hebergement-gitedegroupe.jpg&#8221; link_option_url=&#8221;@ET-DC@eyJkeW5hbWljIjp0cnVlLCJjb250ZW50IjoicG9zdF9saW5rX3VybF9wYWdlIiwic2V0dGluZ3MiOnsicG9zdF9pZCI6IjgxOCJ9fQ==@&#8221; border_style_all_image=&#8221;none&#8221; global_colors_info=&#8221;{}&#8221;]<\/p>\n<p>A 160 m\u00b2 space over 2 floors in a preserved setting.<\/p>\n<p>[\/et_pb_blurb][\/et_pb_column][et_pb_column type=&#8221;1_4&#8243; _builder_version=&#8221;4.27.6&#8243; _module_preset=&#8221;default&#8221; global_colors_info=&#8221;{}&#8221;][et_pb_blurb title=&#8221;The bed &amp; breakfast rooms&#8221; alt=&#8221;The guest rooms of Moulin de Charrier&#8221; _builder_version=&#8221;4.27.6&#8243; _dynamic_attributes=&#8221;link_option_url&#8221; _module_preset=&#8221;default&#8221; background_image=&#8221;https:\/\/moulindecharrier.com\/wp-content\/uploads\/2026\/03\/photo-hebergement-chambredhote.jpg&#8221; link_option_url=&#8221;@ET-DC@eyJkeW5hbWljIjp0cnVlLCJjb250ZW50IjoicG9zdF9saW5rX3VybF9wYWdlIiwic2V0dGluZ3MiOnsicG9zdF9pZCI6IjExODAifX0=@&#8221; border_style_all_image=&#8221;none&#8221; global_colors_info=&#8221;{}&#8221;]<\/p>\n<p>Comfortable and individually styled, each with its own shower.<\/p>\n<p>[\/et_pb_blurb][\/et_pb_column][et_pb_column type=&#8221;1_4&#8243; _builder_version=&#8221;4.27.6&#8243; _module_preset=&#8221;default&#8221; global_colors_info=&#8221;{}&#8221;][et_pb_blurb title=&#8221;Hut&#8221; alt=&#8221;The hut of Moulin de Charrier&#8221; _builder_version=&#8221;4.27.6&#8243; _dynamic_attributes=&#8221;link_option_url&#8221; _module_preset=&#8221;default&#8221; use_background_color_gradient=&#8221;on&#8221; background_color_gradient_stops=&#8221;rgba(0,0,0,0) 0%|rgba(0,0,0,0.82) 99%&#8221; background_image=&#8221;https:\/\/moulindecharrier.com\/wp-content\/uploads\/2026\/03\/photo-hebergement-paillote.jpg&#8221; link_option_url=&#8221;@ET-DC@eyJkeW5hbWljIjp0cnVlLCJjb250ZW50IjoicG9zdF9saW5rX3VybF9wYWdlIiwic2V0dGluZ3MiOnsicG9zdF9pZCI6IjExNjAifX0=@&#8221; global_colors_info=&#8221;{}&#8221;]<\/p>\n<p>With an area of 25 m\u00b2, set on a terrace and surrounded by greenery.<\/p>\n<p>[\/et_pb_blurb][\/et_pb_column][et_pb_column type=&#8221;1_4&#8243; _builder_version=&#8221;4.27.6&#8243; _module_preset=&#8221;default&#8221; global_colors_info=&#8221;{}&#8221;][et_pb_blurb title=&#8221;THE CAMPSITE&#8221; alt=&#8221;The hut of Moulin de Charrier&#8221; _builder_version=&#8221;4.27.6&#8243; _dynamic_attributes=&#8221;link_option_url&#8221; _module_preset=&#8221;default&#8221; use_background_color_gradient=&#8221;on&#8221; background_color_gradient_stops=&#8221;rgba(0,0,0,0) 0%|rgba(0,0,0,0.82) 99%&#8221; background_image=&#8221;https:\/\/moulindecharrier.com\/wp-content\/uploads\/2026\/03\/photo-hebergement-camping-1.jpg&#8221; link_option_url=&#8221;@ET-DC@eyJkeW5hbWljIjp0cnVlLCJjb250ZW50IjoicG9zdF9saW5rX3VybF9wYWdlIiwic2V0dGluZ3MiOnsicG9zdF9pZCI6IjEyNzkifX0=@&#8221; global_colors_info=&#8221;{}&#8221;]<\/p>\n<p><span>A shaded natural area over one hectare on the riverbank.<\/span><\/p>\n<p>[\/et_pb_blurb][\/et_pb_column][\/et_pb_row][\/et_pb_section][et_pb_section fb_built=&#8221;1&#8243; _builder_version=&#8221;4.27.6&#8243; _module_preset=&#8221;default&#8221; background_color=&#8221;RGBA(255,255,255,0)&#8221; custom_margin=&#8221;300px||||false|false&#8221; custom_margin_tablet=&#8221;1500px||||false|false&#8221; custom_margin_phone=&#8221;1520px||||false|false&#8221; custom_margin_last_edited=&#8221;on|phone&#8221; hover_enabled=&#8221;0&#8243; global_colors_info=&#8221;{}&#8221; sticky_enabled=&#8221;0&#8243;][et_pb_row _builder_version=&#8221;4.27.6&#8243; _module_preset=&#8221;default&#8221; global_colors_info=&#8221;{}&#8221;][et_pb_column type=&#8221;4_4&#8243; _builder_version=&#8221;4.27.6&#8243; _module_preset=&#8221;default&#8221; global_colors_info=&#8221;{}&#8221;][\/et_pb_column][\/et_pb_row][\/et_pb_section]<\/p>\n","protected":false},"excerpt":{"rendered":"<p>Unique routes for every kind of cycling in Ard\u00e8cheCycling in Ard\u00e8che also means pedaling along safe greenways like the Via Ard\u00e8che, the ViaRh\u00f4na, or the Dolce Via. Or you can take on a sporting challenge on a mountain bike along the Grande Travers\u00e9e de l\u2019Ard\u00e8che VTT or one of the famous L&#8217;Ard\u00e9choise routes. For those [&hellip;]<\/p>\n","protected":false},"author":1,"featured_media":0,"parent":0,"menu_order":0,"comment_status":"closed","ping_status":"closed","template":"","meta":{"_et_pb_use_builder":"on","_et_pb_old_content":"","_et_gb_content_width":"","footnotes":""},"class_list":["post-2399","page","type-page","status-publish","hentry"],"_links":{"self":[{"href":"https:\/\/moulindecharrier.com\/en\/wp-json\/wp\/v2\/pages\/2399","targetHints":{"allow":["GET"]}}],"collection":[{"href":"https:\/\/moulindecharrier.com\/en\/wp-json\/wp\/v2\/pages"}],"about":[{"href":"https:\/\/moulindecharrier.com\/en\/wp-json\/wp\/v2\/types\/page"}],"author":[{"embeddable":true,"href":"https:\/\/moulindecharrier.com\/en\/wp-json\/wp\/v2\/users\/1"}],"replies":[{"embeddable":true,"href":"https:\/\/moulindecharrier.com\/en\/wp-json\/wp\/v2\/comments?post=2399"}],"version-history":[{"count":4,"href":"https:\/\/moulindecharrier.com\/en\/wp-json\/wp\/v2\/pages\/2399\/revisions"}],"predecessor-version":[{"id":3159,"href":"https:\/\/moulindecharrier.com\/en\/wp-json\/wp\/v2\/pages\/2399\/revisions\/3159"}],"wp:attachment":[{"href":"https:\/\/moulindecharrier.com\/en\/wp-json\/wp\/v2\/media?parent=2399"}],"curies":[{"name":"wp","href":"https:\/\/api.w.org\/{rel}","templated":true}]}}