{"id":2408,"date":"2026-03-27T14:41:52","date_gmt":"2026-03-27T14:41:52","guid":{"rendered":"https:\/\/moulindecharrier.com\/must-see-sites\/"},"modified":"2026-04-28T13:55:40","modified_gmt":"2026-04-28T13:55:40","slug":"must-see-sites","status":"publish","type":"page","link":"https:\/\/moulindecharrier.com\/en\/must-see-sites\/","title":{"rendered":"Must-see sites"},"content":{"rendered":"<p>[et_pb_section fb_built=&#8221;1&#8243; _builder_version=&#8221;4.27.6&#8243; _module_preset=&#8221;default&#8221; background_color=&#8221;#edf0df&#8221; global_colors_info=&#8221;{}&#8221;][et_pb_row _builder_version=&#8221;4.27.6&#8243; _module_preset=&#8221;default&#8221; global_colors_info=&#8221;{}&#8221;][et_pb_column type=&#8221;4_4&#8243; _builder_version=&#8221;4.27.6&#8243; _module_preset=&#8221;default&#8221; global_colors_info=&#8221;{}&#8221;][et_pb_heading title=&#8221;Must-see sites&#8221; _builder_version=&#8221;4.27.6&#8243; _module_preset=&#8221;default&#8221; title_font=&#8221;|||on|||||&#8221; title_text_align=&#8221;center&#8221; title_text_color=&#8221;#363836&#8243; title_font_size=&#8221;60px&#8221; hover_enabled=&#8221;0&#8243; title_font_size_tablet=&#8221;60px&#8221; title_font_size_phone=&#8221;47px&#8221; title_font_size_last_edited=&#8221;on|tablet&#8221; global_colors_info=&#8221;{}&#8221; sticky_enabled=&#8221;0&#8243;][\/et_pb_heading][et_pb_text _builder_version=&#8221;4.27.6&#8243; _module_preset=&#8221;default&#8221; text_font=&#8221;&#8211;et_global_body_font|600||on|||||&#8221; text_text_color=&#8221;#17181a&#8221; text_font_size=&#8221;25px&#8221; text_letter_spacing=&#8221;2px&#8221; text_orientation=&#8221;center&#8221; hover_enabled=&#8221;0&#8243; global_colors_info=&#8221;{}&#8221; text_font_size_last_edited=&#8221;on|phone&#8221; sticky_enabled=&#8221;0&#8243; text_font_size_phone=&#8221;22px&#8221; text_font_size_tablet=&#8221;25px&#8221;]<\/p>\n<p>Discovering the treasures of the Ard\u00e8che Mountains<\/p>\n<p>[\/et_pb_text][et_pb_text _builder_version=&#8221;4.27.6&#8243; _module_preset=&#8221;default&#8221; text_font=&#8221;&#8211;et_global_body_font|500|||||||&#8221; text_text_color=&#8221;#17181a&#8221; text_orientation=&#8221;center&#8221; global_colors_info=&#8221;{}&#8221;]<\/p>\n<p>Nestled in the heart of the Ard\u00e8che Mountains, Labastide-sur-B\u00e9sorgues is an ideal starting point for exploring one of the wildest and most preserved regions of Southern France. With its deep valleys, ancient volcanoes, charming villages, and crystal-clear rivers, the surroundings offer a wide variety of landscapes and experiences to discover within an hour&#8217;s drive. <\/p>\n<p>[\/et_pb_text][et_pb_button button_url=&#8221;https:\/\/www.aubenas-vals.com\/&#8221; url_new_window=&#8221;on&#8221; button_text=&#8221;the local tourist office&#8221; button_alignment=&#8221;center&#8221; _builder_version=&#8221;4.27.6&#8243; _module_preset=&#8221;default&#8221; custom_button=&#8221;on&#8221; button_text_color=&#8221;#FFFFFF&#8221; button_bg_color=&#8221;#c24f2e&#8221; button_border_width=&#8221;11px&#8221; button_border_color=&#8221;#c24f2e&#8221; button_border_radius=&#8221;3px&#8221; button_font=&#8221;|600|||||||&#8221; button_use_icon=&#8221;off&#8221; background_layout=&#8221;dark&#8221; global_colors_info=&#8221;{}&#8221; button_bg_color__hover=&#8221;#b73d00&#8243; button_bg_color__hover_enabled=&#8221;on|hover&#8221; button_border_color__hover=&#8221;#b73d00&#8243; button_border_color__hover_enabled=&#8221;on|hover&#8221;][\/et_pb_button][\/et_pb_column][\/et_pb_row][\/et_pb_section][et_pb_section fb_built=&#8221;1&#8243; disabled_on=&#8221;on|off|off&#8221; _builder_version=&#8221;4.27.6&#8243; _module_preset=&#8221;default&#8221; background_color=&#8221;RGBA(255,255,255,0)&#8221; z_index=&#8221;1&#8243; custom_margin=&#8221;-150px||-200px||false|false&#8221; custom_margin_tablet=&#8221;250px||-200px|-80px|false|false&#8221; custom_margin_phone=&#8221;-200px||0px|-80px|false|false&#8221; custom_margin_last_edited=&#8221;off|desktop&#8221; custom_padding=&#8221;||||false|false&#8221; scroll_vertical_motion_enable=&#8221;on&#8221; scroll_vertical_motion=&#8221;0|11|11|100|0|0|-0.5&#8243; scroll_fade_enable=&#8221;on&#8221; scroll_fade=&#8221;0|75|75|100|0|100|100&#8243; motion_trigger_start=&#8221;bottom&#8221; global_colors_info=&#8221;{}&#8221;][et_pb_row _builder_version=&#8221;4.27.6&#8243; _module_preset=&#8221;default&#8221; module_alignment=&#8221;left&#8221; global_colors_info=&#8221;{}&#8221;][et_pb_column type=&#8221;4_4&#8243; _builder_version=&#8221;4.27.6&#8243; _module_preset=&#8221;default&#8221; global_colors_info=&#8221;{}&#8221;][et_pb_image src=&#8221;https:\/\/moulindecharrier.com\/wp-content\/uploads\/2026\/03\/dessin-chardon.png&#8221; alt=&#8221;Thistle illustration&#8221; title_text=&#8221;thistle drawing&#8221; disabled_on=&#8221;on|off|off&#8221; _builder_version=&#8221;4.27.6&#8243; _module_preset=&#8221;default&#8221; custom_margin=&#8221;||-200px||false|false&#8221; scroll_vertical_motion=&#8221;0|50|50|100|1|0|0&#8243; global_colors_info=&#8221;{}&#8221;][\/et_pb_image][\/et_pb_column][\/et_pb_row][\/et_pb_section][et_pb_section fb_built=&#8221;1&#8243; disabled_on=&#8221;off|off|off&#8221; module_class=&#8221;section-menu-lateral&#8221; _builder_version=&#8221;4.27.6&#8243; _module_preset=&#8221;default&#8221; global_module=&#8221;542&#8243; saved_tabs=&#8221;all&#8221; global_colors_info=&#8221;{}&#8221;][\/et_pb_section][et_pb_section fb_built=&#8221;1&#8243; custom_padding_last_edited=&#8221;off|phone&#8221; _builder_version=&#8221;4.27.6&#8243; _module_preset=&#8221;default&#8221; background_color=&#8221;#edf0df&#8221; custom_margin=&#8221;0px||0px||false|false&#8221; custom_margin_phone=&#8221;0px||||false|false&#8221; custom_margin_last_edited=&#8221;off|phone&#8221; custom_padding=&#8221;0px||0px||false|false&#8221; hover_enabled=&#8221;0&#8243; global_colors_info=&#8221;{}&#8221; sticky_enabled=&#8221;0&#8243;][et_pb_row _builder_version=&#8221;4.27.6&#8243; _module_preset=&#8221;default&#8221; hover_enabled=&#8221;0&#8243; global_colors_info=&#8221;{}&#8221; max_width=&#8221;100%&#8221; sticky_enabled=&#8221;0&#8243;][et_pb_column type=&#8221;4_4&#8243; _builder_version=&#8221;4.27.6&#8243; _module_preset=&#8221;default&#8221; global_colors_info=&#8221;{}&#8221;][et_pb_gallery gallery_ids=&#8221;2409,2410,2411,2412,2413&#8243; fullwidth=&#8221;on&#8221; module_class=&#8221;galerie-sites&#8221; _builder_version=&#8221;4.27.6&#8243; _module_preset=&#8221;default&#8221; width=&#8221;63%&#8221; module_alignment=&#8221;center&#8221; hover_enabled=&#8221;0&#8243; global_colors_info=&#8221;{}&#8221; width_last_edited=&#8221;on|phone&#8221; sticky_enabled=&#8221;0&#8243; width_phone=&#8221;100%&#8221; width_tablet=&#8221;63%&#8221;][\/et_pb_gallery][\/et_pb_column][\/et_pb_row][\/et_pb_section][et_pb_section fb_built=&#8221;1&#8243; module_class=&#8221;accueil-velo&#8221; _builder_version=&#8221;4.27.6&#8243; _module_preset=&#8221;default&#8221; custom_margin=&#8221;0px||||false|false&#8221; custom_padding=&#8221;0px||||false|false&#8221; global_colors_info=&#8221;{}&#8221;][et_pb_row column_structure=&#8221;1_2,1_2&#8243; _builder_version=&#8221;4.27.6&#8243; _module_preset=&#8221;default&#8221; custom_margin=&#8221;0px||||false|false&#8221; custom_padding=&#8221;0px||||false|false&#8221; custom_css_free_form=&#8221;\/* Section accueil v\u00e9lo *\/||.accueil-velo {||  background-color: #edf0df !important;||  padding-top: 60px !important;||  padding-bottom: 60px !important;||}||||.accueil-velo ul {||  list-style: none !important;||  padding-left: 0 !important;||}||||.accueil-velo ul li {||  padding-left: 24px !important;||  position: relative !important;||  margin-bottom: 12px !important;||  font-family: &#8216;Raleway&#8217;, sans-serif !important;||  font-weight: medium;||  font-size: 19px !important;||  color: #444444 !important;||  line-height: 1.5 !important;||}||||\/* Fl\u00e8che devant chaque item *\/||.accueil-velo ul li:before {||  content: &#8216;\u2192&#8217; !important;||  position: absolute !important;||  left: 0 !important;||  color: #3d5a47 !important;||}||||@media (max-width: 767px) {||  .accueil-velo .et_pb_row {||    flex-direction: column !important;||  }||||  .accueil-velo .et_pb_column {||    width: 100% !important;||    margin-bottom: 20px !important;||  }||}&#8221; global_colors_info=&#8221;{}&#8221;][et_pb_column type=&#8221;1_2&#8243; _builder_version=&#8221;4.27.6&#8243; _module_preset=&#8221;default&#8221; global_colors_info=&#8221;{}&#8221;][et_pb_text _builder_version=&#8221;4.27.6&#8243; _module_preset=&#8221;default&#8221; global_colors_info=&#8221;{}&#8221;]<\/p>\n<p><strong>ACCESSIBLE BY CAR<\/strong><\/p>\n<ul>\n<li><a href=\"https:\/\/sourcesvolcans.com\/tour-horloge-burzet\" target=\"_blank\" rel=\"noopener\">Burzet Village<\/a> and its clock tower (15 min)<\/li>\n<li>Picturesque village of Jean Ferrat: <a href=\"https:\/\/www.ardeche-guide.com\/decouvrir\/top-10-des-experiences-incontournables\/villages-caractere\/antraigues-sur-volane\/\" target=\"_blank\" rel=\"noopener\">Antra\u00efgues sur Volane<\/a> (18 min)<\/li>\n<li><a href=\"https:\/\/sourcesvolcans.com\/ecomusee-du-moulinage\" target=\"_blank\" rel=\"noopener\">Chirols Silk Mill Ecomuseum<\/a> (25 min)<\/li>\n<li><a href=\"https:\/\/www.thermesdevals.com\/\" target=\"_blank\" rel=\"noopener\">Vals-les-Bains Thermal Baths<\/a> (25 min)<\/li>\n<li>Donkey trekking (30 min away): <a href=\"https:\/\/lecoudoulet.fr\/bienvenue.html\" target=\"_blank\" rel=\"noopener\">Le Coudoulet<\/a> <\/li>\n<li><a href=\"https:\/\/lecoudoulet.fr\/bienvenue.html\" target=\"_blank\" rel=\"noopener\"><\/a><a href=\"https:\/\/www.ardeche-guide.com\/decouvrir\/top-10-des-lieux-a-%20%20explorer\/cascade-ray-pic\/\" target=\"_blank\" rel=\"noopener\">Ray-Pic Waterfall<\/a> (30 min)<\/li>\n<li>Panoramic view \u2013 <a href=\"https:\/\/www.ardeche-guide.com\/nature\/vue-panoramique-table-dorientation-de-mezilhac-437580\/\" target=\"_blank\" rel=\"noopener\">M\u00e9zilhac Orientation Table<\/a> (30 min)<\/li>\n<li><a href=\"https:\/\/www.montagnedardeche.com\/mont-gerbier-de-jonc\/\" target=\"_blank\" rel=\"noopener\">Mont Gerbier de Jonc<\/a> (35 min)<br \/><a href=\"https:\/\/www.montagnedardeche.com\/mont-gerbier-de-jonc\/\" target=\"_blank\" p=\"\" rel=\"noopener\"><\/a><\/li>\n<li><a href=\"https:\/\/www.parc-monts-ardeche.fr\/geoparc-%20unesco\/decouvrir-le-geopark\/decouvrir-les-geosites\/les-jeunes-volcans-dardeche\/coupe-de-jaujac-et-%20sa-coulee-basaltique\/\" target=\"_blank\" rel=\"noopener\">Jaujac Crater and its Basalt Flow<\/a> (35 min)<\/li>\n<\/ul>\n<p>[\/et_pb_text][\/et_pb_column][et_pb_column type=&#8221;1_2&#8243; _builder_version=&#8221;4.27.6&#8243; _module_preset=&#8221;default&#8221; global_colors_info=&#8221;{}&#8221;][et_pb_text _builder_version=&#8221;4.27.6&#8243; _module_preset=&#8221;default&#8221; global_colors_info=&#8221;{}&#8221;]<\/p>\n<ul>\n<li>Charming village with sandstone houses and a medieval church: <a href=\"https:\/\/www.ardeche-guide.com\/decouvrir\/top-10-des-experiences-incontournables\/villages-%20caractere\/ailhon\/\" target=\"_blank\" rel=\"noopener\">Ailhon<\/a> (40 min)<\/li>\n<li>One of France&#8217;s most beautiful villages: <a href=\"https:\/\/www.les-plus-beaux-villages-de-france.org\/fr\/nos-villages\/vogue\/\" target=\"_blank\" rel=\"noopener\">Vogu\u00eb<\/a> (45 min)<\/li>\n<li><a href=\"https:\/\/www.mezencloiremeygal.com\/\" target=\"_blank\" rel=\"noopener\">Les Estables Village<\/a> (45 min)<\/li>\n<li>Charming medieval village: <a href=\"https:\/\/www.tourisme-valdeligne.fr\/decouvrir\/les-incontournables\/chassiers-village-de-caractere\/\" target=\"_blank\" rel=\"noopener\">Chassiers<\/a> (50 min)<\/li>\n<li><a href=\"https:\/\/www.aubenas-vals.com\/redecouvrir\/les-incontournables\/les-plus-beaux-sommets-de-lardeche-%20secrete\/ascension-du-rocher-de-faux-fay\/\" target=\"_blank\" rel=\"noopener\">Ascent of Rocher de Faux Fay<\/a> for a breathtaking view of Labastide-sur-B\u00e9sorgues (50 min)<\/li>\n<li>One of France&#8217;s most beautiful villages: <a href=\"https:\/\/www.les-plus-beaux-villages-de-france.org\/fr\/nos-villages\/balazuc\/\" target=\"_blank\" rel=\"noopener\">Balazuc<\/a> (50 min)<\/li>\n<li><a href=\"https:\/\/www.montagnedardeche.com\/mont-mezenc\/\" target=\"_blank\" rel=\"noopener\">Mont M\u00e9zenc<\/a> (54 min)<\/li>\n<li>Horseback riding (55 min away): <a href=\"https:\/\/www.cheval-ardeche.fr\/\" target=\"_blank\" rel=\"noopener\">L&#8217;\u00c9peron<\/a><\/li>\n<\/ul>\n<p>[\/et_pb_text][\/et_pb_column][\/et_pb_row][\/et_pb_section][et_pb_section fb_built=&#8221;1&#8243; custom_padding_last_edited=&#8221;on|phone&#8221; module_class=&#8221;section-hebergements&#8221; _builder_version=&#8221;4.27.6&#8243; _module_preset=&#8221;default&#8221; background_color=&#8221;#c7ccad&#8221; height=&#8221;380px&#8221; custom_margin=&#8221;||0px||false|false&#8221; custom_padding=&#8221;80px||0px||false|false&#8221; global_module=&#8221;1999&#8243; saved_tabs=&#8221;all&#8221; global_colors_info=&#8221;{}&#8221; custom_padding_tablet=&#8221;80px||0px||false|false&#8221; custom_padding_phone=&#8221;80px||0px||false|false&#8221;][et_pb_row _builder_version=&#8221;4.27.6&#8243; _module_preset=&#8221;default&#8221; module_alignment=&#8221;center&#8221; custom_margin=&#8221;||50px||false|false&#8221; global_colors_info=&#8221;{}&#8221;][et_pb_column type=&#8221;4_4&#8243; _builder_version=&#8221;4.27.6&#8243; _module_preset=&#8221;default&#8221; global_colors_info=&#8221;{}&#8221;][et_pb_heading title=&#8221;OUR ACCOMMODATION&#8221; _builder_version=&#8221;4.27.6&#8243; _module_preset=&#8221;default&#8221; title_level=&#8221;h2&#8243; title_text_align=&#8221;center&#8221; title_text_color=&#8221;#FFFFFF&#8221; module_alignment=&#8221;center&#8221; custom_margin=&#8221;||0px||false|false&#8221; custom_padding=&#8221;||0px||false|false&#8221; title_font_size_tablet=&#8221;&#8221; title_font_size_phone=&#8221;38px&#8221; title_font_size_last_edited=&#8221;on|phone&#8221; global_colors_info=&#8221;{}&#8221;][\/et_pb_heading][\/et_pb_column][\/et_pb_row][et_pb_row column_structure=&#8221;1_4,1_4,1_4,1_4&#8243; use_custom_gutter=&#8221;on&#8221; gutter_width=&#8221;2&#8243; make_equal=&#8221;on&#8221; module_class=&#8221;hebergements&#8221; _builder_version=&#8221;4.27.6&#8243; _module_preset=&#8221;default&#8221; module_alignment=&#8221;center&#8221; min_height=&#8221;439px&#8221; height=&#8221;439px&#8221; max_height=&#8221;439px&#8221; custom_margin=&#8221;||||false|false&#8221; custom_padding=&#8221;||450px||false|false&#8221; scroll_fade_enable=&#8221;on&#8221; scroll_fade=&#8221;0|12|12|30|0|100|100&#8243; custom_css_main_element=&#8221;margin-bottom: -80px;||position: relative;||z-index: 10;&#8221; global_colors_info=&#8221;{}&#8221;][et_pb_column type=&#8221;1_4&#8243; _builder_version=&#8221;4.27.6&#8243; _module_preset=&#8221;default&#8221; global_colors_info=&#8221;{}&#8221;][et_pb_blurb title=&#8221;THE GROUP COTTAGE&#8221; alt=&#8221;The group cottage of Moulin de Charrier&#8221; _builder_version=&#8221;4.27.6&#8243; _dynamic_attributes=&#8221;link_option_url&#8221; _module_preset=&#8221;default&#8221; background_image=&#8221;https:\/\/moulindecharrier.com\/wp-content\/uploads\/2026\/03\/photo-hebergement-gitedegroupe.jpg&#8221; link_option_url=&#8221;@ET-DC@eyJkeW5hbWljIjp0cnVlLCJjb250ZW50IjoicG9zdF9saW5rX3VybF9wYWdlIiwic2V0dGluZ3MiOnsicG9zdF9pZCI6IjgxOCJ9fQ==@&#8221; border_style_all_image=&#8221;none&#8221; global_colors_info=&#8221;{}&#8221;]<\/p>\n<p>A 160 m\u00b2 space over 2 floors in a preserved setting.<\/p>\n<p>[\/et_pb_blurb][\/et_pb_column][et_pb_column type=&#8221;1_4&#8243; _builder_version=&#8221;4.27.6&#8243; _module_preset=&#8221;default&#8221; global_colors_info=&#8221;{}&#8221;][et_pb_blurb title=&#8221;The bed &amp; breakfast rooms&#8221; alt=&#8221;The guest rooms of Moulin de Charrier&#8221; _builder_version=&#8221;4.27.6&#8243; _dynamic_attributes=&#8221;link_option_url&#8221; _module_preset=&#8221;default&#8221; background_image=&#8221;https:\/\/moulindecharrier.com\/wp-content\/uploads\/2026\/03\/photo-hebergement-chambredhote.jpg&#8221; link_option_url=&#8221;@ET-DC@eyJkeW5hbWljIjp0cnVlLCJjb250ZW50IjoicG9zdF9saW5rX3VybF9wYWdlIiwic2V0dGluZ3MiOnsicG9zdF9pZCI6IjExODAifX0=@&#8221; border_style_all_image=&#8221;none&#8221; global_colors_info=&#8221;{}&#8221;]<\/p>\n<p>Comfortable and individually styled, each with its own shower.<\/p>\n<p>[\/et_pb_blurb][\/et_pb_column][et_pb_column type=&#8221;1_4&#8243; _builder_version=&#8221;4.27.6&#8243; _module_preset=&#8221;default&#8221; global_colors_info=&#8221;{}&#8221;][et_pb_blurb title=&#8221;Hut&#8221; alt=&#8221;The hut of Moulin de Charrier&#8221; _builder_version=&#8221;4.27.6&#8243; _dynamic_attributes=&#8221;link_option_url&#8221; _module_preset=&#8221;default&#8221; use_background_color_gradient=&#8221;on&#8221; background_color_gradient_stops=&#8221;rgba(0,0,0,0) 0%|rgba(0,0,0,0.82) 99%&#8221; background_image=&#8221;https:\/\/moulindecharrier.com\/wp-content\/uploads\/2026\/03\/photo-hebergement-paillote.jpg&#8221; link_option_url=&#8221;@ET-DC@eyJkeW5hbWljIjp0cnVlLCJjb250ZW50IjoicG9zdF9saW5rX3VybF9wYWdlIiwic2V0dGluZ3MiOnsicG9zdF9pZCI6IjExNjAifX0=@&#8221; global_colors_info=&#8221;{}&#8221;]<\/p>\n<p>With an area of 25 m\u00b2, set on a terrace and surrounded by greenery.<\/p>\n<p>[\/et_pb_blurb][\/et_pb_column][et_pb_column type=&#8221;1_4&#8243; _builder_version=&#8221;4.27.6&#8243; _module_preset=&#8221;default&#8221; global_colors_info=&#8221;{}&#8221;][et_pb_blurb title=&#8221;THE CAMPSITE&#8221; alt=&#8221;The hut of Moulin de Charrier&#8221; _builder_version=&#8221;4.27.6&#8243; _dynamic_attributes=&#8221;link_option_url&#8221; _module_preset=&#8221;default&#8221; use_background_color_gradient=&#8221;on&#8221; background_color_gradient_stops=&#8221;rgba(0,0,0,0) 0%|rgba(0,0,0,0.82) 99%&#8221; background_image=&#8221;https:\/\/moulindecharrier.com\/wp-content\/uploads\/2026\/03\/photo-hebergement-camping-1.jpg&#8221; link_option_url=&#8221;@ET-DC@eyJkeW5hbWljIjp0cnVlLCJjb250ZW50IjoicG9zdF9saW5rX3VybF9wYWdlIiwic2V0dGluZ3MiOnsicG9zdF9pZCI6IjEyNzkifX0=@&#8221; global_colors_info=&#8221;{}&#8221;]<\/p>\n<p><span>A shaded natural area over one hectare on the riverbank.<\/span><\/p>\n<p>[\/et_pb_blurb][\/et_pb_column][\/et_pb_row][\/et_pb_section][et_pb_section fb_built=&#8221;1&#8243; _builder_version=&#8221;4.27.6&#8243; _module_preset=&#8221;default&#8221; background_color=&#8221;RGBA(255,255,255,0)&#8221; custom_margin=&#8221;300px||||false|false&#8221; custom_margin_tablet=&#8221;1500px||||false|false&#8221; custom_margin_phone=&#8221;1500px||||false|false&#8221; custom_margin_last_edited=&#8221;on|phone&#8221; global_colors_info=&#8221;{}&#8221;][et_pb_row _builder_version=&#8221;4.27.6&#8243; _module_preset=&#8221;default&#8221; global_colors_info=&#8221;{}&#8221;][et_pb_column type=&#8221;4_4&#8243; _builder_version=&#8221;4.27.6&#8243; _module_preset=&#8221;default&#8221; global_colors_info=&#8221;{}&#8221;][\/et_pb_column][\/et_pb_row][\/et_pb_section]<\/p>\n","protected":false},"excerpt":{"rendered":"<p>Discovering the treasures of the Ard\u00e8che MountainsNestled in the heart of the Ard\u00e8che Mountains, Labastide-sur-B\u00e9sorgues is an ideal starting point for exploring one of the wildest and most preserved regions of Southern France. With its deep valleys, ancient volcanoes, charming villages, and crystal-clear rivers, the surroundings offer a wide variety of landscapes and experiences to [&hellip;]<\/p>\n","protected":false},"author":1,"featured_media":0,"parent":0,"menu_order":0,"comment_status":"closed","ping_status":"closed","template":"","meta":{"_et_pb_use_builder":"on","_et_pb_old_content":"","_et_gb_content_width":"","footnotes":""},"class_list":["post-2408","page","type-page","status-publish","hentry"],"_links":{"self":[{"href":"https:\/\/moulindecharrier.com\/en\/wp-json\/wp\/v2\/pages\/2408","targetHints":{"allow":["GET"]}}],"collection":[{"href":"https:\/\/moulindecharrier.com\/en\/wp-json\/wp\/v2\/pages"}],"about":[{"href":"https:\/\/moulindecharrier.com\/en\/wp-json\/wp\/v2\/types\/page"}],"author":[{"embeddable":true,"href":"https:\/\/moulindecharrier.com\/en\/wp-json\/wp\/v2\/users\/1"}],"replies":[{"embeddable":true,"href":"https:\/\/moulindecharrier.com\/en\/wp-json\/wp\/v2\/comments?post=2408"}],"version-history":[{"count":6,"href":"https:\/\/moulindecharrier.com\/en\/wp-json\/wp\/v2\/pages\/2408\/revisions"}],"predecessor-version":[{"id":3200,"href":"https:\/\/moulindecharrier.com\/en\/wp-json\/wp\/v2\/pages\/2408\/revisions\/3200"}],"wp:attachment":[{"href":"https:\/\/moulindecharrier.com\/en\/wp-json\/wp\/v2\/media?parent=2408"}],"curies":[{"name":"wp","href":"https:\/\/api.w.org\/{rel}","templated":true}]}}