{"id":2440,"date":"2026-04-07T16:33:18","date_gmt":"2026-04-07T16:33:18","guid":{"rendered":"https:\/\/moulindecharrier.com\/our-commitments\/"},"modified":"2026-04-28T12:23:12","modified_gmt":"2026-04-28T12:23:12","slug":"our-commitments","status":"publish","type":"page","link":"https:\/\/moulindecharrier.com\/en\/our-commitments\/","title":{"rendered":"Our Commitments"},"content":{"rendered":"<p>[et_pb_section fb_built=&#8221;1&#8243; _builder_version=&#8221;4.27.6&#8243; _module_preset=&#8221;default&#8221; background_color=&#8221;#edf0df&#8221; global_colors_info=&#8221;{}&#8221;][et_pb_row _builder_version=&#8221;4.27.6&#8243; _module_preset=&#8221;default&#8221; global_colors_info=&#8221;{}&#8221;][et_pb_column type=&#8221;4_4&#8243; _builder_version=&#8221;4.27.6&#8243; _module_preset=&#8221;default&#8221; global_colors_info=&#8221;{}&#8221;][et_pb_heading title=&#8221;Our Commitments&#8221; _builder_version=&#8221;4.27.6&#8243; _module_preset=&#8221;default&#8221; title_font=&#8221;|||on|||||&#8221; title_text_align=&#8221;center&#8221; title_text_color=&#8221;#363836&#8243; title_font_size=&#8221;60px&#8221; hover_enabled=&#8221;0&#8243; title_font_size_tablet=&#8221;60px&#8221; title_font_size_phone=&#8221;44px&#8221; title_font_size_last_edited=&#8221;on|phone&#8221; global_colors_info=&#8221;{}&#8221; sticky_enabled=&#8221;0&#8243;][\/et_pb_heading][et_pb_text _builder_version=&#8221;4.27.6&#8243; _module_preset=&#8221;default&#8221; text_font=&#8221;&#8211;et_global_body_font|500|||||||&#8221; text_text_color=&#8221;#17181a&#8221; text_orientation=&#8221;center&#8221; global_colors_info=&#8221;{}&#8221;]<\/p>\n<p class=\"p1\">At Le Moulin de Charrier, everything begins with a history-laden place, nestled in the heart of an unspoilt environment. Here, every stone, every terrace tells of a deep connection with nature and the traditional crafts of the past. Our labels and partnerships recognise this commitment to a more respectful, more human form of tourism.<br \/>Staying at the mill is also a living, tangible experience. In spring 2026, Christophe will breathe new life into several terraces by growing seasonal vegetables, which you will be able to find directly on your plate. In summer, F\u00e9licie will introduce you to a flavourful cuisine, prepared mainly from local and\/or organic produce.<br \/>And because Le Moulin de Charrier is above all a place to be shared, Bernard and Christophe will also invite you to explore its history and how it works. A visit that immerses you in the soul of the place, between heritage, nature and the gestures of a bygone era.<br \/>Here, time slows down, encounters become meaningful, and every stay becomes an authentic experience, as close as possible to what truly matters.     <\/p>\n<p>[\/et_pb_text][et_pb_blurb title=&#8221;G\u00eetes de France&#8221; image=&#8221;https:\/\/moulindecharrier.com\/wp-content\/uploads\/2026\/04\/macaron-gite-de-france-3-epis.png&#8221; alt=&#8221;G\u00eetes de France 3 \u00e9pis&#8221; image_icon_width=&#8221;42%&#8221; content_max_width=&#8221;80%&#8221; image_icon_width_tablet=&#8221;58%&#8221; image_icon_width_phone=&#8221;58%&#8221; image_icon_width_last_edited=&#8221;on|phone&#8221; content_max_width_tablet=&#8221;100%&#8221; content_max_width_phone=&#8221;100%&#8221; content_max_width_last_edited=&#8221;on|phone&#8221; _builder_version=&#8221;4.27.6&#8243; _module_preset=&#8221;default&#8221; header_text_align=&#8221;center&#8221; text_orientation=&#8221;center&#8221; custom_margin=&#8221;100px||||false|false&#8221; custom_margin_tablet=&#8221;100px||||false|false&#8221; custom_margin_phone=&#8221;100px||||false|false&#8221; custom_margin_last_edited=&#8221;on|tablet&#8221; header_font_size_tablet=&#8221;&#8221; header_font_size_phone=&#8221;37px&#8221; header_font_size_last_edited=&#8221;on|tablet&#8221; global_colors_info=&#8221;{}&#8221;]<\/p>\n<p><span>Our stopover and holiday accommodation is awarded 3 ears of corn by \u201cG\u00eetes de France\u201d .Notre g\u00eete d\u2019\u00e9tape et de s\u00e9jour est labellis\u00e9 <\/span><strong>3 \u00e9pis<\/strong><span> \u00ab G\u00eetes de France \u00bb .<\/span><\/p>\n<p>[\/et_pb_blurb][et_pb_blurb title=&#8221;French Hiking Federation&#8221; image=&#8221;https:\/\/moulindecharrier.com\/wp-content\/uploads\/2026\/04\/logo-ffrandonee.png&#8221; alt=&#8221;Logo FF Randon\u00e9e Ard\u00e8che&#8221; image_icon_width=&#8221;42%&#8221; content_max_width=&#8221;80%&#8221; image_icon_width_tablet=&#8221;58%&#8221; image_icon_width_phone=&#8221;58%&#8221; image_icon_width_last_edited=&#8221;on|phone&#8221; content_max_width_tablet=&#8221;100%&#8221; content_max_width_phone=&#8221;100%&#8221; content_max_width_last_edited=&#8221;on|phone&#8221; _builder_version=&#8221;4.27.6&#8243; _module_preset=&#8221;default&#8221; header_text_align=&#8221;center&#8221; text_orientation=&#8221;center&#8221; custom_margin=&#8221;100px||||false|false&#8221; custom_margin_tablet=&#8221;100px||||false|false&#8221; custom_margin_phone=&#8221;100px||||false|false&#8221; custom_margin_last_edited=&#8221;on|tablet&#8221; header_font_size_tablet=&#8221;&#8221; header_font_size_phone=&#8221;37px&#8221; header_font_size_last_edited=&#8221;on|tablet&#8221; global_colors_info=&#8221;{}&#8221;]<\/p>\n<p>Affiliated with the <a href=\"https:\/\/ardeche.ffrandonnee.fr\" target=\"_blank\" rel=\"noopener\">French Hiking Federation<\/a> (F\u00e9d\u00e9ration Fran\u00e7aise de Randonn\u00e9e), Le Moulin de Charrier is an ideal stopover for walkers in search of authenticity and tranquillity. Close to numerous marked trails, the mill offers a privileged setting to rest, recharge and discover the rich heritage of the Ard\u00e8che. Whether you are an avid hiker or simply a nature lover, you will find a warm welcome and a perfect starting point for exploring the surrounding landscapes. <\/p>\n<p>[\/et_pb_blurb][et_pb_blurb title=&#8221;Accommodation for Anglers&#8221; image=&#8221;https:\/\/moulindecharrier.com\/wp-content\/uploads\/2026\/04\/logo-hebergementpeche.png&#8221; alt=&#8221;Logo Fishing Accommodation&#8221; image_icon_width=&#8221;42%&#8221; content_max_width=&#8221;80%&#8221; image_icon_width_tablet=&#8221;58%&#8221; image_icon_width_phone=&#8221;58%&#8221; image_icon_width_last_edited=&#8221;on|desktop&#8221; content_max_width_tablet=&#8221;100%&#8221; content_max_width_phone=&#8221;100%&#8221; content_max_width_last_edited=&#8221;on|desktop&#8221; _builder_version=&#8221;4.27.6&#8243; _module_preset=&#8221;default&#8221; header_text_align=&#8221;center&#8221; text_orientation=&#8221;center&#8221; custom_margin=&#8221;100px||||false|false&#8221; custom_margin_tablet=&#8221;100px||||false|false&#8221; custom_margin_phone=&#8221;100px||||false|false&#8221; custom_margin_last_edited=&#8221;on|tablet&#8221; header_font_size_tablet=&#8221;&#8221; header_font_size_phone=&#8221;37px&#8221; header_font_size_last_edited=&#8221;on|phone&#8221; global_colors_info=&#8221;{}&#8221;]<\/p>\n<p>The Ard\u00e8che remains one of the essential destinations for fishing. Come and find your happiness along the Besorgues, a first-category mountain river (<a href=\"https:\/\/www.peche-ardeche.com\/images\/pdf\/R%C3%A9glementation_2025\/CARTAPLI-FD07-HD-FOMBON-2025.pdf\" class=\"mtli_attachment mtli_pdf\" target=\"_blank\" rel=\"noopener noreferrer\">see the waterways map<\/a>) where the use of a maximum of two single barbless hooks with a landing net is mandatory. From the second Saturday in March to the third Sunday in September inclusive, the Besorgues offers catch-and-release sections (all fish caught must be immediately returned to the water), allowing you to discover magnificent and surprising landscapes!<\/p>\n<p>[\/et_pb_blurb][et_pb_button button_url=&#8221;https:\/\/www.peche-ardeche.com\/guides-de-peche.html&#8221; url_new_window=&#8221;on&#8221; button_text=&#8221;Fishing guides&#8221; button_alignment=&#8221;center&#8221; _builder_version=&#8221;4.27.6&#8243; _module_preset=&#8221;default&#8221; custom_button=&#8221;on&#8221; button_bg_color=&#8221;#c24f2e&#8221; button_border_width=&#8221;11px&#8221; button_border_color=&#8221;#c24f2e&#8221; button_font=&#8221;&#8211;et_global_body_font|600|||||||&#8221; button_use_icon=&#8221;off&#8221; background_layout=&#8221;dark&#8221; button_text_size_tablet=&#8221;&#8221; button_text_size_phone=&#8221;16px&#8221; button_text_size_last_edited=&#8221;on|phone&#8221; saved_tabs=&#8221;all&#8221; global_colors_info=&#8221;{}&#8221; button_bg_color__hover_enabled=&#8221;on|hover&#8221; button_bg_color__hover=&#8221;#b73d00&#8243; button_bg_enable_color__hover=&#8221;on&#8221; button_border_color__hover_enabled=&#8221;on|hover&#8221; button_border_color__hover=&#8221;#b73d00&#8243;][\/et_pb_button][et_pb_blurb title=&#8221;Monts d\u2019Ard\u00e8che Regional Natural Park&#8221; image=&#8221;https:\/\/moulindecharrier.com\/wp-content\/uploads\/2026\/04\/logo-parcregional.png&#8221; alt=&#8221;logo parc naturel r\u00e9gional des monts d&#039;ardeche&#8221; image_icon_width=&#8221;42%&#8221; content_max_width=&#8221;80%&#8221; image_icon_width_tablet=&#8221;58%&#8221; image_icon_width_phone=&#8221;58%&#8221; image_icon_width_last_edited=&#8221;on|phone&#8221; content_max_width_tablet=&#8221;100%&#8221; content_max_width_phone=&#8221;100%&#8221; content_max_width_last_edited=&#8221;on|phone&#8221; _builder_version=&#8221;4.27.6&#8243; _module_preset=&#8221;default&#8221; header_text_align=&#8221;center&#8221; text_orientation=&#8221;center&#8221; custom_margin=&#8221;100px||||false|false&#8221; custom_margin_tablet=&#8221;100px||||false|false&#8221; custom_margin_phone=&#8221;100px||||false|false&#8221; custom_margin_last_edited=&#8221;on|tablet&#8221; header_font_size_tablet=&#8221;&#8221; header_font_size_phone=&#8221;37px&#8221; header_font_size_last_edited=&#8221;on|tablet&#8221; global_colors_info=&#8221;{}&#8221;]<\/p>\n<p>We have been awarded the \u201cAccueil du Parc\u201d (Park Welcome) label by the <a href=\"http:\/\/www.parc-monts-ardeche.fr\/\" target=\"blank\" rel=\"noopener noreferrer\">Monts d\u2019Ard\u00e8che Regional Natural Park.<\/a><\/p>\n<p>[\/et_pb_blurb][et_pb_button button_url=&#8221;https:\/\/www.youtube.com\/watch?v=smQEeyXwcrQ&#8221; url_new_window=&#8221;on&#8221; button_text=&#8221;Discover the Monts d&apos;Ard\u00e8che&#8221; button_alignment=&#8221;center&#8221; _builder_version=&#8221;4.27.6&#8243; _module_preset=&#8221;default&#8221; custom_button=&#8221;on&#8221; button_bg_color=&#8221;#c24f2e&#8221; button_border_width=&#8221;11px&#8221; button_border_color=&#8221;#c24f2e&#8221; button_font=&#8221;&#8211;et_global_body_font|600|||||||&#8221; button_use_icon=&#8221;off&#8221; background_layout=&#8221;dark&#8221; button_text_size_tablet=&#8221;&#8221; button_text_size_phone=&#8221;16px&#8221; button_text_size_last_edited=&#8221;on|phone&#8221; saved_tabs=&#8221;all&#8221; global_colors_info=&#8221;{}&#8221; button_bg_color__hover_enabled=&#8221;on|hover&#8221; button_bg_color__hover=&#8221;#b73d00&#8243; button_bg_enable_color__hover=&#8221;on&#8221; button_border_color__hover_enabled=&#8221;on|hover&#8221; button_border_color__hover=&#8221;#b73d00&#8243;][\/et_pb_button][et_pb_blurb title=&#8221;The F\u00e9d\u00e9ration des Moulins de France&#8221; image=&#8221;https:\/\/moulindecharrier.com\/wp-content\/uploads\/2026\/04\/logo-moulins.png&#8221; alt=&#8221;logo F\u00e9d\u00e9ration des moulins de France&#8221; image_icon_width=&#8221;42%&#8221; content_max_width=&#8221;80%&#8221; image_icon_width_tablet=&#8221;58%&#8221; image_icon_width_phone=&#8221;58%&#8221; image_icon_width_last_edited=&#8221;on|phone&#8221; content_max_width_tablet=&#8221;100%&#8221; content_max_width_phone=&#8221;100%&#8221; content_max_width_last_edited=&#8221;on|phone&#8221; _builder_version=&#8221;4.27.6&#8243; _module_preset=&#8221;default&#8221; header_text_align=&#8221;center&#8221; text_orientation=&#8221;center&#8221; custom_margin=&#8221;100px||||false|false&#8221; custom_margin_tablet=&#8221;100px||||false|false&#8221; custom_margin_phone=&#8221;100px||||false|false&#8221; custom_margin_last_edited=&#8221;on|tablet&#8221; header_font_size_tablet=&#8221;&#8221; header_font_size_phone=&#8221;37px&#8221; header_font_size_last_edited=&#8221;on|tablet&#8221; global_colors_info=&#8221;{}&#8221;]<\/p>\n<p><strong>We are members of the FDMF (Federation of Mills of France)<\/strong><span> <\/span>and work together to rehabilitate the mill. We suggest you to do, during your stay, a guided tour of the mill to be agreed upon your arrival. <\/p>\n<p>We also invite you to visit us during the <strong>Journ\u00e9es Europ\u00e9ennes des Moulins<\/strong> (European Mill Days), which take place every year on the 3rd weekend of May.<\/p>\n<p>On one of these days, the Moulin de Charrier opens its doors in partnership with the <a href=\"http:\/\/www.fdmf.fr\/\" target=\"blank\" rel=\"noopener noreferrer\">F\u00e9d\u00e9ration des Moulins de France <\/a>(FDMF).<\/p>\n<p>[\/et_pb_blurb][et_pb_button button_url=&#8221;https:\/\/www.youtube.com\/watch?v=zHAZbbxaehs&#8221; url_new_window=&#8221;on&#8221; button_text=&#8221;Discover the 2026 programme&#8221; button_alignment=&#8221;center&#8221; disabled_on=&#8221;on|on|on&#8221; _builder_version=&#8221;4.27.6&#8243; _module_preset=&#8221;default&#8221; custom_button=&#8221;on&#8221; button_bg_color=&#8221;#c24f2e&#8221; button_border_width=&#8221;11px&#8221; button_border_color=&#8221;#c24f2e&#8221; button_font=&#8221;&#8211;et_global_body_font|600|||||||&#8221; button_use_icon=&#8221;off&#8221; background_layout=&#8221;dark&#8221; button_text_size_tablet=&#8221;&#8221; button_text_size_phone=&#8221;16px&#8221; button_text_size_last_edited=&#8221;on|phone&#8221; disabled=&#8221;on&#8221; saved_tabs=&#8221;all&#8221; global_colors_info=&#8221;{}&#8221; button_bg_color__hover_enabled=&#8221;on|hover&#8221; button_bg_color__hover=&#8221;#b73d00&#8243; button_bg_enable_color__hover=&#8221;on&#8221; button_border_color__hover_enabled=&#8221;on|hover&#8221; button_border_color__hover=&#8221;#b73d00&#8243;][\/et_pb_button][et_pb_button button_url=&#8221;https:\/\/www.youtube.com\/watch?v=zHAZbbxaehs&#8221; url_new_window=&#8221;on&#8221; button_text=&#8221;Watch the video of the event on May 18, 2025, at the Moulin de Charrier&#8221; button_alignment=&#8221;center&#8221; _builder_version=&#8221;4.27.6&#8243; _module_preset=&#8221;default&#8221; custom_button=&#8221;on&#8221; button_bg_color=&#8221;#c24f2e&#8221; button_border_width=&#8221;11px&#8221; button_border_color=&#8221;#c24f2e&#8221; button_font=&#8221;&#8211;et_global_body_font|600|||||||&#8221; button_use_icon=&#8221;off&#8221; background_layout=&#8221;dark&#8221; button_text_size_tablet=&#8221;&#8221; button_text_size_phone=&#8221;16px&#8221; button_text_size_last_edited=&#8221;on|phone&#8221; saved_tabs=&#8221;all&#8221; global_colors_info=&#8221;{}&#8221; button_bg_color__hover_enabled=&#8221;on|hover&#8221; button_bg_color__hover=&#8221;#b73d00&#8243; button_bg_enable_color__hover=&#8221;on&#8221; button_border_color__hover_enabled=&#8221;on|hover&#8221; button_border_color__hover=&#8221;#b73d00&#8243;][\/et_pb_button][\/et_pb_column][\/et_pb_row][\/et_pb_section][et_pb_section fb_built=&#8221;1&#8243; disabled_on=&#8221;on|off|off&#8221; _builder_version=&#8221;4.27.6&#8243; _module_preset=&#8221;default&#8221; background_color=&#8221;RGBA(255,255,255,0)&#8221; z_index=&#8221;1&#8243; custom_margin=&#8221;-800px||||false|false&#8221; custom_margin_tablet=&#8221;250px||-200px|-80px|false|false&#8221; custom_margin_phone=&#8221;-200px||0px|-80px|false|false&#8221; custom_margin_last_edited=&#8221;off|desktop&#8221; custom_padding=&#8221;||||false|false&#8221; scroll_vertical_motion_enable=&#8221;on&#8221; scroll_vertical_motion=&#8221;0|11|11|100|0|0|-0.5&#8243; scroll_fade_enable=&#8221;on&#8221; scroll_fade=&#8221;0|75|75|100|0|100|100&#8243; motion_trigger_start=&#8221;bottom&#8221; global_colors_info=&#8221;{}&#8221;][et_pb_row _builder_version=&#8221;4.27.6&#8243; _module_preset=&#8221;default&#8221; module_alignment=&#8221;right&#8221; global_colors_info=&#8221;{}&#8221;][et_pb_column type=&#8221;4_4&#8243; _builder_version=&#8221;4.27.6&#8243; _module_preset=&#8221;default&#8221; global_colors_info=&#8221;{}&#8221;][et_pb_image src=&#8221;https:\/\/moulindecharrier.com\/wp-content\/uploads\/2026\/04\/dessin-libellule.png&#8221; alt=&#8221;Drawing dragonfly- Le moulin de charrier&#8221; title_text=&#8221;drawing-dragonfly&#8221; align=&#8221;right&#8221; disabled_on=&#8221;on|off|off&#8221; _builder_version=&#8221;4.27.6&#8243; _module_preset=&#8221;default&#8221; custom_margin=&#8221;||-800px||false|false&#8221; scroll_vertical_motion=&#8221;0|50|50|100|1|0|0&#8243; global_colors_info=&#8221;{}&#8221;][\/et_pb_image][\/et_pb_column][\/et_pb_row][\/et_pb_section][et_pb_section fb_built=&#8221;1&#8243; disabled_on=&#8221;off|off|off&#8221; module_class=&#8221;section-menu-lateral&#8221; _builder_version=&#8221;4.27.6&#8243; _module_preset=&#8221;default&#8221; global_module=&#8221;542&#8243; saved_tabs=&#8221;all&#8221; global_colors_info=&#8221;{}&#8221;][\/et_pb_section][et_pb_section fb_built=&#8221;1&#8243; custom_padding_last_edited=&#8221;on|phone&#8221; module_class=&#8221;section-hebergements&#8221; _builder_version=&#8221;4.27.6&#8243; _module_preset=&#8221;default&#8221; background_color=&#8221;#c7ccad&#8221; height=&#8221;380px&#8221; custom_margin=&#8221;||0px||false|false&#8221; custom_padding=&#8221;80px||0px||false|false&#8221; global_module=&#8221;1999&#8243; saved_tabs=&#8221;all&#8221; global_colors_info=&#8221;{}&#8221; custom_padding_tablet=&#8221;80px||0px||false|false&#8221; custom_padding_phone=&#8221;80px||0px||false|false&#8221;][et_pb_row _builder_version=&#8221;4.27.6&#8243; _module_preset=&#8221;default&#8221; module_alignment=&#8221;center&#8221; custom_margin=&#8221;||50px||false|false&#8221; global_colors_info=&#8221;{}&#8221;][et_pb_column type=&#8221;4_4&#8243; _builder_version=&#8221;4.27.6&#8243; _module_preset=&#8221;default&#8221; global_colors_info=&#8221;{}&#8221;][et_pb_heading title=&#8221;OUR ACCOMMODATION&#8221; _builder_version=&#8221;4.27.6&#8243; _module_preset=&#8221;default&#8221; title_level=&#8221;h2&#8243; title_text_align=&#8221;center&#8221; title_text_color=&#8221;#FFFFFF&#8221; module_alignment=&#8221;center&#8221; custom_margin=&#8221;||0px||false|false&#8221; custom_padding=&#8221;||0px||false|false&#8221; title_font_size_tablet=&#8221;&#8221; title_font_size_phone=&#8221;38px&#8221; title_font_size_last_edited=&#8221;on|phone&#8221; global_colors_info=&#8221;{}&#8221;][\/et_pb_heading][\/et_pb_column][\/et_pb_row][et_pb_row column_structure=&#8221;1_4,1_4,1_4,1_4&#8243; use_custom_gutter=&#8221;on&#8221; gutter_width=&#8221;2&#8243; make_equal=&#8221;on&#8221; module_class=&#8221;hebergements&#8221; _builder_version=&#8221;4.27.6&#8243; _module_preset=&#8221;default&#8221; module_alignment=&#8221;center&#8221; min_height=&#8221;439px&#8221; height=&#8221;439px&#8221; max_height=&#8221;439px&#8221; custom_margin=&#8221;||||false|false&#8221; custom_padding=&#8221;||450px||false|false&#8221; scroll_fade_enable=&#8221;on&#8221; scroll_fade=&#8221;0|12|12|30|0|100|100&#8243; custom_css_main_element=&#8221;margin-bottom: -80px;||position: relative;||z-index: 10;&#8221; global_colors_info=&#8221;{}&#8221;][et_pb_column type=&#8221;1_4&#8243; _builder_version=&#8221;4.27.6&#8243; _module_preset=&#8221;default&#8221; global_colors_info=&#8221;{}&#8221;][et_pb_blurb title=&#8221;THE GROUP COTTAGE&#8221; alt=&#8221;The group cottage of Moulin de Charrier&#8221; _builder_version=&#8221;4.27.6&#8243; _dynamic_attributes=&#8221;link_option_url&#8221; _module_preset=&#8221;default&#8221; background_image=&#8221;https:\/\/moulindecharrier.com\/wp-content\/uploads\/2026\/03\/photo-hebergement-gitedegroupe.jpg&#8221; link_option_url=&#8221;@ET-DC@eyJkeW5hbWljIjp0cnVlLCJjb250ZW50IjoicG9zdF9saW5rX3VybF9wYWdlIiwic2V0dGluZ3MiOnsicG9zdF9pZCI6IjgxOCJ9fQ==@&#8221; border_style_all_image=&#8221;none&#8221; global_colors_info=&#8221;{}&#8221;]<\/p>\n<p>A 160 m\u00b2 space over 2 floors in a preserved setting.<\/p>\n<p>[\/et_pb_blurb][\/et_pb_column][et_pb_column type=&#8221;1_4&#8243; _builder_version=&#8221;4.27.6&#8243; _module_preset=&#8221;default&#8221; global_colors_info=&#8221;{}&#8221;][et_pb_blurb title=&#8221;The bed &amp; breakfast rooms&#8221; alt=&#8221;The guest rooms of Moulin de Charrier&#8221; _builder_version=&#8221;4.27.6&#8243; _dynamic_attributes=&#8221;link_option_url&#8221; _module_preset=&#8221;default&#8221; background_image=&#8221;https:\/\/moulindecharrier.com\/wp-content\/uploads\/2026\/03\/photo-hebergement-chambredhote.jpg&#8221; link_option_url=&#8221;@ET-DC@eyJkeW5hbWljIjp0cnVlLCJjb250ZW50IjoicG9zdF9saW5rX3VybF9wYWdlIiwic2V0dGluZ3MiOnsicG9zdF9pZCI6IjExODAifX0=@&#8221; border_style_all_image=&#8221;none&#8221; global_colors_info=&#8221;{}&#8221;]<\/p>\n<p>Comfortable and individually styled, each with its own shower.<\/p>\n<p>[\/et_pb_blurb][\/et_pb_column][et_pb_column type=&#8221;1_4&#8243; _builder_version=&#8221;4.27.6&#8243; _module_preset=&#8221;default&#8221; global_colors_info=&#8221;{}&#8221;][et_pb_blurb title=&#8221;Hut&#8221; alt=&#8221;The hut of Moulin de Charrier&#8221; _builder_version=&#8221;4.27.6&#8243; _dynamic_attributes=&#8221;link_option_url&#8221; _module_preset=&#8221;default&#8221; use_background_color_gradient=&#8221;on&#8221; background_color_gradient_stops=&#8221;rgba(0,0,0,0) 0%|rgba(0,0,0,0.82) 99%&#8221; background_image=&#8221;https:\/\/moulindecharrier.com\/wp-content\/uploads\/2026\/03\/photo-hebergement-paillote.jpg&#8221; link_option_url=&#8221;@ET-DC@eyJkeW5hbWljIjp0cnVlLCJjb250ZW50IjoicG9zdF9saW5rX3VybF9wYWdlIiwic2V0dGluZ3MiOnsicG9zdF9pZCI6IjExNjAifX0=@&#8221; global_colors_info=&#8221;{}&#8221;]<\/p>\n<p>With an area of 25 m\u00b2, set on a terrace and surrounded by greenery.<\/p>\n<p>[\/et_pb_blurb][\/et_pb_column][et_pb_column type=&#8221;1_4&#8243; _builder_version=&#8221;4.27.6&#8243; _module_preset=&#8221;default&#8221; global_colors_info=&#8221;{}&#8221;][et_pb_blurb title=&#8221;THE CAMPSITE&#8221; alt=&#8221;The hut of Moulin de Charrier&#8221; _builder_version=&#8221;4.27.6&#8243; _dynamic_attributes=&#8221;link_option_url&#8221; _module_preset=&#8221;default&#8221; use_background_color_gradient=&#8221;on&#8221; background_color_gradient_stops=&#8221;rgba(0,0,0,0) 0%|rgba(0,0,0,0.82) 99%&#8221; background_image=&#8221;https:\/\/moulindecharrier.com\/wp-content\/uploads\/2026\/03\/photo-hebergement-camping-1.jpg&#8221; link_option_url=&#8221;@ET-DC@eyJkeW5hbWljIjp0cnVlLCJjb250ZW50IjoicG9zdF9saW5rX3VybF9wYWdlIiwic2V0dGluZ3MiOnsicG9zdF9pZCI6IjEyNzkifX0=@&#8221; global_colors_info=&#8221;{}&#8221;]<\/p>\n<p><span>A shaded natural area over one hectare on the riverbank.<\/span><\/p>\n<p>[\/et_pb_blurb][\/et_pb_column][\/et_pb_row][\/et_pb_section][et_pb_section fb_built=&#8221;1&#8243; _builder_version=&#8221;4.27.6&#8243; _module_preset=&#8221;default&#8221; background_color=&#8221;RGBA(255,255,255,0)&#8221; custom_margin=&#8221;300px||||false|false&#8221; custom_margin_tablet=&#8221;1500px||||false|false&#8221; custom_margin_phone=&#8221;1500px||||false|false&#8221; custom_margin_last_edited=&#8221;on|phone&#8221; global_colors_info=&#8221;{}&#8221;][et_pb_row _builder_version=&#8221;4.27.6&#8243; _module_preset=&#8221;default&#8221; global_colors_info=&#8221;{}&#8221;][et_pb_column type=&#8221;4_4&#8243; _builder_version=&#8221;4.27.6&#8243; _module_preset=&#8221;default&#8221; global_colors_info=&#8221;{}&#8221;][\/et_pb_column][\/et_pb_row][\/et_pb_section]<\/p>\n","protected":false},"excerpt":{"rendered":"<p>At Le Moulin de Charrier, everything begins with a history-laden place, nestled in the heart of an unspoilt environment. Here, every stone, every terrace tells of a deep connection with nature and the traditional crafts of the past. Our labels and partnerships recognise this commitment to a more respectful, more human form of tourism.Staying at [&hellip;]<\/p>\n","protected":false},"author":1,"featured_media":0,"parent":0,"menu_order":0,"comment_status":"closed","ping_status":"closed","template":"","meta":{"_et_pb_use_builder":"on","_et_pb_old_content":"","_et_gb_content_width":"","footnotes":""},"class_list":["post-2440","page","type-page","status-publish","hentry"],"_links":{"self":[{"href":"https:\/\/moulindecharrier.com\/en\/wp-json\/wp\/v2\/pages\/2440","targetHints":{"allow":["GET"]}}],"collection":[{"href":"https:\/\/moulindecharrier.com\/en\/wp-json\/wp\/v2\/pages"}],"about":[{"href":"https:\/\/moulindecharrier.com\/en\/wp-json\/wp\/v2\/types\/page"}],"author":[{"embeddable":true,"href":"https:\/\/moulindecharrier.com\/en\/wp-json\/wp\/v2\/users\/1"}],"replies":[{"embeddable":true,"href":"https:\/\/moulindecharrier.com\/en\/wp-json\/wp\/v2\/comments?post=2440"}],"version-history":[{"count":8,"href":"https:\/\/moulindecharrier.com\/en\/wp-json\/wp\/v2\/pages\/2440\/revisions"}],"predecessor-version":[{"id":3071,"href":"https:\/\/moulindecharrier.com\/en\/wp-json\/wp\/v2\/pages\/2440\/revisions\/3071"}],"wp:attachment":[{"href":"https:\/\/moulindecharrier.com\/en\/wp-json\/wp\/v2\/media?parent=2440"}],"curies":[{"name":"wp","href":"https:\/\/api.w.org\/{rel}","templated":true}]}}